{"id":18778,"date":"2023-02-02T21:42:48","date_gmt":"2023-02-02T19:42:48","guid":{"rendered":"https:\/\/www.valenciaclimb.com\/?post_type=product&#038;p=18778"},"modified":"2026-01-08T22:52:58","modified_gmt":"2026-01-08T20:52:58","slug":"mallorca","status":"publish","type":"product","link":"https:\/\/www.valenciaclimb.com\/es\/actividad\/mallorca\/","title":{"rendered":"Mallorca, meca del psicobloc"},"content":{"rendered":"<p class=\"leader\">Organizamos un viaje de escalada deportiva y psicobloque a Mallorca para grupos reducidos para que puedas disfrutar de v\u00edas adaptadas a tu nivel y descubrir las playas m\u00e1s bonitas de esta hermosa isla espa\u00f1ola. \u00a1Nuestro gu\u00eda cualificado de escalada te mostrar\u00e1 las mejores v\u00edas y rincones para que tengas una experiencia inolvidable!<\/p>\n<h2>Destino<\/h2>\n<p class=\"leader\">La isla de Mallorca es mundialmente reconocida por el Psicobloque: escalada sin cuerda en acantilados utilizando el agua del mar como protecci\u00f3n. Para muchos, esta incre\u00edble isla no solo es el mejor destino para la pr\u00e1ctica de esta curiosa modalidad, si no que tambi\u00e9n ofrece una amplia oferta de escalada deportiva de la m\u00e1s alta calidad sobre desplomes, cuevas y chorreras. El clima es muy parecido al del Valencia, lo que favorece la escalada durante todo el a\u00f1o. Adem\u00e1s de la incre\u00edble experiencia de la escalada en roca y sobre el mar que ofrece Mallorca, su ritmo pausado y su gastronom\u00eda la convierten en un lugar muy agradable donde descubrir rincones sobrecogedores y vivir experiencias que no te dejar\u00e1n indiferente.<\/p>","protected":false},"excerpt":{"rendered":"<p>Adem\u00e1s de ser uno de los mejores destinos del mundo para el psicoloque, esta isla mediterr\u00e1nea tambi\u00e9n cuenta con sectores de escalada deportiva de gran calidad en entornos naturales de gran belleza.<\/p>\n","protected":false},"featured_media":55,"template":"","meta":{"_joinchat":[],"jetpack_publicize_message":"","jetpack_publicize_feature_enabled":true,"jetpack_social_post_already_shared":true,"jetpack_social_options":{"image_generator_settings":{"template":"highway","default_image_id":0,"font":"","enabled":false},"version":2}},"product_brand":[],"product_cat":[45,38,54,46],"product_tag":[],"class_list":{"0":"post-18778","1":"product","2":"type-product","3":"status-publish","4":"has-post-thumbnail","6":"product_cat-activities","7":"product_cat-climbing","8":"product_cat-retreats","9":"product_cat-sports","11":"first","12":"instock","13":"virtual","14":"taxable","15":"product-type-simple"},"yoast_head":"<!-- This site is optimized with the Yoast SEO plugin v27.5 - https:\/\/yoast.com\/product\/yoast-seo-wordpress\/ -->\n<title>Mallorca, meca del psicobloc | Valencia Climb<\/title>\n<meta name=\"robots\" content=\"index, follow, max-snippet:-1, max-image-preview:large, max-video-preview:-1\" \/>\n<link rel=\"canonical\" href=\"https:\/\/www.valenciaclimb.com\/es\/activity\/mallorca\/\" \/>\n<meta property=\"og:locale\" content=\"es_ES\" \/>\n<meta property=\"og:type\" content=\"article\" \/>\n<meta property=\"og:title\" content=\"Mallorca, meca del psicobloc | Valencia Climb\" \/>\n<meta property=\"og:description\" content=\"Adem\u00e1s de ser uno de los mejores destinos del mundo para el psicoloque, esta isla mediterr\u00e1nea tambi\u00e9n cuenta con sectores de escalada deportiva de gran calidad en entornos naturales de gran belleza.\" \/>\n<meta property=\"og:url\" content=\"https:\/\/www.valenciaclimb.com\/es\/activity\/mallorca\/\" \/>\n<meta property=\"og:site_name\" content=\"Valencia Climb\" \/>\n<meta property=\"article:publisher\" content=\"https:\/\/www.facebook.com\/ValenciaClimb\" \/>\n<meta property=\"article:modified_time\" content=\"2026-01-08T20:52:58+00:00\" \/>\n<meta property=\"og:image\" content=\"https:\/\/www.valenciaclimb.com\/wp-content\/uploads\/2018\/06\/hero-travels.jpg\" \/>\n\t<meta property=\"og:image:width\" content=\"2100\" \/>\n\t<meta property=\"og:image:height\" content=\"1400\" \/>\n\t<meta property=\"og:image:type\" content=\"image\/jpeg\" \/>\n<meta name=\"twitter:card\" content=\"summary_large_image\" \/>\n<meta name=\"twitter:site\" content=\"@ValenciaClimb\" \/>\n<meta name=\"twitter:label1\" content=\"Tiempo de lectura\" \/>\n\t<meta name=\"twitter:data1\" content=\"1 minuto\" \/>\n<script type=\"application\/ld+json\" class=\"yoast-schema-graph\">{\"@context\":\"https:\\\/\\\/schema.org\",\"@graph\":[{\"@type\":\"WebPage\",\"@id\":\"https:\\\/\\\/www.valenciaclimb.com\\\/es\\\/activity\\\/mallorca\\\/\",\"url\":\"https:\\\/\\\/www.valenciaclimb.com\\\/es\\\/activity\\\/mallorca\\\/\",\"name\":\"Mallorca, meca del psicobloc | Valencia Climb\",\"isPartOf\":{\"@id\":\"https:\\\/\\\/www.valenciaclimb.com\\\/es\\\/#website\"},\"primaryImageOfPage\":{\"@id\":\"https:\\\/\\\/www.valenciaclimb.com\\\/es\\\/activity\\\/mallorca\\\/#primaryimage\"},\"image\":{\"@id\":\"https:\\\/\\\/www.valenciaclimb.com\\\/activity\\\/mallorca\\\/#primaryimage\"},\"thumbnailUrl\":\"https:\\\/\\\/i0.wp.com\\\/www.valenciaclimb.com\\\/wp-content\\\/uploads\\\/2018\\\/06\\\/hero-travels.jpg?fit=2100%2C1400&ssl=1\",\"datePublished\":\"2023-02-02T19:42:48+00:00\",\"dateModified\":\"2026-01-08T20:52:58+00:00\",\"breadcrumb\":{\"@id\":\"https:\\\/\\\/www.valenciaclimb.com\\\/es\\\/activity\\\/mallorca\\\/#breadcrumb\"},\"inLanguage\":\"es\",\"potentialAction\":[{\"@type\":\"ReadAction\",\"target\":[[\"https:\\\/\\\/www.valenciaclimb.com\\\/es\\\/activity\\\/mallorca\\\/\"]]}]},{\"@type\":\"ImageObject\",\"inLanguage\":\"es\",\"@id\":\"https:\\\/\\\/www.valenciaclimb.com\\\/es\\\/activity\\\/mallorca\\\/#primaryimage\",\"url\":\"https:\\\/\\\/i0.wp.com\\\/www.valenciaclimb.com\\\/wp-content\\\/uploads\\\/2018\\\/06\\\/hero-travels.jpg?fit=2100%2C1400&ssl=1\",\"contentUrl\":\"https:\\\/\\\/i0.wp.com\\\/www.valenciaclimb.com\\\/wp-content\\\/uploads\\\/2018\\\/06\\\/hero-travels.jpg?fit=2100%2C1400&ssl=1\",\"width\":2100,\"height\":1400,\"caption\":\"[:en]Nacho deep warter soloing in a cliff in Cala Varques, Mallorca.[:es]Nacho escalando en psicobloque en un acantilado en Cala Varques, Mallorca.[:]\"},{\"@type\":\"BreadcrumbList\",\"@id\":\"https:\\\/\\\/www.valenciaclimb.com\\\/es\\\/activity\\\/mallorca\\\/#breadcrumb\",\"itemListElement\":[{\"@type\":\"ListItem\",\"position\":1,\"name\":\"Home\",\"item\":\"https:\\\/\\\/www.valenciaclimb.com\\\/es\\\/\"},{\"@type\":\"ListItem\",\"position\":2,\"name\":\"Shop\",\"item\":\"https:\\\/\\\/www.valenciaclimb.com\\\/es\\\/shop\\\/\"},{\"@type\":\"ListItem\",\"position\":3,\"name\":\"The deep waters of Mallorca\"}]},{\"@type\":\"WebSite\",\"@id\":\"https:\\\/\\\/www.valenciaclimb.com\\\/es\\\/#website\",\"url\":\"https:\\\/\\\/www.valenciaclimb.com\\\/es\\\/\",\"name\":\"Valencia Climb\",\"description\":\"[:en]Rock climbing guides in Valencia, Spain[:es]Gu\u00edas de escalada en roca en Valencia, Espa\u00f1a[:]\",\"publisher\":{\"@id\":\"https:\\\/\\\/www.valenciaclimb.com\\\/es\\\/#organization\"},\"potentialAction\":[{\"@type\":\"SearchAction\",\"target\":{\"@type\":\"EntryPoint\",\"urlTemplate\":\"https:\\\/\\\/www.valenciaclimb.com\\\/es\\\/?s={search_term_string}\"},\"query-input\":{\"@type\":\"PropertyValueSpecification\",\"valueRequired\":true,\"valueName\":\"search_term_string\"}}],\"inLanguage\":\"es\"},{\"@type\":\"Organization\",\"@id\":\"https:\\\/\\\/www.valenciaclimb.com\\\/es\\\/#organization\",\"name\":\"Valencia Climb\",\"url\":\"https:\\\/\\\/www.valenciaclimb.com\\\/es\\\/\",\"logo\":{\"@type\":\"ImageObject\",\"inLanguage\":\"es\",\"@id\":\"https:\\\/\\\/www.valenciaclimb.com\\\/es\\\/#\\\/schema\\\/logo\\\/image\\\/\",\"url\":\"https:\\\/\\\/i0.wp.com\\\/www.valenciaclimb.com\\\/wp-content\\\/uploads\\\/2024\\\/09\\\/Captura-de-pantalla-2024-09-13-a-las-21.34.24.png?fit=674%2C696&ssl=1\",\"contentUrl\":\"https:\\\/\\\/i0.wp.com\\\/www.valenciaclimb.com\\\/wp-content\\\/uploads\\\/2024\\\/09\\\/Captura-de-pantalla-2024-09-13-a-las-21.34.24.png?fit=674%2C696&ssl=1\",\"width\":674,\"height\":696,\"caption\":\"Valencia Climb\"},\"image\":{\"@id\":\"https:\\\/\\\/www.valenciaclimb.com\\\/es\\\/#\\\/schema\\\/logo\\\/image\\\/\"},\"sameAs\":[\"https:\\\/\\\/www.facebook.com\\\/ValenciaClimb\",\"https:\\\/\\\/x.com\\\/ValenciaClimb\",\"https:\\\/\\\/www.instagram.com\\\/valenciaclimb\\\/\",\"https:\\\/\\\/www.youtube.com\\\/channel\\\/UCHSV6B-lmlpmv4RhMJ7Zv1w\"]}]}<\/script>\n<!-- \/ Yoast SEO plugin. -->","yoast_head_json":{"title":"Mallorca, meca del psicobloc | Valencia Climb","robots":{"index":"index","follow":"follow","max-snippet":"max-snippet:-1","max-image-preview":"max-image-preview:large","max-video-preview":"max-video-preview:-1"},"canonical":"https:\/\/www.valenciaclimb.com\/es\/activity\/mallorca\/","og_locale":"es_ES","og_type":"article","og_title":"Mallorca, meca del psicobloc | Valencia Climb","og_description":"Adem\u00e1s de ser uno de los mejores destinos del mundo para el psicoloque, esta isla mediterr\u00e1nea tambi\u00e9n cuenta con sectores de escalada deportiva de gran calidad en entornos naturales de gran belleza.","og_url":"https:\/\/www.valenciaclimb.com\/es\/activity\/mallorca\/","og_site_name":"Valencia Climb","article_publisher":"https:\/\/www.facebook.com\/ValenciaClimb","article_modified_time":"2026-01-08T20:52:58+00:00","og_image":[{"width":2100,"height":1400,"url":"https:\/\/www.valenciaclimb.com\/wp-content\/uploads\/2018\/06\/hero-travels.jpg","type":"image\/jpeg"}],"twitter_card":"summary_large_image","twitter_site":"@ValenciaClimb","twitter_misc":{"Tiempo de lectura":"1 minuto"},"schema":{"@context":"https:\/\/schema.org","@graph":[{"@type":"WebPage","@id":"https:\/\/www.valenciaclimb.com\/es\/activity\/mallorca\/","url":"https:\/\/www.valenciaclimb.com\/es\/activity\/mallorca\/","name":"Mallorca, meca del psicobloc | Valencia Climb","isPartOf":{"@id":"https:\/\/www.valenciaclimb.com\/es\/#website"},"primaryImageOfPage":{"@id":"https:\/\/www.valenciaclimb.com\/es\/activity\/mallorca\/#primaryimage"},"image":{"@id":"https:\/\/www.valenciaclimb.com\/activity\/mallorca\/#primaryimage"},"thumbnailUrl":"https:\/\/i0.wp.com\/www.valenciaclimb.com\/wp-content\/uploads\/2018\/06\/hero-travels.jpg?fit=2100%2C1400&ssl=1","datePublished":"2023-02-02T19:42:48+00:00","dateModified":"2026-01-08T20:52:58+00:00","breadcrumb":{"@id":"https:\/\/www.valenciaclimb.com\/es\/activity\/mallorca\/#breadcrumb"},"inLanguage":"es","potentialAction":[{"@type":"ReadAction","target":[["https:\/\/www.valenciaclimb.com\/es\/activity\/mallorca\/"]]}]},{"@type":"ImageObject","inLanguage":"es","@id":"https:\/\/www.valenciaclimb.com\/es\/activity\/mallorca\/#primaryimage","url":"https:\/\/i0.wp.com\/www.valenciaclimb.com\/wp-content\/uploads\/2018\/06\/hero-travels.jpg?fit=2100%2C1400&ssl=1","contentUrl":"https:\/\/i0.wp.com\/www.valenciaclimb.com\/wp-content\/uploads\/2018\/06\/hero-travels.jpg?fit=2100%2C1400&ssl=1","width":2100,"height":1400,"caption":"[:en]Nacho deep warter soloing in a cliff in Cala Varques, Mallorca.[:es]Nacho escalando en psicobloque en un acantilado en Cala Varques, Mallorca.[:]"},{"@type":"BreadcrumbList","@id":"https:\/\/www.valenciaclimb.com\/es\/activity\/mallorca\/#breadcrumb","itemListElement":[{"@type":"ListItem","position":1,"name":"Home","item":"https:\/\/www.valenciaclimb.com\/es\/"},{"@type":"ListItem","position":2,"name":"Shop","item":"https:\/\/www.valenciaclimb.com\/es\/shop\/"},{"@type":"ListItem","position":3,"name":"The deep waters of Mallorca"}]},{"@type":"WebSite","@id":"https:\/\/www.valenciaclimb.com\/es\/#website","url":"https:\/\/www.valenciaclimb.com\/es\/","name":"Valencia Climb","description":"[:en]Rock climbing guides in Valencia, Spain[:es]Gu\u00edas de escalada en roca en Valencia, Espa\u00f1a[:]","publisher":{"@id":"https:\/\/www.valenciaclimb.com\/es\/#organization"},"potentialAction":[{"@type":"SearchAction","target":{"@type":"EntryPoint","urlTemplate":"https:\/\/www.valenciaclimb.com\/es\/?s={search_term_string}"},"query-input":{"@type":"PropertyValueSpecification","valueRequired":true,"valueName":"search_term_string"}}],"inLanguage":"es"},{"@type":"Organization","@id":"https:\/\/www.valenciaclimb.com\/es\/#organization","name":"Valencia Climb","url":"https:\/\/www.valenciaclimb.com\/es\/","logo":{"@type":"ImageObject","inLanguage":"es","@id":"https:\/\/www.valenciaclimb.com\/es\/#\/schema\/logo\/image\/","url":"https:\/\/i0.wp.com\/www.valenciaclimb.com\/wp-content\/uploads\/2024\/09\/Captura-de-pantalla-2024-09-13-a-las-21.34.24.png?fit=674%2C696&ssl=1","contentUrl":"https:\/\/i0.wp.com\/www.valenciaclimb.com\/wp-content\/uploads\/2024\/09\/Captura-de-pantalla-2024-09-13-a-las-21.34.24.png?fit=674%2C696&ssl=1","width":674,"height":696,"caption":"Valencia Climb"},"image":{"@id":"https:\/\/www.valenciaclimb.com\/es\/#\/schema\/logo\/image\/"},"sameAs":["https:\/\/www.facebook.com\/ValenciaClimb","https:\/\/x.com\/ValenciaClimb","https:\/\/www.instagram.com\/valenciaclimb\/","https:\/\/www.youtube.com\/channel\/UCHSV6B-lmlpmv4RhMJ7Zv1w"]}]}},"jetpack_publicize_connections":[],"jetpack_sharing_enabled":true,"_links":{"self":[{"href":"https:\/\/www.valenciaclimb.com\/es\/wp-json\/wp\/v2\/product\/18778","targetHints":{"allow":["GET"]}}],"collection":[{"href":"https:\/\/www.valenciaclimb.com\/es\/wp-json\/wp\/v2\/product"}],"about":[{"href":"https:\/\/www.valenciaclimb.com\/es\/wp-json\/wp\/v2\/types\/product"}],"wp:featuredmedia":[{"embeddable":true,"href":"https:\/\/www.valenciaclimb.com\/es\/wp-json\/wp\/v2\/media\/55"}],"wp:attachment":[{"href":"https:\/\/www.valenciaclimb.com\/es\/wp-json\/wp\/v2\/media?parent=18778"}],"wp:term":[{"taxonomy":"product_brand","embeddable":true,"href":"https:\/\/www.valenciaclimb.com\/es\/wp-json\/wp\/v2\/product_brand?post=18778"},{"taxonomy":"product_cat","embeddable":true,"href":"https:\/\/www.valenciaclimb.com\/es\/wp-json\/wp\/v2\/product_cat?post=18778"},{"taxonomy":"product_tag","embeddable":true,"href":"https:\/\/www.valenciaclimb.com\/es\/wp-json\/wp\/v2\/product_tag?post=18778"}],"curies":[{"name":"wp","href":"https:\/\/api.w.org\/{rel}","templated":true}]}}