{"id":97,"date":"2018-06-26T15:23:55","date_gmt":"2018-06-26T15:23:55","guid":{"rendered":"http:\/\/valenciaclimb.com\/?page_id=97"},"modified":"2020-05-10T09:28:19","modified_gmt":"2020-05-10T09:28:19","slug":"alzira","status":"publish","type":"page","link":"https:\/\/www.valenciaclimb.com\/es\/zonas-escalada\/alzira\/","title":{"rendered":"Alzira"},"content":{"rendered":"A tan solo 50 minutos en coche desde Valencia, la zona de escalada de Alzira se esconde entre las monta\u00f1as del Paraje Natural de La Murta, muy cerca de la costa litoral mediterr\u00e1nea. La enorme pared de color rojizo se denomina Tallat Roig, con m\u00e1s de 60 metros de altura en su parte m\u00e1s alta y con unas preciosas vistas al mar. Hay unas 150 v\u00edas de escalada deportiva aproximadamente, entre las cuales encontramos algunas muy recomendables de varios largos en el sector Big Wall. La orientaci\u00f3n sur de la pared es perfecta para los d\u00edas de invierno. La roca caliza de esta zona es muy especial, con agujeros en abundancia y generalmente con muy buena adherencia. Hay v\u00edas de todos los niveles, desde muy f\u00e1ciles hasta rutas m\u00e1s exigentes de s\u00e9ptimo grado. Estas \u00faltimas las encontraremos sobre todo en el sector Platjeta y Llun\u00e0tica.<\/p>\n<div class=\"tiled-gallery type-rectangular tiled-gallery-unresized\" data-original-width=\"1600\" data-carousel-extra='{&quot;blog_id&quot;:1,&quot;permalink&quot;:&quot;https:\\\/\\\/www.valenciaclimb.com\\\/es\\\/zonas-escalada\\\/alzira\\\/&quot;,&quot;likes_blog_id&quot;:62865464}' itemscope itemtype=\"http:\/\/schema.org\/ImageGallery\" > <div class=\"gallery-row\" style=\"width: 1600px; height: 437px;\" data-original-width=\"1600\" data-original-height=\"437\" > <div class=\"gallery-group images-1\" style=\"width: 654px; height: 437px;\" data-original-width=\"654\" data-original-height=\"437\" > <div class=\"tiled-gallery-item tiled-gallery-item-large\" itemprop=\"associatedMedia\" itemscope itemtype=\"http:\/\/schema.org\/ImageObject\"> <a href=\"https:\/\/www.valenciaclimb.com\/es\/area-alzira-7\/\" border=\"0\" itemprop=\"url\"> <meta itemprop=\"width\" content=\"650\"> <meta itemprop=\"height\" content=\"433\"> <img decoding=\"async\" class=\"\" data-attachment-id=\"1559\" data-orig-file=\"https:\/\/www.valenciaclimb.com\/wp-content\/uploads\/2019\/01\/area-alzira-7.jpg\" data-orig-size=\"1200,800\" data-comments-opened=\"\" data-image-meta=\"{&quot;aperture&quot;:&quot;8&quot;,&quot;credit&quot;:&quot;Pablo Benedito&quot;,&quot;camera&quot;:&quot;Canon EOS 6D&quot;,&quot;caption&quot;:&quot;&quot;,&quot;created_timestamp&quot;:&quot;1546698433&quot;,&quot;copyright&quot;:&quot;Photo by Pablo Benedito&quot;,&quot;focal_length&quot;:&quot;25&quot;,&quot;iso&quot;:&quot;100&quot;,&quot;shutter_speed&quot;:&quot;0.004&quot;,&quot;title&quot;:&quot;&quot;,&quot;orientation&quot;:&quot;0&quot;}\" data-image-title=\"Natalia escalando con nosotros en el Tallat Roig (Alzira, Ene. 2019).\" data-image-description=\"&lt;p&gt;Natalia escalando con nosotros en el Tallat Roig (Alzira, Ene. 2019).&lt;\/p&gt; \" data-medium-file=\"https:\/\/i0.wp.com\/www.valenciaclimb.com\/wp-content\/uploads\/2019\/01\/area-alzira-7.jpg?fit=300%2C200&#038;ssl=1\" data-large-file=\"https:\/\/i0.wp.com\/www.valenciaclimb.com\/wp-content\/uploads\/2019\/01\/area-alzira-7.jpg?fit=1024%2C683&#038;ssl=1\" src=\"https:\/\/i0.wp.com\/www.valenciaclimb.com\/wp-content\/uploads\/2019\/01\/area-alzira-7.jpg?w=650&#038;h=433&#038;ssl=1\" srcset=\"https:\/\/i0.wp.com\/www.valenciaclimb.com\/wp-content\/uploads\/2019\/01\/area-alzira-7.jpg?w=1200&amp;ssl=1 1200w, https:\/\/i0.wp.com\/www.valenciaclimb.com\/wp-content\/uploads\/2019\/01\/area-alzira-7.jpg?resize=300%2C200&amp;ssl=1 300w, https:\/\/i0.wp.com\/www.valenciaclimb.com\/wp-content\/uploads\/2019\/01\/area-alzira-7.jpg?resize=768%2C512&amp;ssl=1 768w, https:\/\/i0.wp.com\/www.valenciaclimb.com\/wp-content\/uploads\/2019\/01\/area-alzira-7.jpg?resize=1024%2C683&amp;ssl=1 1024w, https:\/\/i0.wp.com\/www.valenciaclimb.com\/wp-content\/uploads\/2019\/01\/area-alzira-7.jpg?resize=1182%2C788&amp;ssl=1 1182w, https:\/\/i0.wp.com\/www.valenciaclimb.com\/wp-content\/uploads\/2019\/01\/area-alzira-7.jpg?resize=600%2C400&amp;ssl=1 600w\" width=\"650\" height=\"433\" loading=\"lazy\" data-original-width=\"650\" data-original-height=\"433\" itemprop=\"http:\/\/schema.org\/image\" title=\"Natalia escalando con nosotros en el Tallat Roig (Alzira, Ene. 2019).\" alt=\"Natalia escalando con nosotros en el Tallat Roig (Alzira, Ene. 2019).\" style=\"width: 650px; height: 433px;\" \/> <\/a> <div class=\"tiled-gallery-caption\" itemprop=\"caption description\"> Natalia escalando con nosotros en el Tallat Roig (Alzira, Ene. 2019). <\/div> <\/div> <\/div> <!-- close group --> <div class=\"gallery-group images-1\" style=\"width: 293px; height: 437px;\" data-original-width=\"293\" data-original-height=\"437\" > <div class=\"tiled-gallery-item tiled-gallery-item-large\" itemprop=\"associatedMedia\" itemscope itemtype=\"http:\/\/schema.org\/ImageObject\"> <a href=\"https:\/\/www.valenciaclimb.com\/es\/ignacio-botella-climbing-llunatica-7b-alzira\/\" border=\"0\" itemprop=\"url\"> <meta itemprop=\"width\" content=\"289\"> <meta itemprop=\"height\" content=\"433\"> <img decoding=\"async\" class=\"\" data-attachment-id=\"303\" data-orig-file=\"https:\/\/www.valenciaclimb.com\/wp-content\/uploads\/2018\/06\/area-alzira-2.jpg\" data-orig-size=\"1400,2100\" data-comments-opened=\"\" data-image-meta=\"{&quot;aperture&quot;:&quot;10&quot;,&quot;credit&quot;:&quot;Pablo Benedito&quot;,&quot;camera&quot;:&quot;Canon EOS 6D&quot;,&quot;caption&quot;:&quot;Ignacio Botella climbing Llun\\u00e0tica 7b+ (Alzira).&quot;,&quot;created_timestamp&quot;:&quot;1445208057&quot;,&quot;copyright&quot;:&quot;Photo by Pablo Benedito&quot;,&quot;focal_length&quot;:&quot;17&quot;,&quot;iso&quot;:&quot;200&quot;,&quot;shutter_speed&quot;:&quot;0.004&quot;,&quot;title&quot;:&quot;Ignacio Botella climbing Llun\\u00e0tica 7b+ (Alzira).&quot;,&quot;orientation&quot;:&quot;0&quot;}\" data-image-title=\"Nacho escalando la v\u00eda Llun\u00e0tica (7b+) en el Tallat Roig (Alzira).\" data-image-description=\"&lt;p&gt;Nacho escalando la v\u00eda Llun\u00e0tica (7b+) en el Tallat Roig (Alzira).&lt;\/p&gt; \" data-medium-file=\"https:\/\/i0.wp.com\/www.valenciaclimb.com\/wp-content\/uploads\/2018\/06\/area-alzira-2.jpg?fit=200%2C300&#038;ssl=1\" data-large-file=\"https:\/\/i0.wp.com\/www.valenciaclimb.com\/wp-content\/uploads\/2018\/06\/area-alzira-2.jpg?fit=683%2C1024&#038;ssl=1\" src=\"https:\/\/i0.wp.com\/www.valenciaclimb.com\/wp-content\/uploads\/2018\/06\/area-alzira-2.jpg?w=289&#038;h=433&#038;ssl=1\" srcset=\"https:\/\/i0.wp.com\/www.valenciaclimb.com\/wp-content\/uploads\/2018\/06\/area-alzira-2.jpg?w=1400&amp;ssl=1 1400w, https:\/\/i0.wp.com\/www.valenciaclimb.com\/wp-content\/uploads\/2018\/06\/area-alzira-2.jpg?resize=200%2C300&amp;ssl=1 200w, https:\/\/i0.wp.com\/www.valenciaclimb.com\/wp-content\/uploads\/2018\/06\/area-alzira-2.jpg?resize=768%2C1152&amp;ssl=1 768w, https:\/\/i0.wp.com\/www.valenciaclimb.com\/wp-content\/uploads\/2018\/06\/area-alzira-2.jpg?resize=683%2C1024&amp;ssl=1 683w, https:\/\/i0.wp.com\/www.valenciaclimb.com\/wp-content\/uploads\/2018\/06\/area-alzira-2.jpg?resize=525%2C788&amp;ssl=1 525w, https:\/\/i0.wp.com\/www.valenciaclimb.com\/wp-content\/uploads\/2018\/06\/area-alzira-2.jpg?resize=600%2C900&amp;ssl=1 600w\" width=\"289\" height=\"433\" loading=\"lazy\" data-original-width=\"289\" data-original-height=\"433\" itemprop=\"http:\/\/schema.org\/image\" title=\"Nacho escalando la v\u00eda Llun\u00e0tica (7b+) en el Tallat Roig (Alzira).\" alt=\"Nacho escalando la v\u00eda Llun\u00e0tica (7b+) en el Tallat Roig (Alzira).\" style=\"width: 289px; height: 433px;\" \/> <\/a> <div class=\"tiled-gallery-caption\" itemprop=\"caption description\"> Nacho escalando la v\u00eda Llun\u00e0tica (7b+) en el Tallat Roig (Alzira). <\/div> <\/div> <\/div> <!-- close group --> <div class=\"gallery-group images-1\" style=\"width: 653px; height: 437px;\" data-original-width=\"653\" data-original-height=\"437\" > <div class=\"tiled-gallery-item tiled-gallery-item-large\" itemprop=\"associatedMedia\" itemscope itemtype=\"http:\/\/schema.org\/ImageObject\"> <a href=\"https:\/\/www.valenciaclimb.com\/es\/vicent-monlleo-climbing-in-alzira-2\/\" border=\"0\" itemprop=\"url\"> <meta itemprop=\"width\" content=\"649\"> <meta itemprop=\"height\" content=\"433\"> <img decoding=\"async\" class=\"\" data-attachment-id=\"302\" data-orig-file=\"https:\/\/www.valenciaclimb.com\/wp-content\/uploads\/2018\/06\/area-alzira-1-1.jpg\" data-orig-size=\"2100,1400\" data-comments-opened=\"\" data-image-meta=\"{&quot;aperture&quot;:&quot;22&quot;,&quot;credit&quot;:&quot;Pablo Benedito&quot;,&quot;camera&quot;:&quot;Canon EOS 6D&quot;,&quot;caption&quot;:&quot;Vicent Monlle\\u00f3 climbing in Alzira.&quot;,&quot;created_timestamp&quot;:&quot;1445202325&quot;,&quot;copyright&quot;:&quot;Photo by Pablo Benedito&quot;,&quot;focal_length&quot;:&quot;17&quot;,&quot;iso&quot;:&quot;400&quot;,&quot;shutter_speed&quot;:&quot;0.003125&quot;,&quot;title&quot;:&quot;Vicent Monlle\\u00f3 climbing in Alzira.&quot;,&quot;orientation&quot;:&quot;0&quot;}\" data-image-title=\"Vicent escalando en el Tallat Roig (Alzira).\" data-image-description=\"&lt;p&gt;Vicent escalando en el Tallat Roig (Alzira).&lt;\/p&gt; \" data-medium-file=\"https:\/\/i0.wp.com\/www.valenciaclimb.com\/wp-content\/uploads\/2018\/06\/area-alzira-1-1.jpg?fit=300%2C200&#038;ssl=1\" data-large-file=\"https:\/\/i0.wp.com\/www.valenciaclimb.com\/wp-content\/uploads\/2018\/06\/area-alzira-1-1.jpg?fit=1024%2C683&#038;ssl=1\" src=\"https:\/\/i0.wp.com\/www.valenciaclimb.com\/wp-content\/uploads\/2018\/06\/area-alzira-1-1.jpg?w=649&#038;h=433&#038;ssl=1\" srcset=\"https:\/\/i0.wp.com\/www.valenciaclimb.com\/wp-content\/uploads\/2018\/06\/area-alzira-1-1.jpg?w=2100&amp;ssl=1 2100w, https:\/\/i0.wp.com\/www.valenciaclimb.com\/wp-content\/uploads\/2018\/06\/area-alzira-1-1.jpg?resize=300%2C200&amp;ssl=1 300w, https:\/\/i0.wp.com\/www.valenciaclimb.com\/wp-content\/uploads\/2018\/06\/area-alzira-1-1.jpg?resize=768%2C512&amp;ssl=1 768w, https:\/\/i0.wp.com\/www.valenciaclimb.com\/wp-content\/uploads\/2018\/06\/area-alzira-1-1.jpg?resize=1024%2C683&amp;ssl=1 1024w, https:\/\/i0.wp.com\/www.valenciaclimb.com\/wp-content\/uploads\/2018\/06\/area-alzira-1-1.jpg?resize=1182%2C788&amp;ssl=1 1182w, https:\/\/i0.wp.com\/www.valenciaclimb.com\/wp-content\/uploads\/2018\/06\/area-alzira-1-1.jpg?resize=600%2C400&amp;ssl=1 600w\" width=\"649\" height=\"433\" loading=\"lazy\" data-original-width=\"649\" data-original-height=\"433\" itemprop=\"http:\/\/schema.org\/image\" title=\"Vicent escalando en el Tallat Roig (Alzira).\" alt=\"Vicent escalando en el Tallat Roig (Alzira).\" style=\"width: 649px; height: 433px;\" \/> <\/a> <div class=\"tiled-gallery-caption\" itemprop=\"caption description\"> Vicent escalando en el Tallat Roig (Alzira). <\/div> <\/div> <\/div> <!-- close group --> <\/div> <!-- close row --> <div class=\"gallery-row\" style=\"width: 1600px; height: 598px;\" data-original-width=\"1600\" data-original-height=\"598\" > <div class=\"gallery-group images-1\" style=\"width: 400px; height: 598px;\" data-original-width=\"400\" data-original-height=\"598\" > <div class=\"tiled-gallery-item tiled-gallery-item-large\" itemprop=\"associatedMedia\" itemscope itemtype=\"http:\/\/schema.org\/ImageObject\"> <a href=\"https:\/\/www.valenciaclimb.com\/es\/area-alzira-5\/\" border=\"0\" itemprop=\"url\"> <meta itemprop=\"width\" content=\"396\"> <meta itemprop=\"height\" content=\"594\"> <img decoding=\"async\" class=\"\" data-attachment-id=\"304\" data-orig-file=\"https:\/\/www.valenciaclimb.com\/wp-content\/uploads\/2018\/06\/area-alzira-5.jpg\" data-orig-size=\"1227,1839\" data-comments-opened=\"\" data-image-meta=\"{&quot;aperture&quot;:&quot;8&quot;,&quot;credit&quot;:&quot;&quot;,&quot;camera&quot;:&quot;SLT-A77V&quot;,&quot;caption&quot;:&quot;&quot;,&quot;created_timestamp&quot;:&quot;1417957695&quot;,&quot;copyright&quot;:&quot;&quot;,&quot;focal_length&quot;:&quot;50&quot;,&quot;iso&quot;:&quot;100&quot;,&quot;shutter_speed&quot;:&quot;0.004&quot;,&quot;title&quot;:&quot;&quot;,&quot;orientation&quot;:&quot;1&quot;}\" data-image-title=\"Vistas al mar desde la pared del Tallat Roig.\" data-image-description=\"&lt;p&gt;Vistas al mar desde la pared del Tallat Roig.&lt;\/p&gt; \" data-medium-file=\"https:\/\/i0.wp.com\/www.valenciaclimb.com\/wp-content\/uploads\/2018\/06\/area-alzira-5.jpg?fit=200%2C300&#038;ssl=1\" data-large-file=\"https:\/\/i0.wp.com\/www.valenciaclimb.com\/wp-content\/uploads\/2018\/06\/area-alzira-5.jpg?fit=683%2C1024&#038;ssl=1\" src=\"https:\/\/i0.wp.com\/www.valenciaclimb.com\/wp-content\/uploads\/2018\/06\/area-alzira-5.jpg?w=396&#038;h=594&#038;ssl=1\" srcset=\"https:\/\/i0.wp.com\/www.valenciaclimb.com\/wp-content\/uploads\/2018\/06\/area-alzira-5.jpg?w=1227&amp;ssl=1 1227w, https:\/\/i0.wp.com\/www.valenciaclimb.com\/wp-content\/uploads\/2018\/06\/area-alzira-5.jpg?resize=200%2C300&amp;ssl=1 200w, https:\/\/i0.wp.com\/www.valenciaclimb.com\/wp-content\/uploads\/2018\/06\/area-alzira-5.jpg?resize=768%2C1151&amp;ssl=1 768w, https:\/\/i0.wp.com\/www.valenciaclimb.com\/wp-content\/uploads\/2018\/06\/area-alzira-5.jpg?resize=683%2C1024&amp;ssl=1 683w, https:\/\/i0.wp.com\/www.valenciaclimb.com\/wp-content\/uploads\/2018\/06\/area-alzira-5.jpg?resize=526%2C788&amp;ssl=1 526w, https:\/\/i0.wp.com\/www.valenciaclimb.com\/wp-content\/uploads\/2018\/06\/area-alzira-5.jpg?resize=600%2C899&amp;ssl=1 600w\" width=\"396\" height=\"594\" loading=\"lazy\" data-original-width=\"396\" data-original-height=\"594\" itemprop=\"http:\/\/schema.org\/image\" title=\"Vistas al mar desde la pared del Tallat Roig.\" alt=\"Vistas al mar desde la pared del Tallat Roig.\" style=\"width: 396px; height: 594px;\" \/> <\/a> <div class=\"tiled-gallery-caption\" itemprop=\"caption description\"> Vistas al mar desde la pared del Tallat Roig. <\/div> <\/div> <\/div> <!-- close group --> <div class=\"gallery-group images-1\" style=\"width: 400px; height: 598px;\" data-original-width=\"400\" data-original-height=\"598\" > <div class=\"tiled-gallery-item tiled-gallery-item-large\" itemprop=\"associatedMedia\" itemscope itemtype=\"http:\/\/schema.org\/ImageObject\"> <a href=\"https:\/\/www.valenciaclimb.com\/es\/area-alzira-4\/\" border=\"0\" itemprop=\"url\"> <meta itemprop=\"width\" content=\"396\"> <meta itemprop=\"height\" content=\"594\"> <img decoding=\"async\" class=\"\" data-attachment-id=\"1555\" data-orig-file=\"https:\/\/www.valenciaclimb.com\/wp-content\/uploads\/2019\/01\/area-alzira-4.jpg\" data-orig-size=\"800,1200\" data-comments-opened=\"\" data-image-meta=\"{&quot;aperture&quot;:&quot;8&quot;,&quot;credit&quot;:&quot;Pablo Benedito&quot;,&quot;camera&quot;:&quot;Canon EOS 6D&quot;,&quot;caption&quot;:&quot;&quot;,&quot;created_timestamp&quot;:&quot;1544617051&quot;,&quot;copyright&quot;:&quot;Photo by Pablo Benedito&quot;,&quot;focal_length&quot;:&quot;170&quot;,&quot;iso&quot;:&quot;100&quot;,&quot;shutter_speed&quot;:&quot;0.004&quot;,&quot;title&quot;:&quot;&quot;,&quot;orientation&quot;:&quot;0&quot;}\" data-image-title=\"Anastasia escalando con nosotros en el Tallat Roig (Alzira, Dic. 2018).\" data-image-description=\"&lt;p&gt;Anastasia escalando con nosotros en el Tallat Roig (Alzira, Dic. 2018).&lt;\/p&gt; \" data-medium-file=\"https:\/\/i0.wp.com\/www.valenciaclimb.com\/wp-content\/uploads\/2019\/01\/area-alzira-4.jpg?fit=200%2C300&#038;ssl=1\" data-large-file=\"https:\/\/i0.wp.com\/www.valenciaclimb.com\/wp-content\/uploads\/2019\/01\/area-alzira-4.jpg?fit=683%2C1024&#038;ssl=1\" src=\"https:\/\/i0.wp.com\/www.valenciaclimb.com\/wp-content\/uploads\/2019\/01\/area-alzira-4.jpg?w=396&#038;h=594&#038;ssl=1\" srcset=\"https:\/\/i0.wp.com\/www.valenciaclimb.com\/wp-content\/uploads\/2019\/01\/area-alzira-4.jpg?w=800&amp;ssl=1 800w, https:\/\/i0.wp.com\/www.valenciaclimb.com\/wp-content\/uploads\/2019\/01\/area-alzira-4.jpg?resize=200%2C300&amp;ssl=1 200w, https:\/\/i0.wp.com\/www.valenciaclimb.com\/wp-content\/uploads\/2019\/01\/area-alzira-4.jpg?resize=768%2C1152&amp;ssl=1 768w, https:\/\/i0.wp.com\/www.valenciaclimb.com\/wp-content\/uploads\/2019\/01\/area-alzira-4.jpg?resize=683%2C1024&amp;ssl=1 683w, https:\/\/i0.wp.com\/www.valenciaclimb.com\/wp-content\/uploads\/2019\/01\/area-alzira-4.jpg?resize=525%2C788&amp;ssl=1 525w, https:\/\/i0.wp.com\/www.valenciaclimb.com\/wp-content\/uploads\/2019\/01\/area-alzira-4.jpg?resize=600%2C900&amp;ssl=1 600w\" width=\"396\" height=\"594\" loading=\"lazy\" data-original-width=\"396\" data-original-height=\"594\" itemprop=\"http:\/\/schema.org\/image\" title=\"Anastasia escalando con nosotros en el Tallat Roig (Alzira, Dic. 2018).\" alt=\"Anastasia escalando con nosotros en el Tallat Roig (Alzira, Dic. 2018).\" style=\"width: 396px; height: 594px;\" \/> <\/a> <div class=\"tiled-gallery-caption\" itemprop=\"caption description\"> Anastasia escalando con nosotros en el Tallat Roig (Alzira, Dic. 2018). <\/div> <\/div> <\/div> <!-- close group --> <div class=\"gallery-group images-1\" style=\"width: 400px; height: 598px;\" data-original-width=\"400\" data-original-height=\"598\" > <div class=\"tiled-gallery-item tiled-gallery-item-large\" itemprop=\"associatedMedia\" itemscope itemtype=\"http:\/\/schema.org\/ImageObject\"> <a href=\"https:\/\/www.valenciaclimb.com\/es\/area-alzira-5-2\/\" border=\"0\" itemprop=\"url\"> <meta itemprop=\"width\" content=\"396\"> <meta itemprop=\"height\" content=\"594\"> <img decoding=\"async\" class=\"\" data-attachment-id=\"1556\" data-orig-file=\"https:\/\/www.valenciaclimb.com\/wp-content\/uploads\/2019\/01\/area-alzira-5.jpg\" data-orig-size=\"800,1200\" data-comments-opened=\"\" data-image-meta=\"{&quot;aperture&quot;:&quot;8&quot;,&quot;credit&quot;:&quot;Pablo Benedito&quot;,&quot;camera&quot;:&quot;Canon EOS 6D&quot;,&quot;caption&quot;:&quot;&quot;,&quot;created_timestamp&quot;:&quot;1544617227&quot;,&quot;copyright&quot;:&quot;Photo by Pablo Benedito&quot;,&quot;focal_length&quot;:&quot;17&quot;,&quot;iso&quot;:&quot;100&quot;,&quot;shutter_speed&quot;:&quot;0.0025&quot;,&quot;title&quot;:&quot;&quot;,&quot;orientation&quot;:&quot;0&quot;}\" data-image-title=\"Anastasia escalando con nosotros en el Tallat Roig (Alzira, Dic. 2018).\" data-image-description=\"&lt;p&gt;Anastasia escalando con nosotros en el Tallat Roig (Alzira, Dic. 2018).&lt;\/p&gt; \" data-medium-file=\"https:\/\/i0.wp.com\/www.valenciaclimb.com\/wp-content\/uploads\/2019\/01\/area-alzira-5.jpg?fit=200%2C300&#038;ssl=1\" data-large-file=\"https:\/\/i0.wp.com\/www.valenciaclimb.com\/wp-content\/uploads\/2019\/01\/area-alzira-5.jpg?fit=683%2C1024&#038;ssl=1\" src=\"https:\/\/i0.wp.com\/www.valenciaclimb.com\/wp-content\/uploads\/2019\/01\/area-alzira-5.jpg?w=396&#038;h=594&#038;ssl=1\" srcset=\"https:\/\/i0.wp.com\/www.valenciaclimb.com\/wp-content\/uploads\/2019\/01\/area-alzira-5.jpg?w=800&amp;ssl=1 800w, https:\/\/i0.wp.com\/www.valenciaclimb.com\/wp-content\/uploads\/2019\/01\/area-alzira-5.jpg?resize=200%2C300&amp;ssl=1 200w, https:\/\/i0.wp.com\/www.valenciaclimb.com\/wp-content\/uploads\/2019\/01\/area-alzira-5.jpg?resize=768%2C1152&amp;ssl=1 768w, https:\/\/i0.wp.com\/www.valenciaclimb.com\/wp-content\/uploads\/2019\/01\/area-alzira-5.jpg?resize=683%2C1024&amp;ssl=1 683w, https:\/\/i0.wp.com\/www.valenciaclimb.com\/wp-content\/uploads\/2019\/01\/area-alzira-5.jpg?resize=525%2C788&amp;ssl=1 525w, https:\/\/i0.wp.com\/www.valenciaclimb.com\/wp-content\/uploads\/2019\/01\/area-alzira-5.jpg?resize=600%2C900&amp;ssl=1 600w\" width=\"396\" height=\"594\" loading=\"lazy\" data-original-width=\"396\" data-original-height=\"594\" itemprop=\"http:\/\/schema.org\/image\" title=\"Anastasia escalando con nosotros en el Tallat Roig (Alzira, Dic. 2018).\" alt=\"Anastasia escalando con nosotros en el Tallat Roig (Alzira, Dic. 2018).\" style=\"width: 396px; height: 594px;\" \/> <\/a> <div class=\"tiled-gallery-caption\" itemprop=\"caption description\"> Anastasia escalando con nosotros en el Tallat Roig (Alzira, Dic. 2018). <\/div> <\/div> <\/div> <!-- close group --> <div class=\"gallery-group images-1\" style=\"width: 400px; height: 598px;\" data-original-width=\"400\" data-original-height=\"598\" > <div class=\"tiled-gallery-item tiled-gallery-item-large\" itemprop=\"associatedMedia\" itemscope itemtype=\"http:\/\/schema.org\/ImageObject\"> <a href=\"https:\/\/www.valenciaclimb.com\/es\/area-alzira-6\/\" border=\"0\" itemprop=\"url\"> <meta itemprop=\"width\" content=\"396\"> <meta itemprop=\"height\" content=\"594\"> <img decoding=\"async\" class=\"\" data-attachment-id=\"1558\" data-orig-file=\"https:\/\/www.valenciaclimb.com\/wp-content\/uploads\/2019\/01\/area-alzira-6.jpg\" data-orig-size=\"800,1200\" data-comments-opened=\"\" data-image-meta=\"{&quot;aperture&quot;:&quot;8&quot;,&quot;credit&quot;:&quot;Pablo Benedito&quot;,&quot;camera&quot;:&quot;Canon EOS 6D&quot;,&quot;caption&quot;:&quot;&quot;,&quot;created_timestamp&quot;:&quot;1544617914&quot;,&quot;copyright&quot;:&quot;Photo by Pablo Benedito&quot;,&quot;focal_length&quot;:&quot;175&quot;,&quot;iso&quot;:&quot;100&quot;,&quot;shutter_speed&quot;:&quot;0.003125&quot;,&quot;title&quot;:&quot;&quot;,&quot;orientation&quot;:&quot;0&quot;}\" data-image-title=\"Spencer escalando con nosotros en el Tallat Roig (Alzira, Dic. 2018).\" data-image-description=\"&lt;p&gt;Spencer escalando con nosotros en el Tallat Roig (Alzira, Dic. 2018).&lt;\/p&gt; \" data-medium-file=\"https:\/\/i0.wp.com\/www.valenciaclimb.com\/wp-content\/uploads\/2019\/01\/area-alzira-6.jpg?fit=200%2C300&#038;ssl=1\" data-large-file=\"https:\/\/i0.wp.com\/www.valenciaclimb.com\/wp-content\/uploads\/2019\/01\/area-alzira-6.jpg?fit=683%2C1024&#038;ssl=1\" src=\"https:\/\/i0.wp.com\/www.valenciaclimb.com\/wp-content\/uploads\/2019\/01\/area-alzira-6.jpg?w=396&#038;h=594&#038;ssl=1\" srcset=\"https:\/\/i0.wp.com\/www.valenciaclimb.com\/wp-content\/uploads\/2019\/01\/area-alzira-6.jpg?w=800&amp;ssl=1 800w, https:\/\/i0.wp.com\/www.valenciaclimb.com\/wp-content\/uploads\/2019\/01\/area-alzira-6.jpg?resize=200%2C300&amp;ssl=1 200w, https:\/\/i0.wp.com\/www.valenciaclimb.com\/wp-content\/uploads\/2019\/01\/area-alzira-6.jpg?resize=768%2C1152&amp;ssl=1 768w, https:\/\/i0.wp.com\/www.valenciaclimb.com\/wp-content\/uploads\/2019\/01\/area-alzira-6.jpg?resize=683%2C1024&amp;ssl=1 683w, https:\/\/i0.wp.com\/www.valenciaclimb.com\/wp-content\/uploads\/2019\/01\/area-alzira-6.jpg?resize=525%2C788&amp;ssl=1 525w, https:\/\/i0.wp.com\/www.valenciaclimb.com\/wp-content\/uploads\/2019\/01\/area-alzira-6.jpg?resize=600%2C900&amp;ssl=1 600w\" width=\"396\" height=\"594\" loading=\"lazy\" data-original-width=\"396\" data-original-height=\"594\" itemprop=\"http:\/\/schema.org\/image\" title=\"Spencer escalando con nosotros en el Tallat Roig (Alzira, Dic. 2018).\" alt=\"Spencer escalando con nosotros en el Tallat Roig (Alzira, Dic. 2018).\" style=\"width: 396px; height: 594px;\" \/> <\/a> <div class=\"tiled-gallery-caption\" itemprop=\"caption description\"> Spencer escalando con nosotros en el Tallat Roig (Alzira, Dic. 2018). <\/div> <\/div> <\/div> <!-- close group --> <\/div> <!-- close row --> <\/div>\n<p>La Murta es un paraje de valor extraordinario, con un microclima que beneficia la fauna y flora del valle. Hay varios senderos que recorren este paraje natural para disfrutar de su variedad de plantas y descubrir sus recovecos; desde el monasterio de Santa Mar\u00eda hasta las cumbres de la Creu del Cardenal y el Cavall Bernat. Adem\u00e1s de senderistas, ciclistas y corredores de monta\u00f1a que tambi\u00e9n exploran la zona.<\/p>\n<h2>Rese\u00f1as de escalada de Alzira<\/h2>\n<p><b>Sector  Alexandre<\/b><br><img data-recalc-dims=\"1\" decoding=\"async\" class=\"alignnone size-full\" src=\"https:\/\/i0.wp.com\/www.valenciaclimb.com\/wp-content\/themes\/valenciaclimb\/topos\/ALZIRA_Llunatica_Alexandre.jpg?w=1600\" alt=\"ALZIRA_Llunatica_Alexandre\"><\/p><p style=\"font-size:14px;\"><b>1.-<\/b> <i>Masclet\u00e0 (7c+)<\/i>, <b>2.-<\/b> <i>No haces m\u00e1s grado porque te pesa el nabo (5+)<\/i>, <b>3.-<\/b> <i>Bra\u00e7man (7a)<\/i>, <b>4.-<\/b> <i>Redman (7b)<\/i>, <b>5.-<\/b> <i>El guardabosques (6b+)<\/i>, <b>6.-<\/b> <i>Xori\u00e7o Ger (6c)<\/i>, <b>7.-<\/b> <i>SN1 (6a+)<\/i>, <b>8.-<\/b> <i>Tati Tati (L1 6a+, L1+L2 6b+ (Sin presas artificiales 7b?\u00bf))<\/i>, <b>9.-<\/b> <i>SN2 (?)<\/i>, <b>10.-<\/b> <i>Falles, Traques i Bunyols (6a+)<\/i>, <b>11.-<\/b> <i>SN3 (6c)<\/i>, <b>12.-<\/b> <i>Marc (6c)<\/i>, <b>13.-<\/b> <i>Kawabil (7a)<\/i>, <b>14.-<\/b> <i>Llun\u00e0tica (7b+)<\/i>, <b>15.-<\/b> <i>Trancas y barrancas (7b)<\/i>, <b>16.-<\/b> <i>S\u00edndrome emocional (6b+)<\/i>, <b>17.-<\/b> <i>The master (50) (6c+)<\/i>, <b>18.-<\/b> <i>Costo culero (6c)<\/i>, <b>19.-<\/b> <i>SN4 (6c+)<\/i>, <b>20.-<\/b> <i>SN5 (6c+)<\/i>, <b>21.-<\/b> <i>SN6 (6c)<\/i>, <b>22.-<\/b> <i>Con la mierda en los sobacos (6b)<\/i>, <b>23.-<\/b> <i>SN7 (6b)<\/i>, <b>24.-<\/b> <i>SN8 (6a+)<\/i>, <b>25.-<\/b> <i>Pituflais (6a+)<\/i>, <b>26.-<\/b> <i>Jo Buseo (6b)<\/i>, <b>27.-<\/b> <i>SN9 (R1 5, R2 6a+)<\/i>, <b>28.-<\/b> <i>Alexandre (5)<\/i>.<\/p><p style=\"font-size:14px;\"><b><i class=\"fa fa-thumbs-up\"><\/i> V\u00edas recomendadas:<\/b> <b>10.-<\/b> <i>Falles, Traques i Bunyols (6a+)<\/i>, <b>16.-<\/b> <i>S\u00edndrome emocional (6b+)<\/i>.<\/p>\n<p><b>Sector Cogollets<\/b><br><p style=\"font-size:14px;\"><b>1.-<\/b> <i>SN1 (5+)<\/i>, <b>2.-<\/b> <i>El enano infiltrado (5+)<\/i>, <b>3.-<\/b> <i>SN2 (5+)<\/i>, <b>4.-<\/b> <i>SN3 (6a)<\/i>, <b>5.-<\/b> <i>SN4 (6a)<\/i>, <b>6.-<\/b> <i>SN5 (R1 6a, R2 6c+?)<\/i>, <b>7.-<\/b> <i>SN6 (6c)<\/i>, <b>8.-<\/b> <i>SN7 (6a+)<\/i>, <b>9.-<\/b> <i>Salvatje (L1 4+, L2 5+)<\/i>, <b>10.-<\/b> <i>Tanto mamas tanto vales (L1 5+, L2 5)<\/i>, <b>11.-<\/b> <i>SN8 (5+)<\/i>, <b>12.-<\/b> <i>Laja que raja (5+)<\/i>, <b>13.-<\/b> <i>Rita la cantaora (6a)<\/i>, <b>14.-<\/b> <i>Verdolaga sint\u00e9tica (5+)<\/i>, <b>15.-<\/b> <i>Espero Barreiro (6a)<\/i>.<\/p>\n<p><b>Sector Big Wall<\/b><br><img data-recalc-dims=\"1\" decoding=\"async\" class=\"alignnone size-full\" src=\"https:\/\/i0.wp.com\/www.valenciaclimb.com\/wp-content\/themes\/valenciaclimb\/topos\/ALZIRA_Big_Wall.jpg?w=1600\" alt=\"ALZIRA_Big_Wall\"><\/p><p style=\"font-size:14px;\"><b>1.-<\/b> <i>Esper\u00f3 Barreiros (L1 5+, L2 5)<\/i>, <b>2.-<\/b> <i>Atmosfera xunga (L1 6b, L2 5)<\/i>, <b>3.-<\/b> <i>Cogollets pals xiquets (L1 6a, L2 5)<\/i>, <b>4.-<\/b> <i>D'un madero sien llapisseros (L1 6a, L2 6a+)<\/i>, <b>5.-<\/b> <i>Envide la falta i truque (L1 6a, L2 6b+)<\/i>, <b>6.-<\/b> <i>Par\u00e0lisis facial (L1 5+, L2 5, L3 5)<\/i>, <b>7.-<\/b> <i>Fissuteraputa (5)<\/i>, <b>8.-<\/b> <i>Tot es perfecte (L1 5, L2 6b+)<\/i>, <b>9.-<\/b> <i>P.X (L1 4+, L2 4+, L3 5)<\/i>, <b>10.-<\/b> <i>Que hase un arpinista (L1 6a, L2 5+, L3 5+)<\/i>, <b>11.-<\/b> <i>Strangers in the night (L1 6b+, L2 6b, L3 6a)<\/i>, <b>12.-<\/b> <i>Silvester Mescalone (L1 6a, L2 6b+, L3 6a)<\/i>, <b>13.-<\/b> <i>Black ford man (6c+)<\/i>, <b>14.-<\/b> <i>El Burro de Filippo (L1 6b, L2 5+, L3 5+)<\/i>, <b>15.-<\/b> <i>La Caverna de Onam (L1 5+, L2 6a, L3 7a+)<\/i>, <b>16.-<\/b> <i>Directissima (L1 4+, L2 4+, L3 4+)<\/i>, <b>17.-<\/b> <i>Baxoqueta pa trencar (L1 5, L2 5+)<\/i>, <b>18.-<\/b> <i>Spigolo di pollastre (5)<\/i>, <b>19.-<\/b> <i>Diedre Alicatens (5+)<\/i>, <b>20.-<\/b> <i>Parr\u00fas andal\u00fas (L1 5, L2 6b+, L3 5+)<\/i>, <b>21.-<\/b> <i>Rebuffat (L1 5, L2 5)<\/i>, <b>22.-<\/b> <i>Passaboles pal G\u00fcac (L1 5, L2 6b)<\/i>.<\/p><p style=\"font-size:14px;\"><b><i class=\"fa fa-thumbs-up\"><\/i> V\u00edas recomendadas:<\/b> <b>14.-<\/b> <i>El Burro de Filippo (L1 6b, L2 5+, L3 5+)<\/i>, <b>16.-<\/b> <i>Directissima (L1 4+, L2 4+, L3 4+)<\/i>.<\/p>\n<p><b>Sector Platjeta<\/b><br><img data-recalc-dims=\"1\" decoding=\"async\" class=\"alignnone size-full\" src=\"https:\/\/i0.wp.com\/www.valenciaclimb.com\/wp-content\/themes\/valenciaclimb\/topos\/ALZIRA_Platjeta.jpg?w=1600\" alt=\"ALZIRA_Platjeta\"><\/p><p style=\"font-size:14px;\"><b>1.-<\/b> <i>SN 1 (5+)<\/i>, <b>2.-<\/b> <i>SN 2 (5+)<\/i>, <b>3.-<\/b> <i>Pituflai en el forfait (6c+)<\/i>, <b>4.-<\/b> <i>El Ni\u00f1o de la Zarpa (7a+)<\/i>, <b>5.-<\/b> <i>Me la fica dura (6c)<\/i>, <b>6.-<\/b> <i>Con el culo al aire (6a)<\/i>, <b>7.-<\/b> <i>SN3 (6b)<\/i>, <b>8.-<\/b> <i>Extremancio (7a)<\/i>, <b>9.-<\/b> <i>Marijuana vegetal (L1 6a+, L2 6b+)<\/i>, <b>10.-<\/b> <i>Afellation climbing quartet (L1 7a, L2 5+)<\/i>, <b>11.-<\/b> <i>Pai-Pai (?)<\/i>, <b>12.-<\/b> <i>Pistatxos (7a+)<\/i>, <b>13.-<\/b> <i>Ballantine\u00b4s (6c+)<\/i>, <b>14.-<\/b> <i>Ballantine's (entrada directa) (6c+)<\/i>, <b>15.-<\/b> <i>Humus xames (7b)<\/i>, <b>16.-<\/b> <i>El Chiquillo de la Zarpa (6c+)<\/i>, <b>17.-<\/b> <i>Carajillo de Gramoxone (6b)<\/i>, <b>18.-<\/b> <i>Con los faros enchufaos (6c)<\/i>, <b>19.-<\/b> <i>Marcando paquete (6c)<\/i>, <b>20.-<\/b> <i>SN6 (6a)<\/i>, <b>21.-<\/b> <i>SN7 (6b+)<\/i>, <b>22.-<\/b> <i>SN8 (6b+)<\/i>, <b>23.-<\/b> <i>SN9 (6b+)<\/i>, <b>24.-<\/b> <i>SN10 (6b?)<\/i>.<\/p><p style=\"font-size:14px;\"><b><i class=\"fa fa-thumbs-up\"><\/i> V\u00edas recomendadas:<\/b> <b>4.-<\/b> <i>El Ni\u00f1o de la Zarpa (7a+)<\/i>, <b>13.-<\/b> <i>Ballantine\u00b4s (6c+)<\/i>.<\/p>\n<p><b>Sector Emo y Dama<\/b><br><img data-recalc-dims=\"1\" decoding=\"async\" class=\"alignnone size-full\" src=\"https:\/\/i0.wp.com\/www.valenciaclimb.com\/wp-content\/themes\/valenciaclimb\/topos\/ALZIRA_Emo_y_Dama.jpg?w=1600\" alt=\"ALZIRA_Emo_y_Dama\"><\/p><p style=\"font-size:14px;\"><b>1.-<\/b> <i>Emocions de tardor (5+)<\/i>, <b>2.-<\/b> <i>El yate de mama (6b)<\/i>, <b>3.-<\/b> <i>Pass\u00f3 de rotovator (5+)<\/i>, <b>4.-<\/b> <i>Teorema de Gauss (5+)<\/i>, <b>5.-<\/b> <i>Atenci\u00f3n que puede haber rebote (6b)<\/i>, <b>6.-<\/b> <i>3 dimonis per a un pare (L1 Tiral\u00ed 4) (6c)<\/i>, <b>7.-<\/b> <i>Cremor tartaro (L1 Al coll\u00f3 4) (6c)<\/i>, <b>8.-<\/b> <i>Delirium tremens (L1 Ya te digo 4+) (6a)<\/i>, <b>9.-<\/b> <i>Jimmy Jazz (6a+)<\/i>, <b>10.-<\/b> <i>F.M.F. (Forner Molt Fort) (6a)<\/i>, <b>11.-<\/b> <i>Del gapel a tega sgifen les cogdes (6a)<\/i>, <b>12.-<\/b> <i>Extramoni infernal (L1 5, L2 5)<\/i>, <b>13.-<\/b> <i>SN10 (5\/6a)<\/i>, <b>14.-<\/b> <i>SN11 (5?)<\/i>, <b>15.-<\/b> <i>Sonrisa vertical (5)<\/i>, <b>16.-<\/b> <i>Tom Jones no em toques el collons (6b)<\/i>, <b>17.-<\/b> <i>Polvo catalitic (6a)<\/i>, <b>18.-<\/b> <i>Raul du Tacul (6a)<\/i>, <b>19.-<\/b> <i>SN12 (6a)<\/i>, <b>20.-<\/b> <i>La xati i el xoto (5+)<\/i>.<\/p><p style=\"font-size:14px;\"><b><i class=\"fa fa-thumbs-up\"><\/i> V\u00edas recomendadas:<\/b> <b>1.-<\/b> <i>Emocions de tardor (5+)<\/i>, <b>7.-<\/b> <i>Cremor tartaro (L1 Al coll\u00f3 4) (6c)<\/i>.<\/p>\n<p><b>Sector Llum<\/b><br><img data-recalc-dims=\"1\" decoding=\"async\" class=\"alignnone size-full\" src=\"https:\/\/i0.wp.com\/www.valenciaclimb.com\/wp-content\/themes\/valenciaclimb\/topos\/ALZIRA_Llum.jpg?w=1600\" alt=\"ALZIRA_Llum\"><\/p><p style=\"font-size:14px;\"><b>1.-<\/b> <i>Per tot el morro  (6a)<\/i>, <b>2.-<\/b> <i>SN1 (?)<\/i>, <b>3.-<\/b> <i>Bastarda (5)<\/i>, <b>4.-<\/b> <i>Llum P\u00e9rez L\u00f3pez (4+)<\/i>, <b>5.-<\/b> <i>Por Malague\u00f1as (6a)<\/i>, <b>6.-<\/b> <i>Por Cevillanas (6a+)<\/i>, <b>7.-<\/b> <i>Lady Amparito (6a)<\/i>, <b>8.-<\/b> <i>Fabada Navarro (5)<\/i>, <b>9.-<\/b> <i>SN2 (6a)<\/i>, <b>10.-<\/b> <i>Argilaga que empalaga (6a)<\/i>, <b>11.-<\/b> <i>SN3 (6a)<\/i>, <b>12.-<\/b> <i>SN4 (6b)<\/i>, <b>13.-<\/b> <i>Un blues que fa olor a parrus (6a)<\/i>, <b>14.-<\/b> <i>Que no se extinga la llama (5+)<\/i>, <b>15.-<\/b> <i>Dr. Feelgood (5)<\/i>, <b>16.-<\/b> <i>De sol a sol (4+)<\/i>, <b>17.-<\/b> <i>La process\u00f3 va per dins (4+)<\/i>, <b>18.-<\/b> <i>Un dia en la enfermeria (5)<\/i>.<\/p><p style=\"font-size:14px;\"><b><i class=\"fa fa-thumbs-up\"><\/i> V\u00edas recomendadas:<\/b> <b>14.-<\/b> <i>Que no se extinga la llama (5+)<\/i>, <b>16.-<\/b> <i>De sol a sol (4+)<\/i>.<\/p>\n<p><b>Sector Negrito<\/b><br><img data-recalc-dims=\"1\" decoding=\"async\" class=\"alignnone size-full\" src=\"https:\/\/i0.wp.com\/www.valenciaclimb.com\/wp-content\/themes\/valenciaclimb\/topos\/ALZIRA_Negrito.jpg?w=1600\" alt=\"ALZIRA_Negrito\"><\/p><p style=\"font-size:14px;\"><b>1.-<\/b> <i>El terror de la metralleta (4)<\/i>, <b>2.-<\/b> <i>Hasta aqui lleg\u00f3 la riada (4)<\/i>, <b>3.-<\/b> <i>Tirant lo Blanc (4)<\/i>, <b>4.-<\/b> <i>La paranoia de la noia (5)<\/i>, <b>5.-<\/b> <i>Directa moreno (6a)<\/i>, <b>6.-<\/b> <i>Voltio a la plantxa (5+)<\/i>, <b>7.-<\/b> <i>Negrito (5)<\/i>, <b>8.-<\/b> <i>Los girifotas del Bronx (5)<\/i>, <b>9.-<\/b> <i>Doce cascabeles tiene mi caballo (6b+)<\/i>, <b>10.-<\/b> <i>SN7 (6b+)<\/i>, <b>11.-<\/b> <i>SN8 (6c)<\/i>, <b>12.-<\/b> <i>Ejaculaci\u00f3 preco\u00e7 (6a)<\/i>, <b>13.-<\/b> <i>Biopotens (6a+)<\/i>, <b>14.-<\/b> <i>SN6 (7a)<\/i>, <b>15.-<\/b> <i>SNN7 (?)<\/i>.<\/p>","protected":false},"excerpt":{"rendered":"<p>A tan solo 50 minutos en coche desde Valencia, la zona de escalada de Alzira se esconde entre las monta\u00f1as del Paraje Natural de La Murta, muy cerca de la costa litoral mediterr\u00e1nea. La enorme pared de color rojizo se denomina Tallat Roig, con m\u00e1s de 60 metros de altura en su parte m\u00e1s alta [&hellip;]<\/p>\n","protected":false},"author":1,"featured_media":98,"parent":20,"menu_order":0,"comment_status":"closed","ping_status":"closed","template":"","meta":{"_joinchat":[],"footnotes":""},"class_list":["post-97","page","type-page","status-publish","has-post-thumbnail","hentry"],"yoast_head":"<!-- This site is optimized with the Yoast SEO plugin v27.5 - https:\/\/yoast.com\/product\/yoast-seo-wordpress\/ -->\n<title>Rock climbing in Tallat Roig, Alzira (Spain) - Routes and topos | Valencia Climb<\/title>\n<meta name=\"robots\" content=\"index, follow, max-snippet:-1, max-image-preview:large, max-video-preview:-1\" \/>\n<link rel=\"canonical\" href=\"https:\/\/www.valenciaclimb.com\/es\/climbing-areas\/alzira\/\" \/>\n<meta property=\"og:locale\" content=\"es_ES\" \/>\n<meta property=\"og:type\" content=\"article\" \/>\n<meta property=\"og:title\" content=\"Rock climbing in Tallat Roig, Alzira (Spain) - Routes and topos | Valencia Climb\" \/>\n<meta property=\"og:description\" content=\"A tan solo 50 minutos en coche desde Valencia, la zona de escalada de Alzira se esconde entre las monta\u00f1as del Paraje Natural de La Murta, muy cerca de la costa litoral mediterr\u00e1nea. La enorme pared de color rojizo se denomina Tallat Roig, con m\u00e1s de 60 metros de altura en su parte m\u00e1s alta [&hellip;]\" \/>\n<meta property=\"og:url\" content=\"https:\/\/www.valenciaclimb.com\/es\/climbing-areas\/alzira\/\" \/>\n<meta property=\"og:site_name\" content=\"Valencia Climb\" \/>\n<meta property=\"article:publisher\" content=\"https:\/\/www.facebook.com\/ValenciaClimb\" \/>\n<meta property=\"article:modified_time\" content=\"2020-05-10T09:28:19+00:00\" \/>\n<meta property=\"og:image\" content=\"https:\/\/i0.wp.com\/www.valenciaclimb.com\/wp-content\/uploads\/2018\/06\/area-alzira-1.jpg?fit=2100%2C1400&ssl=1\" \/>\n\t<meta property=\"og:image:width\" content=\"2100\" \/>\n\t<meta property=\"og:image:height\" content=\"1400\" \/>\n\t<meta property=\"og:image:type\" content=\"image\/jpeg\" \/>\n<meta name=\"twitter:card\" content=\"summary_large_image\" \/>\n<meta name=\"twitter:site\" content=\"@ValenciaClimb\" \/>\n<meta name=\"twitter:label1\" content=\"Tiempo de lectura\" \/>\n\t<meta name=\"twitter:data1\" content=\"2 minutos\" \/>\n<script type=\"application\/ld+json\" class=\"yoast-schema-graph\">{\"@context\":\"https:\\\/\\\/schema.org\",\"@graph\":[{\"@type\":\"WebPage\",\"@id\":\"https:\\\/\\\/www.valenciaclimb.com\\\/es\\\/climbing-areas\\\/alzira\\\/\",\"url\":\"https:\\\/\\\/www.valenciaclimb.com\\\/es\\\/climbing-areas\\\/alzira\\\/\",\"name\":\"Rock climbing in Tallat Roig, Alzira (Spain) - Routes and topos | Valencia Climb\",\"isPartOf\":{\"@id\":\"https:\\\/\\\/www.valenciaclimb.com\\\/es\\\/#website\"},\"primaryImageOfPage\":{\"@id\":\"https:\\\/\\\/www.valenciaclimb.com\\\/es\\\/climbing-areas\\\/alzira\\\/#primaryimage\"},\"image\":{\"@id\":\"https:\\\/\\\/www.valenciaclimb.com\\\/climbing-areas\\\/alzira\\\/#primaryimage\"},\"thumbnailUrl\":\"https:\\\/\\\/i0.wp.com\\\/www.valenciaclimb.com\\\/wp-content\\\/uploads\\\/2018\\\/06\\\/area-alzira-1.jpg?fit=2100%2C1400&ssl=1\",\"datePublished\":\"2018-06-26T15:23:55+00:00\",\"dateModified\":\"2020-05-10T09:28:19+00:00\",\"breadcrumb\":{\"@id\":\"https:\\\/\\\/www.valenciaclimb.com\\\/es\\\/climbing-areas\\\/alzira\\\/#breadcrumb\"},\"inLanguage\":\"es\",\"potentialAction\":[{\"@type\":\"ReadAction\",\"target\":[[\"https:\\\/\\\/www.valenciaclimb.com\\\/es\\\/climbing-areas\\\/alzira\\\/\"]]}]},{\"@type\":\"ImageObject\",\"inLanguage\":\"es\",\"@id\":\"https:\\\/\\\/www.valenciaclimb.com\\\/es\\\/climbing-areas\\\/alzira\\\/#primaryimage\",\"url\":\"https:\\\/\\\/i0.wp.com\\\/www.valenciaclimb.com\\\/wp-content\\\/uploads\\\/2018\\\/06\\\/area-alzira-1.jpg?fit=2100%2C1400&ssl=1\",\"contentUrl\":\"https:\\\/\\\/i0.wp.com\\\/www.valenciaclimb.com\\\/wp-content\\\/uploads\\\/2018\\\/06\\\/area-alzira-1.jpg?fit=2100%2C1400&ssl=1\",\"width\":2100,\"height\":1400,\"caption\":\"[:en]Vicent climbing in the sector Tallat Roig (Alzira).[:es]Vicent escalando en el sector Tallat Roig (Alzira).[:]\"},{\"@type\":\"BreadcrumbList\",\"@id\":\"https:\\\/\\\/www.valenciaclimb.com\\\/es\\\/climbing-areas\\\/alzira\\\/#breadcrumb\",\"itemListElement\":[{\"@type\":\"ListItem\",\"position\":1,\"name\":\"Home\",\"item\":\"https:\\\/\\\/www.valenciaclimb.com\\\/es\\\/\"},{\"@type\":\"ListItem\",\"position\":2,\"name\":\"Climbing areas\",\"item\":\"https:\\\/\\\/www.valenciaclimb.com\\\/es\\\/climbing-areas\\\/\"},{\"@type\":\"ListItem\",\"position\":3,\"name\":\"Alzira\"}]},{\"@type\":\"WebSite\",\"@id\":\"https:\\\/\\\/www.valenciaclimb.com\\\/es\\\/#website\",\"url\":\"https:\\\/\\\/www.valenciaclimb.com\\\/es\\\/\",\"name\":\"Valencia Climb\",\"description\":\"[:en]Rock climbing guides in Valencia, Spain[:es]Gu\u00edas de escalada en roca en Valencia, Espa\u00f1a[:]\",\"publisher\":{\"@id\":\"https:\\\/\\\/www.valenciaclimb.com\\\/es\\\/#organization\"},\"potentialAction\":[{\"@type\":\"SearchAction\",\"target\":{\"@type\":\"EntryPoint\",\"urlTemplate\":\"https:\\\/\\\/www.valenciaclimb.com\\\/es\\\/?s={search_term_string}\"},\"query-input\":{\"@type\":\"PropertyValueSpecification\",\"valueRequired\":true,\"valueName\":\"search_term_string\"}}],\"inLanguage\":\"es\"},{\"@type\":\"Organization\",\"@id\":\"https:\\\/\\\/www.valenciaclimb.com\\\/es\\\/#organization\",\"name\":\"Valencia Climb\",\"url\":\"https:\\\/\\\/www.valenciaclimb.com\\\/es\\\/\",\"logo\":{\"@type\":\"ImageObject\",\"inLanguage\":\"es\",\"@id\":\"https:\\\/\\\/www.valenciaclimb.com\\\/es\\\/#\\\/schema\\\/logo\\\/image\\\/\",\"url\":\"https:\\\/\\\/i0.wp.com\\\/www.valenciaclimb.com\\\/wp-content\\\/uploads\\\/2024\\\/09\\\/Captura-de-pantalla-2024-09-13-a-las-21.34.24.png?fit=674%2C696&ssl=1\",\"contentUrl\":\"https:\\\/\\\/i0.wp.com\\\/www.valenciaclimb.com\\\/wp-content\\\/uploads\\\/2024\\\/09\\\/Captura-de-pantalla-2024-09-13-a-las-21.34.24.png?fit=674%2C696&ssl=1\",\"width\":674,\"height\":696,\"caption\":\"Valencia Climb\"},\"image\":{\"@id\":\"https:\\\/\\\/www.valenciaclimb.com\\\/es\\\/#\\\/schema\\\/logo\\\/image\\\/\"},\"sameAs\":[\"https:\\\/\\\/www.facebook.com\\\/ValenciaClimb\",\"https:\\\/\\\/x.com\\\/ValenciaClimb\",\"https:\\\/\\\/www.instagram.com\\\/valenciaclimb\\\/\",\"https:\\\/\\\/www.youtube.com\\\/channel\\\/UCHSV6B-lmlpmv4RhMJ7Zv1w\"]}]}<\/script>\n<!-- \/ Yoast SEO plugin. -->","yoast_head_json":{"title":"Rock climbing in Tallat Roig, Alzira (Spain) - Routes and topos | Valencia Climb","robots":{"index":"index","follow":"follow","max-snippet":"max-snippet:-1","max-image-preview":"max-image-preview:large","max-video-preview":"max-video-preview:-1"},"canonical":"https:\/\/www.valenciaclimb.com\/es\/climbing-areas\/alzira\/","og_locale":"es_ES","og_type":"article","og_title":"Rock climbing in Tallat Roig, Alzira (Spain) - Routes and topos | Valencia Climb","og_description":"A tan solo 50 minutos en coche desde Valencia, la zona de escalada de Alzira se esconde entre las monta\u00f1as del Paraje Natural de La Murta, muy cerca de la costa litoral mediterr\u00e1nea. La enorme pared de color rojizo se denomina Tallat Roig, con m\u00e1s de 60 metros de altura en su parte m\u00e1s alta [&hellip;]","og_url":"https:\/\/www.valenciaclimb.com\/es\/climbing-areas\/alzira\/","og_site_name":"Valencia Climb","article_publisher":"https:\/\/www.facebook.com\/ValenciaClimb","article_modified_time":"2020-05-10T09:28:19+00:00","og_image":[{"width":2100,"height":1400,"url":"https:\/\/i0.wp.com\/www.valenciaclimb.com\/wp-content\/uploads\/2018\/06\/area-alzira-1.jpg?fit=2100%2C1400&ssl=1","type":"image\/jpeg"}],"twitter_card":"summary_large_image","twitter_site":"@ValenciaClimb","twitter_misc":{"Tiempo de lectura":"2 minutos"},"schema":{"@context":"https:\/\/schema.org","@graph":[{"@type":"WebPage","@id":"https:\/\/www.valenciaclimb.com\/es\/climbing-areas\/alzira\/","url":"https:\/\/www.valenciaclimb.com\/es\/climbing-areas\/alzira\/","name":"Rock climbing in Tallat Roig, Alzira (Spain) - Routes and topos | Valencia Climb","isPartOf":{"@id":"https:\/\/www.valenciaclimb.com\/es\/#website"},"primaryImageOfPage":{"@id":"https:\/\/www.valenciaclimb.com\/es\/climbing-areas\/alzira\/#primaryimage"},"image":{"@id":"https:\/\/www.valenciaclimb.com\/climbing-areas\/alzira\/#primaryimage"},"thumbnailUrl":"https:\/\/i0.wp.com\/www.valenciaclimb.com\/wp-content\/uploads\/2018\/06\/area-alzira-1.jpg?fit=2100%2C1400&ssl=1","datePublished":"2018-06-26T15:23:55+00:00","dateModified":"2020-05-10T09:28:19+00:00","breadcrumb":{"@id":"https:\/\/www.valenciaclimb.com\/es\/climbing-areas\/alzira\/#breadcrumb"},"inLanguage":"es","potentialAction":[{"@type":"ReadAction","target":[["https:\/\/www.valenciaclimb.com\/es\/climbing-areas\/alzira\/"]]}]},{"@type":"ImageObject","inLanguage":"es","@id":"https:\/\/www.valenciaclimb.com\/es\/climbing-areas\/alzira\/#primaryimage","url":"https:\/\/i0.wp.com\/www.valenciaclimb.com\/wp-content\/uploads\/2018\/06\/area-alzira-1.jpg?fit=2100%2C1400&ssl=1","contentUrl":"https:\/\/i0.wp.com\/www.valenciaclimb.com\/wp-content\/uploads\/2018\/06\/area-alzira-1.jpg?fit=2100%2C1400&ssl=1","width":2100,"height":1400,"caption":"[:en]Vicent climbing in the sector Tallat Roig (Alzira).[:es]Vicent escalando en el sector Tallat Roig (Alzira).[:]"},{"@type":"BreadcrumbList","@id":"https:\/\/www.valenciaclimb.com\/es\/climbing-areas\/alzira\/#breadcrumb","itemListElement":[{"@type":"ListItem","position":1,"name":"Home","item":"https:\/\/www.valenciaclimb.com\/es\/"},{"@type":"ListItem","position":2,"name":"Climbing areas","item":"https:\/\/www.valenciaclimb.com\/es\/climbing-areas\/"},{"@type":"ListItem","position":3,"name":"Alzira"}]},{"@type":"WebSite","@id":"https:\/\/www.valenciaclimb.com\/es\/#website","url":"https:\/\/www.valenciaclimb.com\/es\/","name":"Valencia Climb","description":"[:en]Rock climbing guides in Valencia, Spain[:es]Gu\u00edas de escalada en roca en Valencia, Espa\u00f1a[:]","publisher":{"@id":"https:\/\/www.valenciaclimb.com\/es\/#organization"},"potentialAction":[{"@type":"SearchAction","target":{"@type":"EntryPoint","urlTemplate":"https:\/\/www.valenciaclimb.com\/es\/?s={search_term_string}"},"query-input":{"@type":"PropertyValueSpecification","valueRequired":true,"valueName":"search_term_string"}}],"inLanguage":"es"},{"@type":"Organization","@id":"https:\/\/www.valenciaclimb.com\/es\/#organization","name":"Valencia Climb","url":"https:\/\/www.valenciaclimb.com\/es\/","logo":{"@type":"ImageObject","inLanguage":"es","@id":"https:\/\/www.valenciaclimb.com\/es\/#\/schema\/logo\/image\/","url":"https:\/\/i0.wp.com\/www.valenciaclimb.com\/wp-content\/uploads\/2024\/09\/Captura-de-pantalla-2024-09-13-a-las-21.34.24.png?fit=674%2C696&ssl=1","contentUrl":"https:\/\/i0.wp.com\/www.valenciaclimb.com\/wp-content\/uploads\/2024\/09\/Captura-de-pantalla-2024-09-13-a-las-21.34.24.png?fit=674%2C696&ssl=1","width":674,"height":696,"caption":"Valencia Climb"},"image":{"@id":"https:\/\/www.valenciaclimb.com\/es\/#\/schema\/logo\/image\/"},"sameAs":["https:\/\/www.facebook.com\/ValenciaClimb","https:\/\/x.com\/ValenciaClimb","https:\/\/www.instagram.com\/valenciaclimb\/","https:\/\/www.youtube.com\/channel\/UCHSV6B-lmlpmv4RhMJ7Zv1w"]}]}},"jetpack_sharing_enabled":true,"jetpack_shortlink":"https:\/\/wp.me\/P4fMb6-1z","_links":{"self":[{"href":"https:\/\/www.valenciaclimb.com\/es\/wp-json\/wp\/v2\/pages\/97","targetHints":{"allow":["GET"]}}],"collection":[{"href":"https:\/\/www.valenciaclimb.com\/es\/wp-json\/wp\/v2\/pages"}],"about":[{"href":"https:\/\/www.valenciaclimb.com\/es\/wp-json\/wp\/v2\/types\/page"}],"author":[{"embeddable":true,"href":"https:\/\/www.valenciaclimb.com\/es\/wp-json\/wp\/v2\/users\/1"}],"replies":[{"embeddable":true,"href":"https:\/\/www.valenciaclimb.com\/es\/wp-json\/wp\/v2\/comments?post=97"}],"version-history":[{"count":18,"href":"https:\/\/www.valenciaclimb.com\/es\/wp-json\/wp\/v2\/pages\/97\/revisions"}],"predecessor-version":[{"id":8186,"href":"https:\/\/www.valenciaclimb.com\/es\/wp-json\/wp\/v2\/pages\/97\/revisions\/8186"}],"up":[{"embeddable":true,"href":"https:\/\/www.valenciaclimb.com\/es\/wp-json\/wp\/v2\/pages\/20"}],"wp:featuredmedia":[{"embeddable":true,"href":"https:\/\/www.valenciaclimb.com\/es\/wp-json\/wp\/v2\/media\/98"}],"wp:attachment":[{"href":"https:\/\/www.valenciaclimb.com\/es\/wp-json\/wp\/v2\/media?parent=97"}],"curies":[{"name":"wp","href":"https:\/\/api.w.org\/{rel}","templated":true}]}}