{"id":65,"date":"2018-06-26T14:14:31","date_gmt":"2018-06-26T14:14:31","guid":{"rendered":"http:\/\/valenciaclimb.com\/?page_id=65"},"modified":"2021-01-18T18:36:40","modified_gmt":"2021-01-18T16:36:40","slug":"accommodation","status":"publish","type":"page","link":"https:\/\/www.valenciaclimb.com\/es\/alojamiento\/","title":{"rendered":"Alojamiento"},"content":{"rendered":"<h1>ALOJAMIENTO<\/h1>\n<p>Una de las cosas que m\u00e1s preocupa a los escaladores que visitan la zona es encontrar un alojamiento adecuado para las vacaciones de escalada en Valencia.<\/p>\n<p>Si planeas visitar diferentes zonas de escalada durante tu viaje, te recomendamos que te alojes en la ciudad, ya que est\u00e1 perfectamente ubicada con zonas de escalada en todas las direcciones (norte, sur y oeste), a una distancia promedio de una hora en coche. \u00a1Con la amplia gama de actividades que ofrece la ciudad, la diversi\u00f3n en los d\u00edas de descanso est\u00e1 asegurada! Valencia es perfecta para disfrutar de las vacaciones y descubrir la cultura espa\u00f1ola y la comida mediterr\u00e1nea.<\/p>\n<p>Sin embargo, si ya sabes d\u00f3nde quieres pasar tus vacaciones de escalada y deseas permanecer lo m\u00e1s cerca posible de las zonas de escalada, estos son algunos de los albergues y refugios que recomendamos para los escaladores que est\u00e1n viajando por Valencia.<br \/>\n<div class=\"su-row\"><div class=\"su-column su-column-size-1-3\"><div class=\"su-column-inner su-u-clearfix su-u-trim\">\n<h2><small>El Refugio <small>en Montanejos<\/small><\/small><\/h2>\n<p><img data-recalc-dims=\"1\" decoding=\"async\" src=\"https:\/\/i0.wp.com\/valenciaclimb.com\/wp-content\/uploads\/2018\/06\/accommodation-montanejos.jpg?w=1600\" alt=\"Alberge El Refugio en Montanejos\" \/>El albergue El Refugio est\u00e1 estrat\u00e9gicamente enclavado justo a la entrada del barranco de la Maimona donde se junta con el r\u00edo Mijares. A escasos minutos de las zonas de escalada y de las termas naturales, un lugar donde el trato y el servicio son impecables.<\/p>\n<p><a href=\"http:\/\/www.albergueelrefugio.com\/\" target=\"_blank\" rel=\"noopener noreferrer\"><i class=\"fa fa-external-link\"><\/i> Ver p\u00e1gina web<\/a> &#8211; <a href=\"mailto:alberguedharma@gmail.com\"><i class=\"fa fa-envelope-o\"><\/i> Enviar E-mail<\/a> &#8211; <a href=\"tel:+34 964 131 317\"><i class=\"fa fa-phone\"><\/i> Llamar<\/a> &#8211; <a href=\"https:\/\/goo.gl\/maps\/hTqBXUAJoKp\" target=\"_blank\" rel=\"noopener noreferrer\"><i class=\"fa fa-location-arrow\"><\/i> Localizaci\u00f3n<\/a><\/p>\n<\/div><\/div><div class=\"su-column su-column-size-1-3\"><div class=\"su-column-inner su-u-clearfix su-u-trim\">\n<h2><small>El Altico <small>en Chulilla<\/small><\/small><\/h2>\n<p><img data-recalc-dims=\"1\" decoding=\"async\" src=\"https:\/\/i0.wp.com\/valenciaclimb.com\/wp-content\/uploads\/2018\/06\/accommodation-altico.jpg?w=1600\" alt=\"El Altico en Chulilla\" \/>El Altico es el tranquilo refugio de escaladores guardado por Pedro Pons con las vistas m\u00e1s impresionantes del ca\u00f1\u00f3n de Chulilla. En el ambiente se respira escalada por todas partes y Pedro puede recomendarte las mejores v\u00edas de la zona.<\/p>\n<p><a href=\"http:\/\/www.elaltico.com\/\" target=\"_blank\" rel=\"noopener noreferrer\"><i class=\"fa fa-external-link\"><\/i> Ver p\u00e1gina web<\/a> &#8211; <a href=\"mailto:info@elaltico.com\"><i class=\"fa fa-envelope-o\"><\/i> Enviar E-mail<\/a> &#8211; <a href=\"tel:+34 650 829 240\"><i class=\"fa fa-phone\"><\/i> Llamar<\/a> &#8211; <a href=\"https:\/\/goo.gl\/maps\/KRvm7WKkNRo\" target=\"_blank\" rel=\"noopener noreferrer\"><i class=\"fa fa-location-arrow\"><\/i> Localizaci\u00f3n<\/a><\/p>\n<\/div><\/div><div class=\"su-column su-column-size-1-3\"><div class=\"su-column-inner su-u-clearfix su-u-trim\">\n<h2><small>La Casa Serena <small>en Chulilla<\/small><\/small><\/h2>\n<p><img data-recalc-dims=\"1\" decoding=\"async\" src=\"https:\/\/i0.wp.com\/valenciaclimb.com\/wp-content\/uploads\/2018\/06\/accommodation-serena.jpg?w=1600\" alt=\"Casa Serena en Chulilla\" \/>La Casa Serena ofrece r\u00e9gimen de alojamiento y desayuno en una casa de pueblo con mucho estilo en la reconocida zona de escalada de Chulilla. Sin duda un lugar muy tranquilo y acogedor que los escaladores eligen a menudo como lugar de descanso.<\/p>\n<p><a href=\"http:\/\/www.lacasaserenachulilla.com\/\" target=\"_blank\" rel=\"noopener noreferrer\"><i class=\"fa fa-external-link\"><\/i> Ver p\u00e1gina web<\/a> &#8211; <a href=\"mailto:info@lacasaserenachulilla.com\"><i class=\"fa fa-envelope-o\"><\/i> Enviar E-mail<\/a> &#8211; <a href=\"tel:+34 961 657 083\"><i class=\"fa fa-phone\"><\/i> Llamar<\/a> &#8211; <a href=\"https:\/\/goo.gl\/maps\/XHmpv81RRuQ2\" target=\"_blank\" rel=\"noopener noreferrer\"><i class=\"fa fa-location-arrow\"><\/i> Localizaci\u00f3n<\/a><\/p>\n<\/div><\/div><\/div>\n<div class=\"su-row\"><div class=\"su-column su-column-size-1-3\"><div class=\"su-column-inner su-u-clearfix su-u-trim\">\n<h2><small>Pe\u00f1a Mar\u00eda <small>en Gestalgar<\/small><\/small><\/h2>\n<p><img data-recalc-dims=\"1\" decoding=\"async\" src=\"https:\/\/i0.wp.com\/valenciaclimb.com\/wp-content\/uploads\/2018\/06\/area-gestalgar-1.jpg?w=1600\" alt=\"Albergue Pe\u00f1a Mar\u00eda en Gestalgar\" \/><br \/>\nEl albergue rural Pe\u00f1a Mar\u00eda en Gestalgar est\u00e1 guardado por equipadores locales que se encargan del desarrollo y mantenimiento de la zona. Un lugar muy agradable y con buenas opciones de escalada.<\/p>\n<p><a href=\"http:\/\/www.alberguegestalgar.com\/\" target=\"_blank\" rel=\"noopener noreferrer\"><i class=\"fa fa-external-link\"><\/i> Ver p\u00e1gina web<\/a> &#8211; <a href=\"mailto:nfo@alberguegestalgar.com\"><i class=\"fa fa-envelope-o\"><\/i> Enviar E-mail<\/a> &#8211; <a href=\"tel:+34 963 123 310\"><i class=\"fa fa-phone\"><\/i> Llamar<\/a> &#8211; <a href=\"https:\/\/goo.gl\/maps\/PqRDmNQ4bht\" target=\"_blank\" rel=\"noopener noreferrer\"><i class=\"fa fa-location-arrow\"><\/i> Localizaci\u00f3n<\/a><\/p>\n<\/div><\/div><div class=\"su-column su-column-size-1-3\"><div class=\"su-column-inner su-u-clearfix su-u-trim\">\n<h2><small>Refugio Font de L&#8217;Arc <small>en Sella<\/small><\/small><\/h2>\n<p><img data-recalc-dims=\"1\" decoding=\"async\" src=\"https:\/\/i0.wp.com\/valenciaclimb.com\/wp-content\/uploads\/2018\/06\/area-sella-1.jpg?w=1600\" alt=\"Refugio Font de L'Arc en Sella\" \/><br \/>\nEl Refugio Font de l&#8217;Arc en Sella es un refugio privado de escaladores que normalmente abre las vacaciones y los fines de semana. Est\u00e1 directamente situado en el parking de los sectores de escalada y la \u00fanica informaci\u00f3n de contacto es un perfil de Facebook.<\/p>\n<p><a href=\"https:\/\/www.facebook.com\/fran.ferezfernandez\" target=\"_blank\" rel=\"noopener noreferrer\"><i class=\"fa fa-external-link\"><\/i> Ver perfil de Facebook<\/a> &#8211; <a href=\"https:\/\/goo.gl\/maps\/gxeQha281rL2\" target=\"_blank\" rel=\"noopener noreferrer\"><i class=\"fa fa-location-arrow\"><\/i> Localizaci\u00f3n<\/a><\/p>\n<\/div><\/div><div class=\"su-column su-column-size-1-3\"><div class=\"su-column-inner su-u-clearfix su-u-trim\">\n<h2><small>Sandstone Guesthouse <small>en Albarracin<\/small><\/small><\/h2>\n<p><img data-recalc-dims=\"1\" decoding=\"async\" src=\"https:\/\/i0.wp.com\/valenciaclimb.com\/wp-content\/uploads\/2018\/06\/area-albarracin-12.jpg?w=1600\" alt=\"Sandstone Guesthouse en Albarracin\" \/><br \/>\nEl mejor alojamiento de Albarracin para escaladores. Desayuno incluido, alquiler de crash pad, habitaciones individuales \/ dobles o alquiler de casas.<\/p>\n<p><a href=\"https:\/\/sandstone-guesthouse.com\/\" target=\"_blank\" rel=\"noopener noreferrer\"><i class=\"fa fa-external-link\"><\/i> Ver p\u00e1gina web<\/a> &#8211; <a href=\"tel:+34 687 974 673\"><i class=\"fa fa-phone\"><\/i> Llamar<\/a> &#8211; <a href=\"https:\/\/goo.gl\/maps\/hKaKQWi59UU2\" target=\"_blank\" rel=\"noopener noreferrer\"><i class=\"fa fa-location-arrow\"><\/i> Localizaci\u00f3n<\/a><\/p>\n<\/div><\/div><\/div>\n<div class=\"su-row\"><div class=\"su-column su-column-size-1-3\"><div class=\"su-column-inner su-u-clearfix su-u-trim\">\n<h2><small>Refugio Alto Mijares <small>en Olba<\/small><\/small><\/h2>\n<p><img data-recalc-dims=\"1\" decoding=\"async\" src=\"https:\/\/i0.wp.com\/valenciaclimb.com\/wp-content\/uploads\/2018\/06\/accommodation-olba.jpg?w=1600\" alt=\"Refugio Alto Mijares en Olba\" \/><br \/>\nEl Refugio Alto Mijares est\u00e1 situado muy cerca de la zona de escalada. Est\u00e1 guardado por un grupo de amigos alemanes activos en la apertura de nuevos sectores y que se han encargado de la realizaci\u00f3n de la gu\u00eda.<\/p>\n<p><a href=\"http:\/\/altomijares.org\/refugio\/galerie\/\" target=\"_blank\" rel=\"noopener noreferrer\"><i class=\"fa fa-external-link\"><\/i> Ver p\u00e1gina web<\/a> &#8211; <a href=\"mailto:info@altomijares.org\"><i class=\"fa fa-envelope-o\"><\/i> Eviar E-mail<\/a> &#8211; <a href=\"tel:+34 602 553 676\"><i class=\"fa fa-phone\"><\/i> Llamar<\/a> &#8211; <a href=\"https:\/\/goo.gl\/maps\/ikiPChBqJrv\" target=\"_blank\" rel=\"noopener noreferrer\"><i class=\"fa fa-location-arrow\"><\/i> Localizaci\u00f3n<\/a><\/p>\n<\/div><\/div><div class=\"su-column su-column-size-1-3\"><div class=\"su-column-inner su-u-clearfix su-u-trim\"><\/div><\/div><div class=\"su-column su-column-size-1-3\"><div class=\"su-column-inner su-u-clearfix su-u-trim\"><\/div><\/div><\/div>","protected":false},"excerpt":{"rendered":"<p>ALOJAMIENTO Una de las cosas que m\u00e1s preocupa a los escaladores que visitan la zona es encontrar un alojamiento adecuado para las vacaciones de escalada en Valencia. Si planeas visitar diferentes zonas de escalada durante tu viaje, te recomendamos que te alojes en la ciudad, ya que est\u00e1 perfectamente ubicada con zonas de escalada en [&hellip;]<\/p>\n","protected":false},"author":1,"featured_media":0,"parent":0,"menu_order":0,"comment_status":"closed","ping_status":"open","template":"","meta":{"_joinchat":[],"footnotes":""},"class_list":["post-65","page","type-page","status-publish","hentry"],"yoast_head":"<!-- This site is optimized with the Yoast SEO plugin v27.4 - https:\/\/yoast.com\/product\/yoast-seo-wordpress\/ -->\n<title>Alojamiento para escaladores cerca de Valencia<\/title>\n<meta name=\"robots\" content=\"index, follow, max-snippet:-1, max-image-preview:large, max-video-preview:-1\" \/>\n<link rel=\"canonical\" href=\"https:\/\/www.valenciaclimb.com\/es\/alojamiento\/\" \/>\n<meta property=\"og:locale\" content=\"es_ES\" \/>\n<meta property=\"og:type\" content=\"article\" \/>\n<meta property=\"og:title\" content=\"Alojamiento para escaladores cerca de Valencia\" \/>\n<meta property=\"og:description\" content=\"ALOJAMIENTO Una de las cosas que m\u00e1s preocupa a los escaladores que visitan la zona es encontrar un alojamiento adecuado para las vacaciones de escalada en Valencia. Si planeas visitar diferentes zonas de escalada durante tu viaje, te recomendamos que te alojes en la ciudad, ya que est\u00e1 perfectamente ubicada con zonas de escalada en [&hellip;]\" \/>\n<meta property=\"og:url\" content=\"https:\/\/www.valenciaclimb.com\/es\/alojamiento\/\" \/>\n<meta property=\"og:site_name\" content=\"Valencia Climb\" \/>\n<meta property=\"article:publisher\" content=\"https:\/\/www.facebook.com\/ValenciaClimb\" \/>\n<meta property=\"article:modified_time\" content=\"2021-01-18T16:36:40+00:00\" \/>\n<meta property=\"og:image\" content=\"http:\/\/valenciaclimb.com\/wp-content\/uploads\/2018\/06\/accommodation-montanejos.jpg\" \/>\n<meta name=\"twitter:card\" content=\"summary_large_image\" \/>\n<meta name=\"twitter:site\" content=\"@ValenciaClimb\" \/>\n<meta name=\"twitter:label1\" content=\"Tiempo de lectura\" \/>\n\t<meta name=\"twitter:data1\" content=\"6 minutos\" \/>\n<script type=\"application\/ld+json\" class=\"yoast-schema-graph\">{\"@context\":\"https:\\\/\\\/schema.org\",\"@graph\":[{\"@type\":\"WebPage\",\"@id\":\"https:\\\/\\\/www.valenciaclimb.com\\\/es\\\/alojamiento\\\/\",\"url\":\"https:\\\/\\\/www.valenciaclimb.com\\\/es\\\/alojamiento\\\/\",\"name\":\"Alojamiento para escaladores cerca de Valencia\",\"isPartOf\":{\"@id\":\"https:\\\/\\\/www.valenciaclimb.com\\\/es\\\/#website\"},\"primaryImageOfPage\":{\"@id\":\"https:\\\/\\\/www.valenciaclimb.com\\\/es\\\/alojamiento\\\/#primaryimage\"},\"image\":{\"@id\":\"https:\\\/\\\/www.valenciaclimb.com\\\/es\\\/alojamiento\\\/#primaryimage\"},\"thumbnailUrl\":\"http:\\\/\\\/valenciaclimb.com\\\/wp-content\\\/uploads\\\/2018\\\/06\\\/accommodation-montanejos.jpg\",\"datePublished\":\"2018-06-26T14:14:31+00:00\",\"dateModified\":\"2021-01-18T16:36:40+00:00\",\"breadcrumb\":{\"@id\":\"https:\\\/\\\/www.valenciaclimb.com\\\/es\\\/alojamiento\\\/#breadcrumb\"},\"inLanguage\":\"es\",\"potentialAction\":[{\"@type\":\"ReadAction\",\"target\":[[\"https:\\\/\\\/www.valenciaclimb.com\\\/es\\\/alojamiento\\\/\"]]}]},{\"@type\":\"ImageObject\",\"inLanguage\":\"es\",\"@id\":\"https:\\\/\\\/www.valenciaclimb.com\\\/es\\\/alojamiento\\\/#primaryimage\",\"url\":\"http:\\\/\\\/valenciaclimb.com\\\/wp-content\\\/uploads\\\/2018\\\/06\\\/accommodation-montanejos.jpg\",\"contentUrl\":\"http:\\\/\\\/valenciaclimb.com\\\/wp-content\\\/uploads\\\/2018\\\/06\\\/accommodation-montanejos.jpg\"},{\"@type\":\"BreadcrumbList\",\"@id\":\"https:\\\/\\\/www.valenciaclimb.com\\\/es\\\/alojamiento\\\/#breadcrumb\",\"itemListElement\":[{\"@type\":\"ListItem\",\"position\":1,\"name\":\"Home\",\"item\":\"https:\\\/\\\/www.valenciaclimb.com\\\/es\\\/\"},{\"@type\":\"ListItem\",\"position\":2,\"name\":\"Alojamiento\"}]},{\"@type\":\"WebSite\",\"@id\":\"https:\\\/\\\/www.valenciaclimb.com\\\/es\\\/#website\",\"url\":\"https:\\\/\\\/www.valenciaclimb.com\\\/es\\\/\",\"name\":\"Valencia Climb\",\"description\":\"[:en]Rock climbing guides in Valencia, Spain[:es]Gu\u00edas de escalada en roca en Valencia, Espa\u00f1a[:]\",\"publisher\":{\"@id\":\"https:\\\/\\\/www.valenciaclimb.com\\\/es\\\/#organization\"},\"potentialAction\":[{\"@type\":\"SearchAction\",\"target\":{\"@type\":\"EntryPoint\",\"urlTemplate\":\"https:\\\/\\\/www.valenciaclimb.com\\\/es\\\/?s={search_term_string}\"},\"query-input\":{\"@type\":\"PropertyValueSpecification\",\"valueRequired\":true,\"valueName\":\"search_term_string\"}}],\"inLanguage\":\"es\"},{\"@type\":\"Organization\",\"@id\":\"https:\\\/\\\/www.valenciaclimb.com\\\/es\\\/#organization\",\"name\":\"Valencia Climb\",\"url\":\"https:\\\/\\\/www.valenciaclimb.com\\\/es\\\/\",\"logo\":{\"@type\":\"ImageObject\",\"inLanguage\":\"es\",\"@id\":\"https:\\\/\\\/www.valenciaclimb.com\\\/es\\\/#\\\/schema\\\/logo\\\/image\\\/\",\"url\":\"https:\\\/\\\/i0.wp.com\\\/www.valenciaclimb.com\\\/wp-content\\\/uploads\\\/2024\\\/09\\\/Captura-de-pantalla-2024-09-13-a-las-21.34.24.png?fit=674%2C696&ssl=1\",\"contentUrl\":\"https:\\\/\\\/i0.wp.com\\\/www.valenciaclimb.com\\\/wp-content\\\/uploads\\\/2024\\\/09\\\/Captura-de-pantalla-2024-09-13-a-las-21.34.24.png?fit=674%2C696&ssl=1\",\"width\":674,\"height\":696,\"caption\":\"Valencia Climb\"},\"image\":{\"@id\":\"https:\\\/\\\/www.valenciaclimb.com\\\/es\\\/#\\\/schema\\\/logo\\\/image\\\/\"},\"sameAs\":[\"https:\\\/\\\/www.facebook.com\\\/ValenciaClimb\",\"https:\\\/\\\/x.com\\\/ValenciaClimb\",\"https:\\\/\\\/www.instagram.com\\\/valenciaclimb\\\/\",\"https:\\\/\\\/www.youtube.com\\\/channel\\\/UCHSV6B-lmlpmv4RhMJ7Zv1w\"]}]}<\/script>\n<!-- \/ Yoast SEO plugin. -->","yoast_head_json":{"title":"Alojamiento para escaladores cerca de Valencia","robots":{"index":"index","follow":"follow","max-snippet":"max-snippet:-1","max-image-preview":"max-image-preview:large","max-video-preview":"max-video-preview:-1"},"canonical":"https:\/\/www.valenciaclimb.com\/es\/alojamiento\/","og_locale":"es_ES","og_type":"article","og_title":"Alojamiento para escaladores cerca de Valencia","og_description":"ALOJAMIENTO Una de las cosas que m\u00e1s preocupa a los escaladores que visitan la zona es encontrar un alojamiento adecuado para las vacaciones de escalada en Valencia. Si planeas visitar diferentes zonas de escalada durante tu viaje, te recomendamos que te alojes en la ciudad, ya que est\u00e1 perfectamente ubicada con zonas de escalada en [&hellip;]","og_url":"https:\/\/www.valenciaclimb.com\/es\/alojamiento\/","og_site_name":"Valencia Climb","article_publisher":"https:\/\/www.facebook.com\/ValenciaClimb","article_modified_time":"2021-01-18T16:36:40+00:00","og_image":[{"url":"http:\/\/valenciaclimb.com\/wp-content\/uploads\/2018\/06\/accommodation-montanejos.jpg","type":"","width":"","height":""}],"twitter_card":"summary_large_image","twitter_site":"@ValenciaClimb","twitter_misc":{"Tiempo de lectura":"6 minutos"},"schema":{"@context":"https:\/\/schema.org","@graph":[{"@type":"WebPage","@id":"https:\/\/www.valenciaclimb.com\/es\/alojamiento\/","url":"https:\/\/www.valenciaclimb.com\/es\/alojamiento\/","name":"Alojamiento para escaladores cerca de Valencia","isPartOf":{"@id":"https:\/\/www.valenciaclimb.com\/es\/#website"},"primaryImageOfPage":{"@id":"https:\/\/www.valenciaclimb.com\/es\/alojamiento\/#primaryimage"},"image":{"@id":"https:\/\/www.valenciaclimb.com\/es\/alojamiento\/#primaryimage"},"thumbnailUrl":"http:\/\/valenciaclimb.com\/wp-content\/uploads\/2018\/06\/accommodation-montanejos.jpg","datePublished":"2018-06-26T14:14:31+00:00","dateModified":"2021-01-18T16:36:40+00:00","breadcrumb":{"@id":"https:\/\/www.valenciaclimb.com\/es\/alojamiento\/#breadcrumb"},"inLanguage":"es","potentialAction":[{"@type":"ReadAction","target":[["https:\/\/www.valenciaclimb.com\/es\/alojamiento\/"]]}]},{"@type":"ImageObject","inLanguage":"es","@id":"https:\/\/www.valenciaclimb.com\/es\/alojamiento\/#primaryimage","url":"http:\/\/valenciaclimb.com\/wp-content\/uploads\/2018\/06\/accommodation-montanejos.jpg","contentUrl":"http:\/\/valenciaclimb.com\/wp-content\/uploads\/2018\/06\/accommodation-montanejos.jpg"},{"@type":"BreadcrumbList","@id":"https:\/\/www.valenciaclimb.com\/es\/alojamiento\/#breadcrumb","itemListElement":[{"@type":"ListItem","position":1,"name":"Home","item":"https:\/\/www.valenciaclimb.com\/es\/"},{"@type":"ListItem","position":2,"name":"Alojamiento"}]},{"@type":"WebSite","@id":"https:\/\/www.valenciaclimb.com\/es\/#website","url":"https:\/\/www.valenciaclimb.com\/es\/","name":"Valencia Climb","description":"[:en]Rock climbing guides in Valencia, Spain[:es]Gu\u00edas de escalada en roca en Valencia, Espa\u00f1a[:]","publisher":{"@id":"https:\/\/www.valenciaclimb.com\/es\/#organization"},"potentialAction":[{"@type":"SearchAction","target":{"@type":"EntryPoint","urlTemplate":"https:\/\/www.valenciaclimb.com\/es\/?s={search_term_string}"},"query-input":{"@type":"PropertyValueSpecification","valueRequired":true,"valueName":"search_term_string"}}],"inLanguage":"es"},{"@type":"Organization","@id":"https:\/\/www.valenciaclimb.com\/es\/#organization","name":"Valencia Climb","url":"https:\/\/www.valenciaclimb.com\/es\/","logo":{"@type":"ImageObject","inLanguage":"es","@id":"https:\/\/www.valenciaclimb.com\/es\/#\/schema\/logo\/image\/","url":"https:\/\/i0.wp.com\/www.valenciaclimb.com\/wp-content\/uploads\/2024\/09\/Captura-de-pantalla-2024-09-13-a-las-21.34.24.png?fit=674%2C696&ssl=1","contentUrl":"https:\/\/i0.wp.com\/www.valenciaclimb.com\/wp-content\/uploads\/2024\/09\/Captura-de-pantalla-2024-09-13-a-las-21.34.24.png?fit=674%2C696&ssl=1","width":674,"height":696,"caption":"Valencia Climb"},"image":{"@id":"https:\/\/www.valenciaclimb.com\/es\/#\/schema\/logo\/image\/"},"sameAs":["https:\/\/www.facebook.com\/ValenciaClimb","https:\/\/x.com\/ValenciaClimb","https:\/\/www.instagram.com\/valenciaclimb\/","https:\/\/www.youtube.com\/channel\/UCHSV6B-lmlpmv4RhMJ7Zv1w"]}]}},"jetpack_sharing_enabled":true,"jetpack_shortlink":"https:\/\/wp.me\/P4fMb6-13","_links":{"self":[{"href":"https:\/\/www.valenciaclimb.com\/es\/wp-json\/wp\/v2\/pages\/65","targetHints":{"allow":["GET"]}}],"collection":[{"href":"https:\/\/www.valenciaclimb.com\/es\/wp-json\/wp\/v2\/pages"}],"about":[{"href":"https:\/\/www.valenciaclimb.com\/es\/wp-json\/wp\/v2\/types\/page"}],"author":[{"embeddable":true,"href":"https:\/\/www.valenciaclimb.com\/es\/wp-json\/wp\/v2\/users\/1"}],"replies":[{"embeddable":true,"href":"https:\/\/www.valenciaclimb.com\/es\/wp-json\/wp\/v2\/comments?post=65"}],"version-history":[{"count":24,"href":"https:\/\/www.valenciaclimb.com\/es\/wp-json\/wp\/v2\/pages\/65\/revisions"}],"predecessor-version":[{"id":9723,"href":"https:\/\/www.valenciaclimb.com\/es\/wp-json\/wp\/v2\/pages\/65\/revisions\/9723"}],"wp:attachment":[{"href":"https:\/\/www.valenciaclimb.com\/es\/wp-json\/wp\/v2\/media?parent=65"}],"curies":[{"name":"wp","href":"https:\/\/api.w.org\/{rel}","templated":true}]}}