{"id":1992,"date":"2019-05-14T16:37:25","date_gmt":"2019-05-14T16:37:25","guid":{"rendered":"https:\/\/www.valenciaclimb.com\/?page_id=1992"},"modified":"2020-05-10T09:32:22","modified_gmt":"2020-05-10T09:32:22","slug":"puzol","status":"publish","type":"page","link":"https:\/\/www.valenciaclimb.com\/es\/zonas-escalada\/puzol\/","title":{"rendered":"Puzol"},"content":{"rendered":"Al norte de la ciudad de Valencia y muy cerca de la localidad de Puzol, donde la Sierra Calderona termina, se encuentra una pared de color marr\u00f3n con unas vistas privilegiadas al mar a la que los escaladores llaman las Pe\u00f1as de Guaita. Se trata probablemente de una de las escuelas de escalada m\u00e1s antigua de la Comunidad Valenciana y tambi\u00e9n de una de las m\u00e1s peque\u00f1as. Antiguamente se realizaban muchos cursos de escalada en esta pared debido a la proximidad de la ciudad y a la moderada dificultad de las v\u00edas. Dispone de un gran n\u00famero de v\u00edas entre III y IV grado, cosa dif\u00edcil de encontrar en una zona de escalada deportiva hoy en d\u00eda. Todo esto sumado a una corta y agradable aproximaci\u00f3n de 10&#8242; hace que la zona sea muy popular entre escaladores principiantes. Las vistas de Valencia y el castillo de Sagunto son inmejorables y los d\u00edas despejados se puede incluso ver la ciudad de Castell\u00f3n al norte y el perfil del Montg\u00f3 al sur.<\/p>\n<p>Las caracter\u00edsticas de la roca lo hacen un lugar id\u00f3neo para practicar todo tipo de t\u00e9cnicas de escalada ya que innumerables fisuras recorren la pared, posibilitando en muchos casos la auto protecci\u00f3n. Tambi\u00e9n hay algunas v\u00edas de varios largos, llegando hasta los 50m de altura. La roca, aunque algunos tramos no gozan de la mejor calidad, es de un tipo de caliza mezclado con arenisca que lo hace muy especial y agradable cuando es compacta y estable. <\/p>\n<div class=\"tiled-gallery type-rectangular tiled-gallery-unresized\" data-original-width=\"1600\" data-carousel-extra='{&quot;blog_id&quot;:1,&quot;permalink&quot;:&quot;https:\\\/\\\/www.valenciaclimb.com\\\/es\\\/zonas-escalada\\\/puzol\\\/&quot;,&quot;likes_blog_id&quot;:62865464}' itemscope itemtype=\"http:\/\/schema.org\/ImageGallery\" > <div class=\"gallery-row\" style=\"width: 1600px; height: 739px;\" data-original-width=\"1600\" data-original-height=\"739\" > <div class=\"gallery-group images-1\" style=\"width: 1106px; height: 739px;\" data-original-width=\"1106\" data-original-height=\"739\" > <div class=\"tiled-gallery-item tiled-gallery-item-large\" itemprop=\"associatedMedia\" itemscope itemtype=\"http:\/\/schema.org\/ImageObject\"> <a href=\"https:\/\/www.valenciaclimb.com\/es\/area-puzol-8\/\" border=\"0\" itemprop=\"url\"> <meta itemprop=\"width\" content=\"1102\"> <meta itemprop=\"height\" content=\"735\"> <img decoding=\"async\" class=\"\" data-attachment-id=\"2023\" data-orig-file=\"https:\/\/www.valenciaclimb.com\/wp-content\/uploads\/2019\/05\/area-puzol-8.jpg\" data-orig-size=\"1200,800\" data-comments-opened=\"\" data-image-meta=\"{&quot;aperture&quot;:&quot;5.6&quot;,&quot;credit&quot;:&quot;Pablo Benedito&quot;,&quot;camera&quot;:&quot;Canon EOS 6D&quot;,&quot;caption&quot;:&quot;&quot;,&quot;created_timestamp&quot;:&quot;1557923833&quot;,&quot;copyright&quot;:&quot;Photo by Pablo Benedito&quot;,&quot;focal_length&quot;:&quot;17&quot;,&quot;iso&quot;:&quot;100&quot;,&quot;shutter_speed&quot;:&quot;0.004&quot;,&quot;title&quot;:&quot;&quot;,&quot;orientation&quot;:&quot;0&quot;}\" data-image-title=\"Michelle disfrutando de un bautismo de escalada con nosotros en mayo de 2019.\" data-image-description=\"&lt;p&gt;Michelle disfrutando de un bautismo de escalada con nosotros en mayo de 2019.&lt;\/p&gt; \" data-medium-file=\"https:\/\/i0.wp.com\/www.valenciaclimb.com\/wp-content\/uploads\/2019\/05\/area-puzol-8.jpg?fit=300%2C200&#038;ssl=1\" data-large-file=\"https:\/\/i0.wp.com\/www.valenciaclimb.com\/wp-content\/uploads\/2019\/05\/area-puzol-8.jpg?fit=1024%2C683&#038;ssl=1\" src=\"https:\/\/i0.wp.com\/www.valenciaclimb.com\/wp-content\/uploads\/2019\/05\/area-puzol-8.jpg?w=1102&#038;h=735&#038;ssl=1\" srcset=\"https:\/\/i0.wp.com\/www.valenciaclimb.com\/wp-content\/uploads\/2019\/05\/area-puzol-8.jpg?w=1200&amp;ssl=1 1200w, https:\/\/i0.wp.com\/www.valenciaclimb.com\/wp-content\/uploads\/2019\/05\/area-puzol-8.jpg?resize=300%2C200&amp;ssl=1 300w, https:\/\/i0.wp.com\/www.valenciaclimb.com\/wp-content\/uploads\/2019\/05\/area-puzol-8.jpg?resize=768%2C512&amp;ssl=1 768w, https:\/\/i0.wp.com\/www.valenciaclimb.com\/wp-content\/uploads\/2019\/05\/area-puzol-8.jpg?resize=1024%2C683&amp;ssl=1 1024w, https:\/\/i0.wp.com\/www.valenciaclimb.com\/wp-content\/uploads\/2019\/05\/area-puzol-8.jpg?resize=1182%2C788&amp;ssl=1 1182w, https:\/\/i0.wp.com\/www.valenciaclimb.com\/wp-content\/uploads\/2019\/05\/area-puzol-8.jpg?resize=600%2C400&amp;ssl=1 600w\" width=\"1102\" height=\"735\" loading=\"lazy\" data-original-width=\"1102\" data-original-height=\"735\" itemprop=\"http:\/\/schema.org\/image\" title=\"Michelle disfrutando de un bautismo de escalada con nosotros en mayo de 2019.\" alt=\"Michelle disfrutando de un bautismo de escalada con nosotros en mayo de 2019.\" style=\"width: 1102px; height: 735px;\" \/> <\/a> <div class=\"tiled-gallery-caption\" itemprop=\"caption description\"> Michelle disfrutando de un bautismo de escalada con nosotros en mayo de 2019. <\/div> <\/div> <\/div> <!-- close group --> <div class=\"gallery-group images-1\" style=\"width: 494px; height: 739px;\" data-original-width=\"494\" data-original-height=\"739\" > <div class=\"tiled-gallery-item tiled-gallery-item-large\" itemprop=\"associatedMedia\" itemscope itemtype=\"http:\/\/schema.org\/ImageObject\"> <a href=\"https:\/\/www.valenciaclimb.com\/es\/area-puzol-7\/\" border=\"0\" itemprop=\"url\"> <meta itemprop=\"width\" content=\"490\"> <meta itemprop=\"height\" content=\"735\"> <img decoding=\"async\" class=\"\" data-attachment-id=\"2022\" data-orig-file=\"https:\/\/www.valenciaclimb.com\/wp-content\/uploads\/2019\/05\/area-puzol-7.jpg\" data-orig-size=\"800,1200\" data-comments-opened=\"\" data-image-meta=\"{&quot;aperture&quot;:&quot;4&quot;,&quot;credit&quot;:&quot;Pablo Benedito&quot;,&quot;camera&quot;:&quot;Canon EOS 6D&quot;,&quot;caption&quot;:&quot;&quot;,&quot;created_timestamp&quot;:&quot;1557924529&quot;,&quot;copyright&quot;:&quot;Photo by Pablo Benedito&quot;,&quot;focal_length&quot;:&quot;155&quot;,&quot;iso&quot;:&quot;100&quot;,&quot;shutter_speed&quot;:&quot;0.0015625&quot;,&quot;title&quot;:&quot;&quot;,&quot;orientation&quot;:&quot;0&quot;}\" data-image-title=\"Mary disfrutando de un bautismo de escalada con nosotros en mayo de 2019.\" data-image-description=\"&lt;p&gt;Mary disfrutando de un bautismo de escalada con nosotros en mayo de 2019.&lt;\/p&gt; \" data-medium-file=\"https:\/\/i0.wp.com\/www.valenciaclimb.com\/wp-content\/uploads\/2019\/05\/area-puzol-7.jpg?fit=200%2C300&#038;ssl=1\" data-large-file=\"https:\/\/i0.wp.com\/www.valenciaclimb.com\/wp-content\/uploads\/2019\/05\/area-puzol-7.jpg?fit=683%2C1024&#038;ssl=1\" src=\"https:\/\/i0.wp.com\/www.valenciaclimb.com\/wp-content\/uploads\/2019\/05\/area-puzol-7.jpg?w=490&#038;h=735&#038;ssl=1\" srcset=\"https:\/\/i0.wp.com\/www.valenciaclimb.com\/wp-content\/uploads\/2019\/05\/area-puzol-7.jpg?w=800&amp;ssl=1 800w, https:\/\/i0.wp.com\/www.valenciaclimb.com\/wp-content\/uploads\/2019\/05\/area-puzol-7.jpg?resize=200%2C300&amp;ssl=1 200w, https:\/\/i0.wp.com\/www.valenciaclimb.com\/wp-content\/uploads\/2019\/05\/area-puzol-7.jpg?resize=768%2C1152&amp;ssl=1 768w, https:\/\/i0.wp.com\/www.valenciaclimb.com\/wp-content\/uploads\/2019\/05\/area-puzol-7.jpg?resize=683%2C1024&amp;ssl=1 683w, https:\/\/i0.wp.com\/www.valenciaclimb.com\/wp-content\/uploads\/2019\/05\/area-puzol-7.jpg?resize=525%2C788&amp;ssl=1 525w, https:\/\/i0.wp.com\/www.valenciaclimb.com\/wp-content\/uploads\/2019\/05\/area-puzol-7.jpg?resize=600%2C900&amp;ssl=1 600w\" width=\"490\" height=\"735\" loading=\"lazy\" data-original-width=\"490\" data-original-height=\"735\" itemprop=\"http:\/\/schema.org\/image\" title=\"Mary disfrutando de un bautismo de escalada con nosotros en mayo de 2019.\" alt=\"Mary disfrutando de un bautismo de escalada con nosotros en mayo de 2019.\" style=\"width: 490px; height: 735px;\" \/> <\/a> <div class=\"tiled-gallery-caption\" itemprop=\"caption description\"> Mary disfrutando de un bautismo de escalada con nosotros en mayo de 2019. <\/div> <\/div> <\/div> <!-- close group --> <\/div> <!-- close row --> <div class=\"gallery-row\" style=\"width: 1600px; height: 311px;\" data-original-width=\"1600\" data-original-height=\"311\" > <div class=\"gallery-group images-1\" style=\"width: 464px; height: 311px;\" data-original-width=\"464\" data-original-height=\"311\" > <div class=\"tiled-gallery-item tiled-gallery-item-large\" itemprop=\"associatedMedia\" itemscope itemtype=\"http:\/\/schema.org\/ImageObject\"> <a href=\"https:\/\/www.valenciaclimb.com\/es\/area-puzol-1\/\" border=\"0\" itemprop=\"url\"> <meta itemprop=\"width\" content=\"460\"> <meta itemprop=\"height\" content=\"307\"> <img decoding=\"async\" class=\"\" data-attachment-id=\"1993\" data-orig-file=\"https:\/\/www.valenciaclimb.com\/wp-content\/uploads\/2019\/05\/area-puzol-1.jpg\" data-orig-size=\"1200,800\" data-comments-opened=\"\" data-image-meta=\"{&quot;aperture&quot;:&quot;2.8&quot;,&quot;credit&quot;:&quot;Pablo Benedito&quot;,&quot;camera&quot;:&quot;Canon EOS 6D&quot;,&quot;caption&quot;:&quot;&quot;,&quot;created_timestamp&quot;:&quot;1440894914&quot;,&quot;copyright&quot;:&quot;Photo by Pablo Benedito&quot;,&quot;focal_length&quot;:&quot;50&quot;,&quot;iso&quot;:&quot;400&quot;,&quot;shutter_speed&quot;:&quot;0.00625&quot;,&quot;title&quot;:&quot;&quot;,&quot;orientation&quot;:&quot;0&quot;}\" data-image-title=\"Las Pe\u00f1as de Guaita.\" data-image-description=\"&lt;p&gt;Las Pe\u00f1as de Guaita.&lt;\/p&gt; \" data-medium-file=\"https:\/\/i0.wp.com\/www.valenciaclimb.com\/wp-content\/uploads\/2019\/05\/area-puzol-1.jpg?fit=300%2C200&#038;ssl=1\" data-large-file=\"https:\/\/i0.wp.com\/www.valenciaclimb.com\/wp-content\/uploads\/2019\/05\/area-puzol-1.jpg?fit=1024%2C683&#038;ssl=1\" src=\"https:\/\/i0.wp.com\/www.valenciaclimb.com\/wp-content\/uploads\/2019\/05\/area-puzol-1.jpg?w=460&#038;h=307&#038;ssl=1\" srcset=\"https:\/\/i0.wp.com\/www.valenciaclimb.com\/wp-content\/uploads\/2019\/05\/area-puzol-1.jpg?w=1200&amp;ssl=1 1200w, https:\/\/i0.wp.com\/www.valenciaclimb.com\/wp-content\/uploads\/2019\/05\/area-puzol-1.jpg?resize=300%2C200&amp;ssl=1 300w, https:\/\/i0.wp.com\/www.valenciaclimb.com\/wp-content\/uploads\/2019\/05\/area-puzol-1.jpg?resize=768%2C512&amp;ssl=1 768w, https:\/\/i0.wp.com\/www.valenciaclimb.com\/wp-content\/uploads\/2019\/05\/area-puzol-1.jpg?resize=1024%2C683&amp;ssl=1 1024w, https:\/\/i0.wp.com\/www.valenciaclimb.com\/wp-content\/uploads\/2019\/05\/area-puzol-1.jpg?resize=1182%2C788&amp;ssl=1 1182w, https:\/\/i0.wp.com\/www.valenciaclimb.com\/wp-content\/uploads\/2019\/05\/area-puzol-1.jpg?resize=600%2C400&amp;ssl=1 600w\" width=\"460\" height=\"307\" loading=\"lazy\" data-original-width=\"460\" data-original-height=\"307\" itemprop=\"http:\/\/schema.org\/image\" title=\"Las Pe\u00f1as de Guaita.\" alt=\"Las Pe\u00f1as de Guaita.\" style=\"width: 460px; height: 307px;\" \/> <\/a> <div class=\"tiled-gallery-caption\" itemprop=\"caption description\"> Las Pe\u00f1as de Guaita. <\/div> <\/div> <\/div> <!-- close group --> <div class=\"gallery-group images-1\" style=\"width: 208px; height: 311px;\" data-original-width=\"208\" data-original-height=\"311\" > <div class=\"tiled-gallery-item tiled-gallery-item-small\" itemprop=\"associatedMedia\" itemscope itemtype=\"http:\/\/schema.org\/ImageObject\"> <a href=\"https:\/\/www.valenciaclimb.com\/es\/area-puzol-9\/\" border=\"0\" itemprop=\"url\"> <meta itemprop=\"width\" content=\"204\"> <meta itemprop=\"height\" content=\"307\"> <img decoding=\"async\" class=\"\" data-attachment-id=\"2024\" data-orig-file=\"https:\/\/www.valenciaclimb.com\/wp-content\/uploads\/2019\/05\/area-puzol-9.jpg\" data-orig-size=\"800,1200\" data-comments-opened=\"\" data-image-meta=\"{&quot;aperture&quot;:&quot;5.6&quot;,&quot;credit&quot;:&quot;Pablo Benedito&quot;,&quot;camera&quot;:&quot;Canon EOS 6D&quot;,&quot;caption&quot;:&quot;&quot;,&quot;created_timestamp&quot;:&quot;1557923175&quot;,&quot;copyright&quot;:&quot;Photo by Pablo Benedito&quot;,&quot;focal_length&quot;:&quot;17&quot;,&quot;iso&quot;:&quot;100&quot;,&quot;shutter_speed&quot;:&quot;0.003125&quot;,&quot;title&quot;:&quot;&quot;,&quot;orientation&quot;:&quot;0&quot;}\" data-image-title=\"Rachel disfrutando de un bautismo de escalada con nosotros en mayo de 2019.\" data-image-description=\"&lt;p&gt;Rachel disfrutando de un bautismo de escalada con nosotros en mayo de 2019.&lt;\/p&gt; \" data-medium-file=\"https:\/\/i0.wp.com\/www.valenciaclimb.com\/wp-content\/uploads\/2019\/05\/area-puzol-9.jpg?fit=200%2C300&#038;ssl=1\" data-large-file=\"https:\/\/i0.wp.com\/www.valenciaclimb.com\/wp-content\/uploads\/2019\/05\/area-puzol-9.jpg?fit=683%2C1024&#038;ssl=1\" src=\"https:\/\/i0.wp.com\/www.valenciaclimb.com\/wp-content\/uploads\/2019\/05\/area-puzol-9.jpg?w=204&#038;h=307&#038;ssl=1\" srcset=\"https:\/\/i0.wp.com\/www.valenciaclimb.com\/wp-content\/uploads\/2019\/05\/area-puzol-9.jpg?w=800&amp;ssl=1 800w, https:\/\/i0.wp.com\/www.valenciaclimb.com\/wp-content\/uploads\/2019\/05\/area-puzol-9.jpg?resize=200%2C300&amp;ssl=1 200w, https:\/\/i0.wp.com\/www.valenciaclimb.com\/wp-content\/uploads\/2019\/05\/area-puzol-9.jpg?resize=768%2C1152&amp;ssl=1 768w, https:\/\/i0.wp.com\/www.valenciaclimb.com\/wp-content\/uploads\/2019\/05\/area-puzol-9.jpg?resize=683%2C1024&amp;ssl=1 683w, https:\/\/i0.wp.com\/www.valenciaclimb.com\/wp-content\/uploads\/2019\/05\/area-puzol-9.jpg?resize=525%2C788&amp;ssl=1 525w, https:\/\/i0.wp.com\/www.valenciaclimb.com\/wp-content\/uploads\/2019\/05\/area-puzol-9.jpg?resize=600%2C900&amp;ssl=1 600w\" width=\"204\" height=\"307\" loading=\"lazy\" data-original-width=\"204\" data-original-height=\"307\" itemprop=\"http:\/\/schema.org\/image\" title=\"Rachel disfrutando de un bautismo de escalada con nosotros en mayo de 2019.\" alt=\"Rachel disfrutando de un bautismo de escalada con nosotros en mayo de 2019.\" style=\"width: 204px; height: 307px;\" \/> <\/a> <div class=\"tiled-gallery-caption\" itemprop=\"caption description\"> Rachel disfrutando de un bautismo de escalada con nosotros en mayo de 2019. <\/div> <\/div> <\/div> <!-- close group --> <div class=\"gallery-group images-1\" style=\"width: 464px; height: 311px;\" data-original-width=\"464\" data-original-height=\"311\" > <div class=\"tiled-gallery-item tiled-gallery-item-large\" itemprop=\"associatedMedia\" itemscope itemtype=\"http:\/\/schema.org\/ImageObject\"> <a href=\"https:\/\/www.valenciaclimb.com\/es\/area-puzol-2\/\" border=\"0\" itemprop=\"url\"> <meta itemprop=\"width\" content=\"460\"> <meta itemprop=\"height\" content=\"307\"> <img decoding=\"async\" class=\"\" data-attachment-id=\"1994\" data-orig-file=\"https:\/\/www.valenciaclimb.com\/wp-content\/uploads\/2019\/05\/area-puzol-2.jpg\" data-orig-size=\"1200,800\" data-comments-opened=\"\" data-image-meta=\"{&quot;aperture&quot;:&quot;4&quot;,&quot;credit&quot;:&quot;Pablo Benedito&quot;,&quot;camera&quot;:&quot;Canon EOS 6D&quot;,&quot;caption&quot;:&quot;&quot;,&quot;created_timestamp&quot;:&quot;1440894756&quot;,&quot;copyright&quot;:&quot;Photo by Pablo Benedito&quot;,&quot;focal_length&quot;:&quot;17&quot;,&quot;iso&quot;:&quot;200&quot;,&quot;shutter_speed&quot;:&quot;0.0125&quot;,&quot;title&quot;:&quot;&quot;,&quot;orientation&quot;:&quot;0&quot;}\" data-image-title=\"Vistas desde arriba.\" data-image-description=\"&lt;p&gt;Vistas desde arriba.&lt;\/p&gt; \" data-medium-file=\"https:\/\/i0.wp.com\/www.valenciaclimb.com\/wp-content\/uploads\/2019\/05\/area-puzol-2.jpg?fit=300%2C200&#038;ssl=1\" data-large-file=\"https:\/\/i0.wp.com\/www.valenciaclimb.com\/wp-content\/uploads\/2019\/05\/area-puzol-2.jpg?fit=1024%2C683&#038;ssl=1\" src=\"https:\/\/i0.wp.com\/www.valenciaclimb.com\/wp-content\/uploads\/2019\/05\/area-puzol-2.jpg?w=460&#038;h=307&#038;ssl=1\" srcset=\"https:\/\/i0.wp.com\/www.valenciaclimb.com\/wp-content\/uploads\/2019\/05\/area-puzol-2.jpg?w=1200&amp;ssl=1 1200w, https:\/\/i0.wp.com\/www.valenciaclimb.com\/wp-content\/uploads\/2019\/05\/area-puzol-2.jpg?resize=300%2C200&amp;ssl=1 300w, https:\/\/i0.wp.com\/www.valenciaclimb.com\/wp-content\/uploads\/2019\/05\/area-puzol-2.jpg?resize=768%2C512&amp;ssl=1 768w, https:\/\/i0.wp.com\/www.valenciaclimb.com\/wp-content\/uploads\/2019\/05\/area-puzol-2.jpg?resize=1024%2C683&amp;ssl=1 1024w, https:\/\/i0.wp.com\/www.valenciaclimb.com\/wp-content\/uploads\/2019\/05\/area-puzol-2.jpg?resize=1182%2C788&amp;ssl=1 1182w, https:\/\/i0.wp.com\/www.valenciaclimb.com\/wp-content\/uploads\/2019\/05\/area-puzol-2.jpg?resize=600%2C400&amp;ssl=1 600w\" width=\"460\" height=\"307\" loading=\"lazy\" data-original-width=\"460\" data-original-height=\"307\" itemprop=\"http:\/\/schema.org\/image\" title=\"Vistas desde arriba.\" alt=\"Vistas desde arriba.\" style=\"width: 460px; height: 307px;\" \/> <\/a> <div class=\"tiled-gallery-caption\" itemprop=\"caption description\"> Vistas desde arriba. <\/div> <\/div> <\/div> <!-- close group --> <div class=\"gallery-group images-1\" style=\"width: 464px; height: 311px;\" data-original-width=\"464\" data-original-height=\"311\" > <div class=\"tiled-gallery-item tiled-gallery-item-large\" itemprop=\"associatedMedia\" itemscope itemtype=\"http:\/\/schema.org\/ImageObject\"> <a href=\"https:\/\/www.valenciaclimb.com\/es\/area-puzol-3\/\" border=\"0\" itemprop=\"url\"> <meta itemprop=\"width\" content=\"460\"> <meta itemprop=\"height\" content=\"307\"> <img decoding=\"async\" class=\"\" data-attachment-id=\"1995\" data-orig-file=\"https:\/\/www.valenciaclimb.com\/wp-content\/uploads\/2019\/05\/area-puzol-3.jpg\" data-orig-size=\"1200,800\" data-comments-opened=\"\" data-image-meta=\"{&quot;aperture&quot;:&quot;2.8&quot;,&quot;credit&quot;:&quot;Pablo Benedito&quot;,&quot;camera&quot;:&quot;Canon EOS 6D&quot;,&quot;caption&quot;:&quot;&quot;,&quot;created_timestamp&quot;:&quot;1440895145&quot;,&quot;copyright&quot;:&quot;Photo by Pablo Benedito&quot;,&quot;focal_length&quot;:&quot;50&quot;,&quot;iso&quot;:&quot;800&quot;,&quot;shutter_speed&quot;:&quot;0.00625&quot;,&quot;title&quot;:&quot;&quot;,&quot;orientation&quot;:&quot;0&quot;}\" data-image-title=\"Daniel escalando en roca en Pe\u00f1as de Guaita.\" data-image-description=\"&lt;p&gt;Daniel escalando en roca en Pe\u00f1as de Guaita.&lt;\/p&gt; \" data-medium-file=\"https:\/\/i0.wp.com\/www.valenciaclimb.com\/wp-content\/uploads\/2019\/05\/area-puzol-3.jpg?fit=300%2C200&#038;ssl=1\" data-large-file=\"https:\/\/i0.wp.com\/www.valenciaclimb.com\/wp-content\/uploads\/2019\/05\/area-puzol-3.jpg?fit=1024%2C683&#038;ssl=1\" src=\"https:\/\/i0.wp.com\/www.valenciaclimb.com\/wp-content\/uploads\/2019\/05\/area-puzol-3.jpg?w=460&#038;h=307&#038;ssl=1\" srcset=\"https:\/\/i0.wp.com\/www.valenciaclimb.com\/wp-content\/uploads\/2019\/05\/area-puzol-3.jpg?w=1200&amp;ssl=1 1200w, https:\/\/i0.wp.com\/www.valenciaclimb.com\/wp-content\/uploads\/2019\/05\/area-puzol-3.jpg?resize=300%2C200&amp;ssl=1 300w, https:\/\/i0.wp.com\/www.valenciaclimb.com\/wp-content\/uploads\/2019\/05\/area-puzol-3.jpg?resize=768%2C512&amp;ssl=1 768w, https:\/\/i0.wp.com\/www.valenciaclimb.com\/wp-content\/uploads\/2019\/05\/area-puzol-3.jpg?resize=1024%2C683&amp;ssl=1 1024w, https:\/\/i0.wp.com\/www.valenciaclimb.com\/wp-content\/uploads\/2019\/05\/area-puzol-3.jpg?resize=1182%2C788&amp;ssl=1 1182w, https:\/\/i0.wp.com\/www.valenciaclimb.com\/wp-content\/uploads\/2019\/05\/area-puzol-3.jpg?resize=600%2C400&amp;ssl=1 600w\" width=\"460\" height=\"307\" loading=\"lazy\" data-original-width=\"460\" data-original-height=\"307\" itemprop=\"http:\/\/schema.org\/image\" title=\"Daniel escalando en roca en Pe\u00f1as de Guaita.\" alt=\"Daniel escalando en roca en Pe\u00f1as de Guaita.\" style=\"width: 460px; height: 307px;\" \/> <\/a> <div class=\"tiled-gallery-caption\" itemprop=\"caption description\"> Daniel escalando en roca en Pe\u00f1as de Guaita. <\/div> <\/div> <\/div> <!-- close group --> <\/div> <!-- close row --> <\/div>\n<h2>Rese\u00f1as de escalada de Puzol<\/h2>\n<p><b>Sector Pe\u00f1as de Guaita<\/b><br><p style=\"font-size:14px;\"><b>1.-<\/b> <i>Sostre Carajillo (5)<\/i>, <b>2.-<\/b> <i>Sostre Gerani (5)<\/i>, <b>3.-<\/b> <i>Bavaresa (3)<\/i>, <b>4.-<\/b> <i>Bavaresa desplom (6a)<\/i>, <b>5.-<\/b> <i>Garrofa (4)<\/i>, <b>6.-<\/b> <i>Castillo (3)<\/i>, <b>7.-<\/b> <i>Directa (4)<\/i>, <b>8.-<\/b> <i>Directa sostre (6a)<\/i>, <b>9.-<\/b> <i>Direct\u00edssima (4)<\/i>, <b>10.-<\/b> <i>Aranda M\u00fcller (3)<\/i>, <b>11.-<\/b> <i>Sostre Humphrey (5)<\/i>, <b>12.-<\/b> <i>Caballitos (4)<\/i>, <b>13.-<\/b> <i>Ex\u00e1men (3+)<\/i>, <b>14.-<\/b> <i>Abigail (6a)<\/i>, <b>15.-<\/b> <i>Pinxos (5)<\/i>, <b>16.-<\/b> <i>Ocho cereales con miel (5+)<\/i>, <b>17.-<\/b> <i>Montserratina (5)<\/i>, <b>18.-<\/b> <i>Aix\u00f2 no \u00e9s espeleo (5+)<\/i>, <b>19.-<\/b> <i>Extraviarius (6b+)<\/i>, <b>20.-<\/b> <i>Sitikaus Katapluf (6a+)<\/i>, <b>21.-<\/b> <i>Triolet (6c)<\/i>, <b>22.-<\/b> <i>Koyaniskuachy (6c+)<\/i>, <b>23.-<\/b> <i>Sense nom (6b)<\/i>, <b>24.-<\/b> <i>Blue think (6b)<\/i>, <b>25.-<\/b> <i>Sostre Verge (L1 V, L2 A2)<\/i>, <b>26.-<\/b> <i>Innovaci\u00f3 (6a)<\/i>, <b>27.-<\/b> <i>Piteres (L1 3, L2 5+, L3 4)<\/i>, <b>28.-<\/b> <i>Gavilanes (L1 5, L2 A2)<\/i>, <b>29.-<\/b> <i>Alta Piteres (L1 4, L2 5+)<\/i>, <b>30.-<\/b> <i>Sostre Giorgio (L1 A2, L2 5)<\/i>, <b>31.-<\/b> <i>Botella Aranda (L1 6a, L2 5+)<\/i>, <b>32.-<\/b> <i>Canal de Piteres (L1 5+, L2 5+)<\/i>.<\/p>","protected":false},"excerpt":{"rendered":"<p>Al norte de la ciudad de Valencia y muy cerca de la localidad de Puzol, donde la Sierra Calderona termina, se encuentra una pared de color marr\u00f3n con unas vistas privilegiadas al mar a la que los escaladores llaman las Pe\u00f1as de Guaita. Se trata probablemente de una de las escuelas de escalada m\u00e1s antigua [&hellip;]<\/p>\n","protected":false},"author":1,"featured_media":2023,"parent":20,"menu_order":0,"comment_status":"closed","ping_status":"closed","template":"","meta":{"_joinchat":[],"footnotes":""},"class_list":["post-1992","page","type-page","status-publish","has-post-thumbnail","hentry"],"yoast_head":"<!-- This site is optimized with the Yoast SEO plugin v27.5 - https:\/\/yoast.com\/product\/yoast-seo-wordpress\/ -->\n<title>Rock climbing in Pe\u00f1as de Guaita, Puzol (Spain) - Routes and topos | Valencia Climb<\/title>\n<meta name=\"robots\" content=\"index, follow, max-snippet:-1, max-image-preview:large, max-video-preview:-1\" \/>\n<link rel=\"canonical\" href=\"https:\/\/www.valenciaclimb.com\/es\/climbing-areas\/puzol\/\" \/>\n<meta property=\"og:locale\" content=\"es_ES\" \/>\n<meta property=\"og:type\" content=\"article\" \/>\n<meta property=\"og:title\" content=\"Rock climbing in Pe\u00f1as de Guaita, Puzol (Spain) - Routes and topos | Valencia Climb\" \/>\n<meta property=\"og:description\" content=\"Al norte de la ciudad de Valencia y muy cerca de la localidad de Puzol, donde la Sierra Calderona termina, se encuentra una pared de color marr\u00f3n con unas vistas privilegiadas al mar a la que los escaladores llaman las Pe\u00f1as de Guaita. Se trata probablemente de una de las escuelas de escalada m\u00e1s antigua [&hellip;]\" \/>\n<meta property=\"og:url\" content=\"https:\/\/www.valenciaclimb.com\/es\/climbing-areas\/puzol\/\" \/>\n<meta property=\"og:site_name\" content=\"Valencia Climb\" \/>\n<meta property=\"article:publisher\" content=\"https:\/\/www.facebook.com\/ValenciaClimb\" \/>\n<meta property=\"article:modified_time\" content=\"2020-05-10T09:32:22+00:00\" \/>\n<meta property=\"og:image\" content=\"https:\/\/i2.wp.com\/www.valenciaclimb.com\/wp-content\/uploads\/2019\/05\/area-puzol-8.jpg?fit=1200%2C800&ssl=1\" \/>\n\t<meta property=\"og:image:width\" content=\"1200\" \/>\n\t<meta property=\"og:image:height\" content=\"800\" \/>\n\t<meta property=\"og:image:type\" content=\"image\/jpeg\" \/>\n<meta name=\"twitter:card\" content=\"summary_large_image\" \/>\n<meta name=\"twitter:site\" content=\"@ValenciaClimb\" \/>\n<meta name=\"twitter:label1\" content=\"Tiempo de lectura\" \/>\n\t<meta name=\"twitter:data1\" content=\"3 minutos\" \/>\n<script type=\"application\/ld+json\" class=\"yoast-schema-graph\">{\"@context\":\"https:\\\/\\\/schema.org\",\"@graph\":[{\"@type\":\"WebPage\",\"@id\":\"https:\\\/\\\/www.valenciaclimb.com\\\/es\\\/climbing-areas\\\/puzol\\\/\",\"url\":\"https:\\\/\\\/www.valenciaclimb.com\\\/es\\\/climbing-areas\\\/puzol\\\/\",\"name\":\"Rock climbing in Pe\u00f1as de Guaita, Puzol (Spain) - Routes and topos | Valencia Climb\",\"isPartOf\":{\"@id\":\"https:\\\/\\\/www.valenciaclimb.com\\\/es\\\/#website\"},\"primaryImageOfPage\":{\"@id\":\"https:\\\/\\\/www.valenciaclimb.com\\\/es\\\/climbing-areas\\\/puzol\\\/#primaryimage\"},\"image\":{\"@id\":\"https:\\\/\\\/www.valenciaclimb.com\\\/climbing-areas\\\/puzol\\\/#primaryimage\"},\"thumbnailUrl\":\"https:\\\/\\\/i0.wp.com\\\/www.valenciaclimb.com\\\/wp-content\\\/uploads\\\/2019\\\/05\\\/area-puzol-8.jpg?fit=1200%2C800&ssl=1\",\"datePublished\":\"2019-05-14T16:37:25+00:00\",\"dateModified\":\"2020-05-10T09:32:22+00:00\",\"breadcrumb\":{\"@id\":\"https:\\\/\\\/www.valenciaclimb.com\\\/es\\\/climbing-areas\\\/puzol\\\/#breadcrumb\"},\"inLanguage\":\"es\",\"potentialAction\":[{\"@type\":\"ReadAction\",\"target\":[[\"https:\\\/\\\/www.valenciaclimb.com\\\/es\\\/climbing-areas\\\/puzol\\\/\"]]}]},{\"@type\":\"ImageObject\",\"inLanguage\":\"es\",\"@id\":\"https:\\\/\\\/www.valenciaclimb.com\\\/es\\\/climbing-areas\\\/puzol\\\/#primaryimage\",\"url\":\"https:\\\/\\\/i0.wp.com\\\/www.valenciaclimb.com\\\/wp-content\\\/uploads\\\/2019\\\/05\\\/area-puzol-8.jpg?fit=1200%2C800&ssl=1\",\"contentUrl\":\"https:\\\/\\\/i0.wp.com\\\/www.valenciaclimb.com\\\/wp-content\\\/uploads\\\/2019\\\/05\\\/area-puzol-8.jpg?fit=1200%2C800&ssl=1\",\"width\":1200,\"height\":800,\"caption\":\"[:en]Michelle enjoying on a rock climbing taster activity with us in May 2019.[:es]Michelle disfrutando de un bautismo de escalada con nosotros en mayo de 2019. [:]\"},{\"@type\":\"BreadcrumbList\",\"@id\":\"https:\\\/\\\/www.valenciaclimb.com\\\/es\\\/climbing-areas\\\/puzol\\\/#breadcrumb\",\"itemListElement\":[{\"@type\":\"ListItem\",\"position\":1,\"name\":\"Home\",\"item\":\"https:\\\/\\\/www.valenciaclimb.com\\\/es\\\/\"},{\"@type\":\"ListItem\",\"position\":2,\"name\":\"Climbing areas\",\"item\":\"https:\\\/\\\/www.valenciaclimb.com\\\/es\\\/climbing-areas\\\/\"},{\"@type\":\"ListItem\",\"position\":3,\"name\":\"Puzol\"}]},{\"@type\":\"WebSite\",\"@id\":\"https:\\\/\\\/www.valenciaclimb.com\\\/es\\\/#website\",\"url\":\"https:\\\/\\\/www.valenciaclimb.com\\\/es\\\/\",\"name\":\"Valencia Climb\",\"description\":\"[:en]Rock climbing guides in Valencia, Spain[:es]Gu\u00edas de escalada en roca en Valencia, Espa\u00f1a[:]\",\"publisher\":{\"@id\":\"https:\\\/\\\/www.valenciaclimb.com\\\/es\\\/#organization\"},\"potentialAction\":[{\"@type\":\"SearchAction\",\"target\":{\"@type\":\"EntryPoint\",\"urlTemplate\":\"https:\\\/\\\/www.valenciaclimb.com\\\/es\\\/?s={search_term_string}\"},\"query-input\":{\"@type\":\"PropertyValueSpecification\",\"valueRequired\":true,\"valueName\":\"search_term_string\"}}],\"inLanguage\":\"es\"},{\"@type\":\"Organization\",\"@id\":\"https:\\\/\\\/www.valenciaclimb.com\\\/es\\\/#organization\",\"name\":\"Valencia Climb\",\"url\":\"https:\\\/\\\/www.valenciaclimb.com\\\/es\\\/\",\"logo\":{\"@type\":\"ImageObject\",\"inLanguage\":\"es\",\"@id\":\"https:\\\/\\\/www.valenciaclimb.com\\\/es\\\/#\\\/schema\\\/logo\\\/image\\\/\",\"url\":\"https:\\\/\\\/i0.wp.com\\\/www.valenciaclimb.com\\\/wp-content\\\/uploads\\\/2024\\\/09\\\/Captura-de-pantalla-2024-09-13-a-las-21.34.24.png?fit=674%2C696&ssl=1\",\"contentUrl\":\"https:\\\/\\\/i0.wp.com\\\/www.valenciaclimb.com\\\/wp-content\\\/uploads\\\/2024\\\/09\\\/Captura-de-pantalla-2024-09-13-a-las-21.34.24.png?fit=674%2C696&ssl=1\",\"width\":674,\"height\":696,\"caption\":\"Valencia Climb\"},\"image\":{\"@id\":\"https:\\\/\\\/www.valenciaclimb.com\\\/es\\\/#\\\/schema\\\/logo\\\/image\\\/\"},\"sameAs\":[\"https:\\\/\\\/www.facebook.com\\\/ValenciaClimb\",\"https:\\\/\\\/x.com\\\/ValenciaClimb\",\"https:\\\/\\\/www.instagram.com\\\/valenciaclimb\\\/\",\"https:\\\/\\\/www.youtube.com\\\/channel\\\/UCHSV6B-lmlpmv4RhMJ7Zv1w\"]}]}<\/script>\n<!-- \/ Yoast SEO plugin. -->","yoast_head_json":{"title":"Rock climbing in Pe\u00f1as de Guaita, Puzol (Spain) - Routes and topos | Valencia Climb","robots":{"index":"index","follow":"follow","max-snippet":"max-snippet:-1","max-image-preview":"max-image-preview:large","max-video-preview":"max-video-preview:-1"},"canonical":"https:\/\/www.valenciaclimb.com\/es\/climbing-areas\/puzol\/","og_locale":"es_ES","og_type":"article","og_title":"Rock climbing in Pe\u00f1as de Guaita, Puzol (Spain) - Routes and topos | Valencia Climb","og_description":"Al norte de la ciudad de Valencia y muy cerca de la localidad de Puzol, donde la Sierra Calderona termina, se encuentra una pared de color marr\u00f3n con unas vistas privilegiadas al mar a la que los escaladores llaman las Pe\u00f1as de Guaita. Se trata probablemente de una de las escuelas de escalada m\u00e1s antigua [&hellip;]","og_url":"https:\/\/www.valenciaclimb.com\/es\/climbing-areas\/puzol\/","og_site_name":"Valencia Climb","article_publisher":"https:\/\/www.facebook.com\/ValenciaClimb","article_modified_time":"2020-05-10T09:32:22+00:00","og_image":[{"width":1200,"height":800,"url":"https:\/\/i2.wp.com\/www.valenciaclimb.com\/wp-content\/uploads\/2019\/05\/area-puzol-8.jpg?fit=1200%2C800&ssl=1","type":"image\/jpeg"}],"twitter_card":"summary_large_image","twitter_site":"@ValenciaClimb","twitter_misc":{"Tiempo de lectura":"3 minutos"},"schema":{"@context":"https:\/\/schema.org","@graph":[{"@type":"WebPage","@id":"https:\/\/www.valenciaclimb.com\/es\/climbing-areas\/puzol\/","url":"https:\/\/www.valenciaclimb.com\/es\/climbing-areas\/puzol\/","name":"Rock climbing in Pe\u00f1as de Guaita, Puzol (Spain) - Routes and topos | Valencia Climb","isPartOf":{"@id":"https:\/\/www.valenciaclimb.com\/es\/#website"},"primaryImageOfPage":{"@id":"https:\/\/www.valenciaclimb.com\/es\/climbing-areas\/puzol\/#primaryimage"},"image":{"@id":"https:\/\/www.valenciaclimb.com\/climbing-areas\/puzol\/#primaryimage"},"thumbnailUrl":"https:\/\/i0.wp.com\/www.valenciaclimb.com\/wp-content\/uploads\/2019\/05\/area-puzol-8.jpg?fit=1200%2C800&ssl=1","datePublished":"2019-05-14T16:37:25+00:00","dateModified":"2020-05-10T09:32:22+00:00","breadcrumb":{"@id":"https:\/\/www.valenciaclimb.com\/es\/climbing-areas\/puzol\/#breadcrumb"},"inLanguage":"es","potentialAction":[{"@type":"ReadAction","target":[["https:\/\/www.valenciaclimb.com\/es\/climbing-areas\/puzol\/"]]}]},{"@type":"ImageObject","inLanguage":"es","@id":"https:\/\/www.valenciaclimb.com\/es\/climbing-areas\/puzol\/#primaryimage","url":"https:\/\/i0.wp.com\/www.valenciaclimb.com\/wp-content\/uploads\/2019\/05\/area-puzol-8.jpg?fit=1200%2C800&ssl=1","contentUrl":"https:\/\/i0.wp.com\/www.valenciaclimb.com\/wp-content\/uploads\/2019\/05\/area-puzol-8.jpg?fit=1200%2C800&ssl=1","width":1200,"height":800,"caption":"[:en]Michelle enjoying on a rock climbing taster activity with us in May 2019.[:es]Michelle disfrutando de un bautismo de escalada con nosotros en mayo de 2019. [:]"},{"@type":"BreadcrumbList","@id":"https:\/\/www.valenciaclimb.com\/es\/climbing-areas\/puzol\/#breadcrumb","itemListElement":[{"@type":"ListItem","position":1,"name":"Home","item":"https:\/\/www.valenciaclimb.com\/es\/"},{"@type":"ListItem","position":2,"name":"Climbing areas","item":"https:\/\/www.valenciaclimb.com\/es\/climbing-areas\/"},{"@type":"ListItem","position":3,"name":"Puzol"}]},{"@type":"WebSite","@id":"https:\/\/www.valenciaclimb.com\/es\/#website","url":"https:\/\/www.valenciaclimb.com\/es\/","name":"Valencia Climb","description":"[:en]Rock climbing guides in Valencia, Spain[:es]Gu\u00edas de escalada en roca en Valencia, Espa\u00f1a[:]","publisher":{"@id":"https:\/\/www.valenciaclimb.com\/es\/#organization"},"potentialAction":[{"@type":"SearchAction","target":{"@type":"EntryPoint","urlTemplate":"https:\/\/www.valenciaclimb.com\/es\/?s={search_term_string}"},"query-input":{"@type":"PropertyValueSpecification","valueRequired":true,"valueName":"search_term_string"}}],"inLanguage":"es"},{"@type":"Organization","@id":"https:\/\/www.valenciaclimb.com\/es\/#organization","name":"Valencia Climb","url":"https:\/\/www.valenciaclimb.com\/es\/","logo":{"@type":"ImageObject","inLanguage":"es","@id":"https:\/\/www.valenciaclimb.com\/es\/#\/schema\/logo\/image\/","url":"https:\/\/i0.wp.com\/www.valenciaclimb.com\/wp-content\/uploads\/2024\/09\/Captura-de-pantalla-2024-09-13-a-las-21.34.24.png?fit=674%2C696&ssl=1","contentUrl":"https:\/\/i0.wp.com\/www.valenciaclimb.com\/wp-content\/uploads\/2024\/09\/Captura-de-pantalla-2024-09-13-a-las-21.34.24.png?fit=674%2C696&ssl=1","width":674,"height":696,"caption":"Valencia Climb"},"image":{"@id":"https:\/\/www.valenciaclimb.com\/es\/#\/schema\/logo\/image\/"},"sameAs":["https:\/\/www.facebook.com\/ValenciaClimb","https:\/\/x.com\/ValenciaClimb","https:\/\/www.instagram.com\/valenciaclimb\/","https:\/\/www.youtube.com\/channel\/UCHSV6B-lmlpmv4RhMJ7Zv1w"]}]}},"jetpack_sharing_enabled":true,"jetpack_shortlink":"https:\/\/wp.me\/P4fMb6-w8","_links":{"self":[{"href":"https:\/\/www.valenciaclimb.com\/es\/wp-json\/wp\/v2\/pages\/1992","targetHints":{"allow":["GET"]}}],"collection":[{"href":"https:\/\/www.valenciaclimb.com\/es\/wp-json\/wp\/v2\/pages"}],"about":[{"href":"https:\/\/www.valenciaclimb.com\/es\/wp-json\/wp\/v2\/types\/page"}],"author":[{"embeddable":true,"href":"https:\/\/www.valenciaclimb.com\/es\/wp-json\/wp\/v2\/users\/1"}],"replies":[{"embeddable":true,"href":"https:\/\/www.valenciaclimb.com\/es\/wp-json\/wp\/v2\/comments?post=1992"}],"version-history":[{"count":14,"href":"https:\/\/www.valenciaclimb.com\/es\/wp-json\/wp\/v2\/pages\/1992\/revisions"}],"predecessor-version":[{"id":8195,"href":"https:\/\/www.valenciaclimb.com\/es\/wp-json\/wp\/v2\/pages\/1992\/revisions\/8195"}],"up":[{"embeddable":true,"href":"https:\/\/www.valenciaclimb.com\/es\/wp-json\/wp\/v2\/pages\/20"}],"wp:featuredmedia":[{"embeddable":true,"href":"https:\/\/www.valenciaclimb.com\/es\/wp-json\/wp\/v2\/media\/2023"}],"wp:attachment":[{"href":"https:\/\/www.valenciaclimb.com\/es\/wp-json\/wp\/v2\/media?parent=1992"}],"curies":[{"name":"wp","href":"https:\/\/api.w.org\/{rel}","templated":true}]}}