{"id":124,"date":"2018-06-26T16:28:34","date_gmt":"2018-06-26T16:28:34","guid":{"rendered":"http:\/\/valenciaclimb.com\/?page_id=124"},"modified":"2020-05-10T09:35:21","modified_gmt":"2020-05-10T09:35:21","slug":"montesa","status":"publish","type":"page","link":"https:\/\/www.valenciaclimb.com\/es\/zonas-escalada\/montesa\/","title":{"rendered":"Montesa"},"content":{"rendered":"Montesa es un pueblo situado a los pies de una peque\u00f1a colina, coronada por las ruinas de un castillo medieval que goza de unas privilegiadas vistas de todo el valle. Se trata de una peque\u00f1a zona con bastantes v\u00edas de escalada sobre curiosas formaciones de roca caliza anaranjada con una fricci\u00f3n y adherencia muy especial. El aparcamiento se encuentra al lado de las ruinas del castillo, y un paseo de 5 minutos te llevar\u00e1 a la zona de escalada. Las v\u00edas suelen tener entre 10 y 20 metros de altura. El gran n\u00famero de v\u00edas f\u00e1ciles ha popularizado esta zona entre los escaladores principiantes y las familias, sobre todo durante los fines de semana de invierno. El tipo de roca es muy diferente del resto de zonas de escalada, y s\u00f3lo por eso ya merece la pena una visita.<\/p>\n<p>La mejor \u00e9poca para escalar en Montesa es el invierno y los d\u00edas nublados. Aunque hay diferentes orientaciones, las paredes reciben sol en su mayor\u00eda. Al lado del parking est\u00e1 el bar El Ramallar, que ofrece servicio a escaladores los fines de semana y tiene unas <i>llescas<\/i> deliciosas!<\/p>\n<div class=\"tiled-gallery type-rectangular tiled-gallery-unresized\" data-original-width=\"1600\" data-carousel-extra='{&quot;blog_id&quot;:1,&quot;permalink&quot;:&quot;https:\\\/\\\/www.valenciaclimb.com\\\/es\\\/zonas-escalada\\\/montesa\\\/&quot;,&quot;likes_blog_id&quot;:62865464}' itemscope itemtype=\"http:\/\/schema.org\/ImageGallery\" > <div class=\"gallery-row\" style=\"width: 1600px; height: 1130px;\" data-original-width=\"1600\" data-original-height=\"1130\" > <div class=\"gallery-group images-2\" style=\"width: 846px; height: 1130px;\" data-original-width=\"846\" data-original-height=\"1130\" > <div class=\"tiled-gallery-item tiled-gallery-item-large\" itemprop=\"associatedMedia\" itemscope itemtype=\"http:\/\/schema.org\/ImageObject\"> <a href=\"https:\/\/www.valenciaclimb.com\/es\/area-montesa-10\/\" border=\"0\" itemprop=\"url\"> <meta itemprop=\"width\" content=\"842\"> <meta itemprop=\"height\" content=\"561\"> <img decoding=\"async\" class=\"\" data-attachment-id=\"474\" data-orig-file=\"https:\/\/www.valenciaclimb.com\/wp-content\/uploads\/2018\/07\/area-montesa-10.jpg\" data-orig-size=\"1855,1236\" data-comments-opened=\"\" data-image-meta=\"{&quot;aperture&quot;:&quot;0&quot;,&quot;credit&quot;:&quot;&quot;,&quot;camera&quot;:&quot;&quot;,&quot;caption&quot;:&quot;&quot;,&quot;created_timestamp&quot;:&quot;0&quot;,&quot;copyright&quot;:&quot;&quot;,&quot;focal_length&quot;:&quot;0&quot;,&quot;iso&quot;:&quot;0&quot;,&quot;shutter_speed&quot;:&quot;0&quot;,&quot;title&quot;:&quot;&quot;,&quot;orientation&quot;:&quot;1&quot;}\" data-image-title=\"Nacho escalando en Montesa.\" data-image-description=\"&lt;p&gt;Nacho escalando en Montesa.&lt;\/p&gt; \" data-medium-file=\"https:\/\/i0.wp.com\/www.valenciaclimb.com\/wp-content\/uploads\/2018\/07\/area-montesa-10.jpg?fit=300%2C200&#038;ssl=1\" data-large-file=\"https:\/\/i0.wp.com\/www.valenciaclimb.com\/wp-content\/uploads\/2018\/07\/area-montesa-10.jpg?fit=1024%2C682&#038;ssl=1\" src=\"https:\/\/i0.wp.com\/www.valenciaclimb.com\/wp-content\/uploads\/2018\/07\/area-montesa-10.jpg?w=842&#038;h=561&#038;ssl=1\" srcset=\"https:\/\/i0.wp.com\/www.valenciaclimb.com\/wp-content\/uploads\/2018\/07\/area-montesa-10.jpg?w=1855&amp;ssl=1 1855w, https:\/\/i0.wp.com\/www.valenciaclimb.com\/wp-content\/uploads\/2018\/07\/area-montesa-10.jpg?resize=300%2C200&amp;ssl=1 300w, https:\/\/i0.wp.com\/www.valenciaclimb.com\/wp-content\/uploads\/2018\/07\/area-montesa-10.jpg?resize=768%2C512&amp;ssl=1 768w, https:\/\/i0.wp.com\/www.valenciaclimb.com\/wp-content\/uploads\/2018\/07\/area-montesa-10.jpg?resize=1024%2C682&amp;ssl=1 1024w, https:\/\/i0.wp.com\/www.valenciaclimb.com\/wp-content\/uploads\/2018\/07\/area-montesa-10.jpg?resize=1183%2C788&amp;ssl=1 1183w, https:\/\/i0.wp.com\/www.valenciaclimb.com\/wp-content\/uploads\/2018\/07\/area-montesa-10.jpg?resize=600%2C400&amp;ssl=1 600w\" width=\"842\" height=\"561\" loading=\"lazy\" data-original-width=\"842\" data-original-height=\"561\" itemprop=\"http:\/\/schema.org\/image\" title=\"Nacho escalando en Montesa.\" alt=\"Nacho escalando en Montesa.\" style=\"width: 842px; height: 561px;\" \/> <\/a> <div class=\"tiled-gallery-caption\" itemprop=\"caption description\"> Nacho escalando en Montesa. <\/div> <\/div> <div class=\"tiled-gallery-item tiled-gallery-item-large\" itemprop=\"associatedMedia\" itemscope itemtype=\"http:\/\/schema.org\/ImageObject\"> <a href=\"https:\/\/www.valenciaclimb.com\/es\/5-zonas-para-iniciarse-a-la-escalada-en-roca-en-valencia\/area-montesa-3\/\" border=\"0\" itemprop=\"url\"> <meta itemprop=\"width\" content=\"842\"> <meta itemprop=\"height\" content=\"561\"> <img decoding=\"async\" class=\"\" data-attachment-id=\"468\" data-orig-file=\"https:\/\/www.valenciaclimb.com\/wp-content\/uploads\/2018\/07\/area-montesa-3.jpg\" data-orig-size=\"2100,1400\" data-comments-opened=\"\" data-image-meta=\"{&quot;aperture&quot;:&quot;8&quot;,&quot;credit&quot;:&quot;&quot;,&quot;camera&quot;:&quot;SLT-A77V&quot;,&quot;caption&quot;:&quot;&quot;,&quot;created_timestamp&quot;:&quot;1413133261&quot;,&quot;copyright&quot;:&quot;&quot;,&quot;focal_length&quot;:&quot;18&quot;,&quot;iso&quot;:&quot;100&quot;,&quot;shutter_speed&quot;:&quot;0.033333333333333&quot;,&quot;title&quot;:&quot;&quot;,&quot;orientation&quot;:&quot;0&quot;}\" data-image-title=\"Marcha de aproximaci\u00f3n en Montesa.\" data-image-description=\"&lt;p&gt;Marcha de aproximaci\u00f3n en Montesa.&lt;\/p&gt; \" data-medium-file=\"https:\/\/i0.wp.com\/www.valenciaclimb.com\/wp-content\/uploads\/2018\/07\/area-montesa-3.jpg?fit=300%2C200&#038;ssl=1\" data-large-file=\"https:\/\/i0.wp.com\/www.valenciaclimb.com\/wp-content\/uploads\/2018\/07\/area-montesa-3.jpg?fit=1024%2C683&#038;ssl=1\" src=\"https:\/\/i0.wp.com\/www.valenciaclimb.com\/wp-content\/uploads\/2018\/07\/area-montesa-3.jpg?w=842&#038;h=561&#038;ssl=1\" srcset=\"https:\/\/i0.wp.com\/www.valenciaclimb.com\/wp-content\/uploads\/2018\/07\/area-montesa-3.jpg?w=2100&amp;ssl=1 2100w, https:\/\/i0.wp.com\/www.valenciaclimb.com\/wp-content\/uploads\/2018\/07\/area-montesa-3.jpg?resize=300%2C200&amp;ssl=1 300w, https:\/\/i0.wp.com\/www.valenciaclimb.com\/wp-content\/uploads\/2018\/07\/area-montesa-3.jpg?resize=768%2C512&amp;ssl=1 768w, https:\/\/i0.wp.com\/www.valenciaclimb.com\/wp-content\/uploads\/2018\/07\/area-montesa-3.jpg?resize=1024%2C683&amp;ssl=1 1024w, https:\/\/i0.wp.com\/www.valenciaclimb.com\/wp-content\/uploads\/2018\/07\/area-montesa-3.jpg?resize=1182%2C788&amp;ssl=1 1182w, https:\/\/i0.wp.com\/www.valenciaclimb.com\/wp-content\/uploads\/2018\/07\/area-montesa-3.jpg?resize=600%2C400&amp;ssl=1 600w\" width=\"842\" height=\"561\" loading=\"lazy\" data-original-width=\"842\" data-original-height=\"561\" itemprop=\"http:\/\/schema.org\/image\" title=\"Marcha de aproximaci\u00f3n en Montesa.\" alt=\"Marcha de aproximaci\u00f3n en Montesa.\" style=\"width: 842px; height: 561px;\" \/> <\/a> <div class=\"tiled-gallery-caption\" itemprop=\"caption description\"> Marcha de aproximaci\u00f3n en Montesa. <\/div> <\/div> <\/div> <!-- close group --> <div class=\"gallery-group images-1\" style=\"width: 754px; height: 1130px;\" data-original-width=\"754\" data-original-height=\"1130\" > <div class=\"tiled-gallery-item tiled-gallery-item-large\" itemprop=\"associatedMedia\" itemscope itemtype=\"http:\/\/schema.org\/ImageObject\"> <a href=\"https:\/\/www.valenciaclimb.com\/es\/area-montesa-9\/\" border=\"0\" itemprop=\"url\"> <meta itemprop=\"width\" content=\"750\"> <meta itemprop=\"height\" content=\"1126\"> <img decoding=\"async\" class=\"\" data-attachment-id=\"473\" data-orig-file=\"https:\/\/www.valenciaclimb.com\/wp-content\/uploads\/2018\/07\/area-montesa-9.jpg\" data-orig-size=\"1400,2100\" data-comments-opened=\"\" data-image-meta=\"{&quot;aperture&quot;:&quot;5.6&quot;,&quot;credit&quot;:&quot;&quot;,&quot;camera&quot;:&quot;SLT-A77V&quot;,&quot;caption&quot;:&quot;&quot;,&quot;created_timestamp&quot;:&quot;1413137483&quot;,&quot;copyright&quot;:&quot;&quot;,&quot;focal_length&quot;:&quot;16&quot;,&quot;iso&quot;:&quot;100&quot;,&quot;shutter_speed&quot;:&quot;0.0125&quot;,&quot;title&quot;:&quot;&quot;,&quot;orientation&quot;:&quot;0&quot;}\" data-image-title=\"Paisaje de Montesa.\" data-image-description=\"&lt;p&gt;Paisaje de Montesa.&lt;\/p&gt; \" data-medium-file=\"https:\/\/i0.wp.com\/www.valenciaclimb.com\/wp-content\/uploads\/2018\/07\/area-montesa-9.jpg?fit=200%2C300&#038;ssl=1\" data-large-file=\"https:\/\/i0.wp.com\/www.valenciaclimb.com\/wp-content\/uploads\/2018\/07\/area-montesa-9.jpg?fit=683%2C1024&#038;ssl=1\" src=\"https:\/\/i0.wp.com\/www.valenciaclimb.com\/wp-content\/uploads\/2018\/07\/area-montesa-9.jpg?w=750&#038;h=1126&#038;ssl=1\" srcset=\"https:\/\/i0.wp.com\/www.valenciaclimb.com\/wp-content\/uploads\/2018\/07\/area-montesa-9.jpg?w=1400&amp;ssl=1 1400w, https:\/\/i0.wp.com\/www.valenciaclimb.com\/wp-content\/uploads\/2018\/07\/area-montesa-9.jpg?resize=200%2C300&amp;ssl=1 200w, https:\/\/i0.wp.com\/www.valenciaclimb.com\/wp-content\/uploads\/2018\/07\/area-montesa-9.jpg?resize=768%2C1152&amp;ssl=1 768w, https:\/\/i0.wp.com\/www.valenciaclimb.com\/wp-content\/uploads\/2018\/07\/area-montesa-9.jpg?resize=683%2C1024&amp;ssl=1 683w, https:\/\/i0.wp.com\/www.valenciaclimb.com\/wp-content\/uploads\/2018\/07\/area-montesa-9.jpg?resize=525%2C788&amp;ssl=1 525w, https:\/\/i0.wp.com\/www.valenciaclimb.com\/wp-content\/uploads\/2018\/07\/area-montesa-9.jpg?resize=600%2C900&amp;ssl=1 600w\" width=\"750\" height=\"1126\" loading=\"lazy\" data-original-width=\"750\" data-original-height=\"1126\" itemprop=\"http:\/\/schema.org\/image\" title=\"Paisaje de Montesa.\" alt=\"Paisaje de Montesa.\" style=\"width: 750px; height: 1126px;\" \/> <\/a> <div class=\"tiled-gallery-caption\" itemprop=\"caption description\"> Paisaje de Montesa. <\/div> <\/div> <\/div> <!-- close group --> <\/div> <!-- close row --> <div class=\"gallery-row\" style=\"width: 1600px; height: 798px;\" data-original-width=\"1600\" data-original-height=\"798\" > <div class=\"gallery-group images-1\" style=\"width: 534px; height: 798px;\" data-original-width=\"534\" data-original-height=\"798\" > <div class=\"tiled-gallery-item tiled-gallery-item-large\" itemprop=\"associatedMedia\" itemscope itemtype=\"http:\/\/schema.org\/ImageObject\"> <a href=\"https:\/\/www.valenciaclimb.com\/es\/area-montesa-8\/\" border=\"0\" itemprop=\"url\"> <meta itemprop=\"width\" content=\"530\"> <meta itemprop=\"height\" content=\"794\"> <img decoding=\"async\" class=\"\" data-attachment-id=\"472\" data-orig-file=\"https:\/\/www.valenciaclimb.com\/wp-content\/uploads\/2018\/07\/area-montesa-8.jpg\" data-orig-size=\"1400,2100\" data-comments-opened=\"\" data-image-meta=\"{&quot;aperture&quot;:&quot;5.6&quot;,&quot;credit&quot;:&quot;Pablo Benedito&quot;,&quot;camera&quot;:&quot;Canon EOS 6D&quot;,&quot;caption&quot;:&quot;&quot;,&quot;created_timestamp&quot;:&quot;1490018056&quot;,&quot;copyright&quot;:&quot;Photo by Pablo Benedito&quot;,&quot;focal_length&quot;:&quot;70&quot;,&quot;iso&quot;:&quot;100&quot;,&quot;shutter_speed&quot;:&quot;0.0015625&quot;,&quot;title&quot;:&quot;&quot;,&quot;orientation&quot;:&quot;0&quot;}\" data-image-title=\"Millie escalando con nosotros en Montesa (2017).\" data-image-description=\"&lt;p&gt;Millie escalando con nosotros en Montesa (2017).&lt;\/p&gt; \" data-medium-file=\"https:\/\/i0.wp.com\/www.valenciaclimb.com\/wp-content\/uploads\/2018\/07\/area-montesa-8.jpg?fit=200%2C300&#038;ssl=1\" data-large-file=\"https:\/\/i0.wp.com\/www.valenciaclimb.com\/wp-content\/uploads\/2018\/07\/area-montesa-8.jpg?fit=683%2C1024&#038;ssl=1\" src=\"https:\/\/i0.wp.com\/www.valenciaclimb.com\/wp-content\/uploads\/2018\/07\/area-montesa-8.jpg?w=530&#038;h=794&#038;ssl=1\" srcset=\"https:\/\/i0.wp.com\/www.valenciaclimb.com\/wp-content\/uploads\/2018\/07\/area-montesa-8.jpg?w=1400&amp;ssl=1 1400w, https:\/\/i0.wp.com\/www.valenciaclimb.com\/wp-content\/uploads\/2018\/07\/area-montesa-8.jpg?resize=200%2C300&amp;ssl=1 200w, https:\/\/i0.wp.com\/www.valenciaclimb.com\/wp-content\/uploads\/2018\/07\/area-montesa-8.jpg?resize=768%2C1152&amp;ssl=1 768w, https:\/\/i0.wp.com\/www.valenciaclimb.com\/wp-content\/uploads\/2018\/07\/area-montesa-8.jpg?resize=683%2C1024&amp;ssl=1 683w, https:\/\/i0.wp.com\/www.valenciaclimb.com\/wp-content\/uploads\/2018\/07\/area-montesa-8.jpg?resize=525%2C788&amp;ssl=1 525w, https:\/\/i0.wp.com\/www.valenciaclimb.com\/wp-content\/uploads\/2018\/07\/area-montesa-8.jpg?resize=600%2C900&amp;ssl=1 600w\" width=\"530\" height=\"794\" loading=\"lazy\" data-original-width=\"530\" data-original-height=\"794\" itemprop=\"http:\/\/schema.org\/image\" title=\"Millie escalando con nosotros en Montesa (2017).\" alt=\"Millie escalando con nosotros en Montesa (2017).\" style=\"width: 530px; height: 794px;\" \/> <\/a> <div class=\"tiled-gallery-caption\" itemprop=\"caption description\"> Millie escalando con nosotros en Montesa (2017). <\/div> <\/div> <\/div> <!-- close group --> <div class=\"gallery-group images-1\" style=\"width: 533px; height: 798px;\" data-original-width=\"533\" data-original-height=\"798\" > <div class=\"tiled-gallery-item tiled-gallery-item-large\" itemprop=\"associatedMedia\" itemscope itemtype=\"http:\/\/schema.org\/ImageObject\"> <a href=\"https:\/\/www.valenciaclimb.com\/es\/area-montesa-6\/\" border=\"0\" itemprop=\"url\"> <meta itemprop=\"width\" content=\"529\"> <meta itemprop=\"height\" content=\"794\"> <img decoding=\"async\" class=\"\" data-attachment-id=\"471\" data-orig-file=\"https:\/\/www.valenciaclimb.com\/wp-content\/uploads\/2018\/07\/area-montesa-6.jpg\" data-orig-size=\"1400,2100\" data-comments-opened=\"\" data-image-meta=\"{&quot;aperture&quot;:&quot;8&quot;,&quot;credit&quot;:&quot;&quot;,&quot;camera&quot;:&quot;SLT-A77V&quot;,&quot;caption&quot;:&quot;&quot;,&quot;created_timestamp&quot;:&quot;1413136185&quot;,&quot;copyright&quot;:&quot;&quot;,&quot;focal_length&quot;:&quot;16&quot;,&quot;iso&quot;:&quot;100&quot;,&quot;shutter_speed&quot;:&quot;0.0125&quot;,&quot;title&quot;:&quot;&quot;,&quot;orientation&quot;:&quot;0&quot;}\" data-image-title=\"Victor y Nacho escalando en Montesa.\" data-image-description=\"&lt;p&gt;Victor y Nacho escalando en Montesa.&lt;\/p&gt; \" data-medium-file=\"https:\/\/i0.wp.com\/www.valenciaclimb.com\/wp-content\/uploads\/2018\/07\/area-montesa-6.jpg?fit=200%2C300&#038;ssl=1\" data-large-file=\"https:\/\/i0.wp.com\/www.valenciaclimb.com\/wp-content\/uploads\/2018\/07\/area-montesa-6.jpg?fit=683%2C1024&#038;ssl=1\" src=\"https:\/\/i0.wp.com\/www.valenciaclimb.com\/wp-content\/uploads\/2018\/07\/area-montesa-6.jpg?w=529&#038;h=794&#038;ssl=1\" srcset=\"https:\/\/i0.wp.com\/www.valenciaclimb.com\/wp-content\/uploads\/2018\/07\/area-montesa-6.jpg?w=1400&amp;ssl=1 1400w, https:\/\/i0.wp.com\/www.valenciaclimb.com\/wp-content\/uploads\/2018\/07\/area-montesa-6.jpg?resize=200%2C300&amp;ssl=1 200w, https:\/\/i0.wp.com\/www.valenciaclimb.com\/wp-content\/uploads\/2018\/07\/area-montesa-6.jpg?resize=768%2C1152&amp;ssl=1 768w, https:\/\/i0.wp.com\/www.valenciaclimb.com\/wp-content\/uploads\/2018\/07\/area-montesa-6.jpg?resize=683%2C1024&amp;ssl=1 683w, https:\/\/i0.wp.com\/www.valenciaclimb.com\/wp-content\/uploads\/2018\/07\/area-montesa-6.jpg?resize=525%2C788&amp;ssl=1 525w, https:\/\/i0.wp.com\/www.valenciaclimb.com\/wp-content\/uploads\/2018\/07\/area-montesa-6.jpg?resize=600%2C900&amp;ssl=1 600w\" width=\"529\" height=\"794\" loading=\"lazy\" data-original-width=\"529\" data-original-height=\"794\" itemprop=\"http:\/\/schema.org\/image\" title=\"Victor y Nacho escalando en Montesa.\" alt=\"Victor y Nacho escalando en Montesa.\" style=\"width: 529px; height: 794px;\" \/> <\/a> <div class=\"tiled-gallery-caption\" itemprop=\"caption description\"> Victor y Nacho escalando en Montesa. <\/div> <\/div> <\/div> <!-- close group --> <div class=\"gallery-group images-1\" style=\"width: 533px; height: 798px;\" data-original-width=\"533\" data-original-height=\"798\" > <div class=\"tiled-gallery-item tiled-gallery-item-large\" itemprop=\"associatedMedia\" itemscope itemtype=\"http:\/\/schema.org\/ImageObject\"> <a href=\"https:\/\/www.valenciaclimb.com\/es\/area-montesa-2\/\" border=\"0\" itemprop=\"url\"> <meta itemprop=\"width\" content=\"529\"> <meta itemprop=\"height\" content=\"794\"> <img decoding=\"async\" class=\"\" data-attachment-id=\"467\" data-orig-file=\"https:\/\/www.valenciaclimb.com\/wp-content\/uploads\/2018\/07\/area-montesa-2.jpg\" data-orig-size=\"1400,2100\" data-comments-opened=\"\" data-image-meta=\"{&quot;aperture&quot;:&quot;2.8&quot;,&quot;credit&quot;:&quot;&quot;,&quot;camera&quot;:&quot;SLT-A77V&quot;,&quot;caption&quot;:&quot;&quot;,&quot;created_timestamp&quot;:&quot;1413137812&quot;,&quot;copyright&quot;:&quot;&quot;,&quot;focal_length&quot;:&quot;40&quot;,&quot;iso&quot;:&quot;100&quot;,&quot;shutter_speed&quot;:&quot;0.004&quot;,&quot;title&quot;:&quot;&quot;,&quot;orientation&quot;:&quot;0&quot;}\" data-image-title=\"Ruinas del castillo de Montesa.\" data-image-description=\"&lt;p&gt;Ruinas del castillo de Montesa.&lt;\/p&gt; \" data-medium-file=\"https:\/\/i0.wp.com\/www.valenciaclimb.com\/wp-content\/uploads\/2018\/07\/area-montesa-2.jpg?fit=200%2C300&#038;ssl=1\" data-large-file=\"https:\/\/i0.wp.com\/www.valenciaclimb.com\/wp-content\/uploads\/2018\/07\/area-montesa-2.jpg?fit=683%2C1024&#038;ssl=1\" src=\"https:\/\/i0.wp.com\/www.valenciaclimb.com\/wp-content\/uploads\/2018\/07\/area-montesa-2.jpg?w=529&#038;h=794&#038;ssl=1\" srcset=\"https:\/\/i0.wp.com\/www.valenciaclimb.com\/wp-content\/uploads\/2018\/07\/area-montesa-2.jpg?w=1400&amp;ssl=1 1400w, https:\/\/i0.wp.com\/www.valenciaclimb.com\/wp-content\/uploads\/2018\/07\/area-montesa-2.jpg?resize=200%2C300&amp;ssl=1 200w, https:\/\/i0.wp.com\/www.valenciaclimb.com\/wp-content\/uploads\/2018\/07\/area-montesa-2.jpg?resize=768%2C1152&amp;ssl=1 768w, https:\/\/i0.wp.com\/www.valenciaclimb.com\/wp-content\/uploads\/2018\/07\/area-montesa-2.jpg?resize=683%2C1024&amp;ssl=1 683w, https:\/\/i0.wp.com\/www.valenciaclimb.com\/wp-content\/uploads\/2018\/07\/area-montesa-2.jpg?resize=525%2C788&amp;ssl=1 525w, https:\/\/i0.wp.com\/www.valenciaclimb.com\/wp-content\/uploads\/2018\/07\/area-montesa-2.jpg?resize=600%2C900&amp;ssl=1 600w\" width=\"529\" height=\"794\" loading=\"lazy\" data-original-width=\"529\" data-original-height=\"794\" itemprop=\"http:\/\/schema.org\/image\" title=\"Ruinas del castillo de Montesa.\" alt=\"Ruinas del castillo de Montesa.\" style=\"width: 529px; height: 794px;\" \/> <\/a> <div class=\"tiled-gallery-caption\" itemprop=\"caption description\"> Ruinas del castillo de Montesa. <\/div> <\/div> <\/div> <!-- close group --> <\/div> <!-- close row --> <\/div>\n<h2>Rese\u00f1as de escalada de Montesa<\/h2>\n<p><b>Sector Tormo gros<\/b><br><img data-recalc-dims=\"1\" decoding=\"async\" class=\"alignnone size-full\" src=\"https:\/\/i0.wp.com\/www.valenciaclimb.com\/wp-content\/themes\/valenciaclimb\/topos\/MONTESA_Tormo_gros.jpg?w=1600\" alt=\"MONTESA_Tormo_gros\"><\/p><p style=\"font-size:14px;\"><b>1.-<\/b> <i>Al\u00e8 gulleee (5)<\/i>, <b>2.-<\/b> <i>Wanted chorizo de chapuzas (5)<\/i>, <b>3.-<\/b> <i>Sola (5)<\/i>, <b>4.-<\/b> <i>Ultim\u00e1tum (5)<\/i>, <b>5.-<\/b> <i>Viadelina (5+)<\/i>, <b>6.-<\/b> <i>M\u00e1ximo orgasmo (6b)<\/i>, <b>7.-<\/b> <i>Selenta (5)<\/i>, <b>8.-<\/b> <i>Selenta dos (6a)<\/i>, <b>9.-<\/b> <i>Forta dos (5+)<\/i>, <b>10.-<\/b> <i>La forta (5+)<\/i>, <b>11.-<\/b> <i>Menira (5+)<\/i>, <b>12.-<\/b> <i>Rosa (4)<\/i>, <b>13.-<\/b> <i>L'amic Joan Grau (4)<\/i>, <b>14.-<\/b> <i>Pijus magnificus (6a+)<\/i>, <b>15.-<\/b> <i>Picha linda (6b+)<\/i>, <b>16.-<\/b> <i>Ox\u00edgen (6b)<\/i>, <b>17.-<\/b> <i>V.S.V. (6a+)<\/i>, <b>18.-<\/b> <i>C.B.S. (4)<\/i>, <b>19.-<\/b> <i>Free climbing (4+)<\/i>, <b>20.-<\/b> <i>Sherpa pertemba (5+)<\/i>, <b>21.-<\/b> <i>One ticket for Kentucky (7c)<\/i>, <b>22.-<\/b> <i>West (6b+)<\/i>, <b>23.-<\/b> <i>Ajetreos (6c+)<\/i>, <b>24.-<\/b> <i>Pin y pon (7a)<\/i>, <b>25.-<\/b> <i>7atan\u00e1s (6b+)<\/i>, <b>26.-<\/b> <i>Estariaguai (6b)<\/i>, <b>27.-<\/b> <i>La farigola (6a)<\/i>, <b>28.-<\/b> <i>Tira de la garrofera (5)<\/i>, <b>29.-<\/b> <i>Txikitxu (6b+)<\/i>, <b>30.-<\/b> <i>Qu\u00e9 fas? El porc! (6a)<\/i>, <b>31.-<\/b> <i>Poquet i b\u00f3 (6a+)<\/i>, <b>32.-<\/b> <i>La cartera (6b)<\/i>, <b>33.-<\/b> <i>La vall de Montesa (6c)<\/i>, <b>34.-<\/b> <i>La xunga (7b)<\/i>, <b>35.-<\/b> <i>Cinc estrelles (6c)<\/i>, <b>36.-<\/b> <i>Dol\u00e7aina astrall (6c+)<\/i>, <b>37.-<\/b> <i>Llepons (6c+)<\/i>, <b>38.-<\/b> <i>Mitja via (6c+)<\/i>, <b>39.-<\/b> <i>La variant de Jes\u00fas (7b)<\/i>, <b>40.-<\/b> <i>Montesejos (6b)<\/i>, <b>41.-<\/b> <i>Kikejant (7a)<\/i>, <b>42.-<\/b> <i>Taxibou (7a+)<\/i>, <b>43.-<\/b> <i>La vall de C\u00e0nyoles (7a+)<\/i>, <b>44.-<\/b> <i>Xativejos 94 (6c)<\/i>, <b>45.-<\/b> <i>Llagartijes (7a+)<\/i>, <b>46.-<\/b> <i>Todo lo que est\u00e1 en el suelo es pisable (5+)<\/i>, <b>47.-<\/b> <i>Me la sacar\u00e9 aunque tenga que colgar siete veces (6a+)<\/i>, <b>48.-<\/b> <i>. (?)<\/i>.<\/p><p style=\"font-size:14px;\"><b><i class=\"fa fa-thumbs-up\"><\/i> V\u00edas recomendadas:<\/b> <b>1.-<\/b> <i>Al\u00e8 gulleee (5)<\/i>, <b>35.-<\/b> <i>Cinc estrelles (6c)<\/i>, <b>39.-<\/b> <i>La variant de Jes\u00fas (7b)<\/i>, <b>40.-<\/b> <i>Montesejos (6b)<\/i>.<\/p>\n<div class=\"su-row\"><div class=\"su-column su-column-size-1-2\"><div class=\"su-column-inner su-u-clearfix su-u-trim\"><p><b>Sector La Placa y La Foradada<\/b><br><img data-recalc-dims=\"1\" decoding=\"async\" class=\"alignnone size-full\" src=\"https:\/\/i0.wp.com\/www.valenciaclimb.com\/wp-content\/themes\/valenciaclimb\/topos\/MONTESA_La_Placa_y_La_Foradada.jpg?w=1600\" alt=\"MONTESA_La_Placa_y_La_Foradada\"><\/p><p style=\"font-size:14px;\"><b>1.-<\/b> <i>El rac\u00f3 de Juliol (7c+\/8a)<\/i>, <b>2.-<\/b> <i>Tas lingao (8a+\/b)<\/i>, <b>3.-<\/b> <i>Enveja (8a+)<\/i>, <b>4.-<\/b> <i>Whisky a go-go (7a+)<\/i>, <b>5.-<\/b> <i>Revoluci\u00f3 en la Mola (7a)<\/i>, <b>6.-<\/b> <i>Sube los pies! (6c)<\/i>, <b>7.-<\/b> <i>Mola La Mola (6a)<\/i>, <b>8.-<\/b> <i>La rasta d'Elena (6a)<\/i>, <b>9.-<\/b> <i>Milio (6b+)<\/i>, <b>10.-<\/b> <i>Dag\u00f3n (6b+)<\/i>, <b>11.-<\/b> <i>Ning\u00fan drama (7a)<\/i>, <b>12.-<\/b> <i>Sense t\u00edtol (6c+)<\/i>, <b>13.-<\/b> <i>La foradada (6b+)<\/i>, <b>14.-<\/b> <i>Val\u00e8ria (?)<\/i>, <b>15.-<\/b> <i>Olgus nigra (7a)<\/i>, <b>16.-<\/b> <i>La Fura dels D\u00e8us (6b)<\/i>, <b>17.-<\/b> <i>Mestre Ricard (6a+)<\/i>, <b>18.-<\/b> <i>Tuli-lol\u00e0 (6a)<\/i>.<\/p><p style=\"font-size:14px;\"><b><i class=\"fa fa-thumbs-up\"><\/i> V\u00edas recomendadas:<\/b> <b>4.-<\/b> <i>Whisky a go-go (7a+)<\/i>, <b>10.-<\/b> <i>Dag\u00f3n (6b+)<\/i>, <b>11.-<\/b> <i>Ning\u00fan drama (7a)<\/i>, <b>12.-<\/b> <i>Sense t\u00edtol (6c+)<\/i>.<\/p><\/div><\/div><div class=\"su-column su-column-size-1-2\"><div class=\"su-column-inner su-u-clearfix su-u-trim\"><p><b>Sector Paret de la Mola<\/b><br><img data-recalc-dims=\"1\" decoding=\"async\" class=\"alignnone size-full\" src=\"https:\/\/i0.wp.com\/www.valenciaclimb.com\/wp-content\/themes\/valenciaclimb\/topos\/MONTESA_Paret_de_la_Mola.jpg?w=1600\" alt=\"MONTESA_Paret_de_la_Mola\"><\/p><p style=\"font-size:14px;\"><b>1.-<\/b> <i>L'oratge (6b)<\/i>, <b>2.-<\/b> <i>Per ac\u00ed Mixel no passa (6a+)<\/i>, <b>3.-<\/b> <i>Diedre g\u00fcay (5)<\/i>, <b>4.-<\/b> <i>Elo, el deu del vent (5+)<\/i>, <b>5.-<\/b> <i>Epiliano dels collons (5)<\/i>, <b>6.-<\/b> <i>Pic-pic (5)<\/i>, <b>7.-<\/b> <i>La colmena (6a+)<\/i>, <b>8.-<\/b> <i>La panxa (6b)<\/i>, <b>9.-<\/b> <i>Pepemite (6a+)<\/i>, <b>10.-<\/b> <i>La lluita dels caps (6b+)<\/i>, <b>11.-<\/b> <i>Xila (6a+)<\/i>, <b>12.-<\/b> <i>La Virgo (5+)<\/i>, <b>13.-<\/b> <i>Insubmissi\u00f2 (6a)<\/i>, <b>14.-<\/b> <i>Qu\u00e9 morro (6a+)<\/i>, <b>15.-<\/b> <i>Te la mango (6b+)<\/i>, <b>16.-<\/b> <i>Speed (6c+)<\/i>, <b>17.-<\/b> <i>L'espect\u00e0cul (6c)<\/i>, <b>18.-<\/b> <i>Quan la lluna flora (6c)<\/i>, <b>19.-<\/b> <i>Diedre de l'home dur (6b)<\/i>, <b>20.-<\/b> <i>Galteta roja i palad\u00edn (6a+)<\/i>, <b>21.-<\/b> <i>El nas de roseta (6a+)<\/i>.<\/p><p style=\"font-size:14px;\"><b><i class=\"fa fa-thumbs-up\"><\/i> V\u00edas recomendadas:<\/b> <b>8.-<\/b> <i>La panxa (6b)<\/i>, <b>12.-<\/b> <i>La Virgo (5+)<\/i>, <b>14.-<\/b> <i>Qu\u00e9 morro (6a+)<\/i>, <b>17.-<\/b> <i>L'espect\u00e0cul (6c)<\/i>, <b>18.-<\/b> <i>Quan la lluna flora (6c)<\/i>, <b>20.-<\/b> <i>Galteta roja i palad\u00edn (6a+)<\/i>.<\/p><\/div><\/div><\/div>\n<p><b>Sector Pedra Cristalina<\/b><br><img data-recalc-dims=\"1\" decoding=\"async\" class=\"alignnone size-full\" src=\"https:\/\/i0.wp.com\/www.valenciaclimb.com\/wp-content\/themes\/valenciaclimb\/topos\/MONTESA_Pedra_Cristalina.jpg?w=1600\" alt=\"MONTESA_Pedra_Cristalina\"><\/p><p style=\"font-size:14px;\"><b>1.-<\/b> <i>Auba (5)<\/i>, <b>2.-<\/b> <i>Quim (5+)<\/i>, <b>3.-<\/b> <i>Eric (4)<\/i>, <b>4.-<\/b> <i>Didac (4)<\/i>, <b>5.-<\/b> <i>Estel (5+)<\/i>, <b>6.-<\/b> <i>Mart\u00ed (6a)<\/i>, <b>7.-<\/b> <i>Emma (4+)<\/i>, <b>8.-<\/b> <i>Estornuts (6b)<\/i>, <b>9.-<\/b> <i>Ll\u00e1grimes en la pedra (7b)<\/i>, <b>10.-<\/b> <i>Lo m\u00e1s duro (7b+)<\/i>, <b>11.-<\/b> <i>Baltario, el frare escalador (6b)<\/i>, <b>12.-<\/b> <i>Caxi-baxe (7a+)<\/i>, <b>13.-<\/b> <i>Quedar\u00e1 en tu memoria (7a+)<\/i>, <b>14.-<\/b> <i>Me supura la fisura (6a)<\/i>, <b>15.-<\/b> <i>Ferr\u00e1n JB (6c)<\/i>, <b>16.-<\/b> <i>La llumeneta (6c+)<\/i>, <b>17.-<\/b> <i>Ag\u00e1rramela por el cuello Pepesi (6b+)<\/i>, <b>18.-<\/b> <i>Menhir (6a+)<\/i>, <b>19.-<\/b> <i>\u00a1A la mili quillo! (6a+)<\/i>, <b>20.-<\/b> <i>Cristal\u00b7lina (6a+)<\/i>, <b>21.-<\/b> <i>Colorines (6a+)<\/i>, <b>22.-<\/b> <i>Diedro besuco (5)<\/i>, <b>23.-<\/b> <i>La teor\u00eda palanca (5+)<\/i>, <b>24.-<\/b> <i>Variante de la teor\u00eda (6a)<\/i>, <b>25.-<\/b> <i>El paso del \u00e9mbolo (6a)<\/i>, <b>26.-<\/b> <i>Xorrollera Pinza Hut (6b)<\/i>, <b>27.-<\/b> <i>El forat negre (6a+)<\/i>, <b>28.-<\/b> <i>Isma (6b+)<\/i>, <b>29.-<\/b> <i>Pepe Blai (6a+)<\/i>, <b>30.-<\/b> <i>Joanot (6c)<\/i>, <b>31.-<\/b> <i>Patir\u00e1s tendinitis (6c)<\/i>, <b>32.-<\/b> <i>Patir\u00e0s d'estrenyiment (6c)<\/i>, <b>33.-<\/b> <i>La petjada de Tico (6a+)<\/i>, <b>34.-<\/b> <i>For ever (7c)<\/i>, <b>35.-<\/b> <i>Siniestra danza (7c)<\/i>, <b>36.-<\/b> <i>Diedre Snake-man (6b+)<\/i>, <b>37.-<\/b> <i>Erosi\u00f3n (6a)<\/i>, <b>38.-<\/b> <i>Centenario de v\u00edas (6a+)<\/i>, <b>39.-<\/b> <i>Ivana (6b)<\/i>, <b>40.-<\/b> <i>Lour (6a+)<\/i>, <b>41.-<\/b> <i>Informe policial (L1 4, L2 6a)<\/i>, <b>42.-<\/b> <i>Carta d'amor (L1 4, L2 5)<\/i>.<\/p><p style=\"font-size:14px;\"><b><i class=\"fa fa-thumbs-up\"><\/i> V\u00edas recomendadas:<\/b> <b>11.-<\/b> <i>Baltario, el frare escalador (6b)<\/i>, <b>14.-<\/b> <i>Me supura la fisura (6a)<\/i>, <b>15.-<\/b> <i>Ferr\u00e1n JB (6c)<\/i>, <b>36.-<\/b> <i>Diedre Snake-man (6b+)<\/i>.<\/p>\n<div class=\"su-row\"><div class=\"su-column su-column-size-1-2\"><div class=\"su-column-inner su-u-clearfix su-u-trim\"><p><b>Sector Rac\u00f3 del boticari<\/b><br><img data-recalc-dims=\"1\" decoding=\"async\" class=\"alignnone size-full\" src=\"https:\/\/i0.wp.com\/www.valenciaclimb.com\/wp-content\/themes\/valenciaclimb\/topos\/MONTESA_Raco_del_boticari.jpg?w=1600\" alt=\"MONTESA_Raco_del_boticari\"><\/p><p style=\"font-size:14px;\"><b>1.-<\/b> <i>Trepatroles (6c+)<\/i>, <b>2.-<\/b> <i>Reflex (6b)<\/i>, <b>3.-<\/b> <i>Cagall\u00f3 pre-hist\u00f2ric (6a+)<\/i>, <b>4.-<\/b> <i>Pasi\u00f3n por los dedos (6a)<\/i>, <b>5.-<\/b> <i>El sostre del sigr\u00f3 (6c)<\/i>, <b>6.-<\/b> <i>Albert Abad i cia (5+)<\/i>, <b>7.-<\/b> <i>Maldito escaf\u00f3ides (6a)<\/i>, <b>8.-<\/b> <i>Diedre del sensei ri (6a)<\/i>, <b>9.-<\/b> <i>Tricloroetano (5+)<\/i>, <b>10.-<\/b> <i>Profesor bacterio (5+)<\/i>, <b>11.-<\/b> <i>Calmatel (6b+)<\/i>, <b>12.-<\/b> <i>Trankimazin (6c+)<\/i>, <b>13.-<\/b> <i>Rompecantos (6b+)<\/i>, <b>14.-<\/b> <i>Mala reputaci\u00f3n (6a+)<\/i>, <b>15.-<\/b> <i>Los Ricardos (7b+)<\/i>, <b>16.-<\/b> <i>Pastillas Juanola (6c+)<\/i>, <b>17.-<\/b> <i>Las pastillas del doctor Albir (6b+)<\/i>.<\/p><p style=\"font-size:14px;\"><b><i class=\"fa fa-thumbs-up\"><\/i> V\u00edas recomendadas:<\/b> <b>16.-<\/b> <i>Pastillas Juanola (6c+)<\/i>.<\/p><\/div><\/div><div class=\"su-column su-column-size-1-2\"><div class=\"su-column-inner su-u-clearfix su-u-trim\"><p><b>Sector Romolandia<\/b><br><img data-recalc-dims=\"1\" decoding=\"async\" class=\"alignnone size-full\" src=\"https:\/\/i0.wp.com\/www.valenciaclimb.com\/wp-content\/themes\/valenciaclimb\/topos\/MONTESA_Romolandia.jpg?w=1600\" alt=\"MONTESA_Romolandia\"><\/p><p style=\"font-size:14px;\"><b>1.-<\/b> <i>Roma (4)<\/i>, <b>2.-<\/b> <i>El silencio de los romos (6c)<\/i>, <b>3.-<\/b> <i>El bueno, el romo y el feo (6c)<\/i>, <b>4.-<\/b> <i>Los romos gemelos y bin romo (6c)<\/i>, <b>5.-<\/b> <i>Rom (6c)<\/i>, <b>6.-<\/b> <i>Romolo y remo (6c+)<\/i>, <b>7.-<\/b> <i>Romeo y chungueta (7a+)<\/i>, <b>8.-<\/b> <i>Romotrom (6b)<\/i>, <b>9.-<\/b> <i>CD-romo (6b+)<\/i>, <b>10.-<\/b> <i>Romo-cop (6b+)<\/i>, <b>11.-<\/b> <i>Romolandia (6c)<\/i>, <b>12.-<\/b> <i>7 romos y un funeral (7a+)<\/i>, <b>13.-<\/b> <i>Duhast (5)<\/i>.<\/p><p style=\"font-size:14px;\"><b><i class=\"fa fa-thumbs-up\"><\/i> V\u00edas recomendadas:<\/b> <b>11.-<\/b> <i>Romolandia (6c)<\/i>.<\/p><\/div><\/div><\/div>","protected":false},"excerpt":{"rendered":"<p>Montesa es un pueblo situado a los pies de una peque\u00f1a colina, coronada por las ruinas de un castillo medieval que goza de unas privilegiadas vistas de todo el valle. Se trata de una peque\u00f1a zona con bastantes v\u00edas de escalada sobre curiosas formaciones de roca caliza anaranjada con una fricci\u00f3n y adherencia muy especial. [&hellip;]<\/p>\n","protected":false},"author":1,"featured_media":125,"parent":20,"menu_order":0,"comment_status":"closed","ping_status":"closed","template":"","meta":{"_joinchat":[],"footnotes":""},"class_list":["post-124","page","type-page","status-publish","has-post-thumbnail","hentry"],"yoast_head":"<!-- This site is optimized with the Yoast SEO plugin v27.5 - https:\/\/yoast.com\/product\/yoast-seo-wordpress\/ -->\n<title>Rock climbing in Montesa (Spain) - Routes and topos | Valencia Climb<\/title>\n<meta name=\"robots\" content=\"index, follow, max-snippet:-1, max-image-preview:large, max-video-preview:-1\" \/>\n<link rel=\"canonical\" href=\"https:\/\/www.valenciaclimb.com\/es\/climbing-areas\/montesa\/\" \/>\n<meta property=\"og:locale\" content=\"es_ES\" \/>\n<meta property=\"og:type\" content=\"article\" \/>\n<meta property=\"og:title\" content=\"Rock climbing in Montesa (Spain) - Routes and topos | Valencia Climb\" \/>\n<meta property=\"og:description\" content=\"Montesa es un pueblo situado a los pies de una peque\u00f1a colina, coronada por las ruinas de un castillo medieval que goza de unas privilegiadas vistas de todo el valle. Se trata de una peque\u00f1a zona con bastantes v\u00edas de escalada sobre curiosas formaciones de roca caliza anaranjada con una fricci\u00f3n y adherencia muy especial. [&hellip;]\" \/>\n<meta property=\"og:url\" content=\"https:\/\/www.valenciaclimb.com\/es\/climbing-areas\/montesa\/\" \/>\n<meta property=\"og:site_name\" content=\"Valencia Climb\" \/>\n<meta property=\"article:publisher\" content=\"https:\/\/www.facebook.com\/ValenciaClimb\" \/>\n<meta property=\"article:modified_time\" content=\"2020-05-10T09:35:21+00:00\" \/>\n<meta property=\"og:image\" content=\"https:\/\/i2.wp.com\/www.valenciaclimb.com\/wp-content\/uploads\/2018\/06\/area-montesa-1.jpg?fit=2100%2C1400&ssl=1\" \/>\n\t<meta property=\"og:image:width\" content=\"2100\" \/>\n\t<meta property=\"og:image:height\" content=\"1400\" \/>\n\t<meta property=\"og:image:type\" content=\"image\/jpeg\" \/>\n<meta name=\"twitter:card\" content=\"summary_large_image\" \/>\n<meta name=\"twitter:site\" content=\"@ValenciaClimb\" \/>\n<meta name=\"twitter:label1\" content=\"Tiempo de lectura\" \/>\n\t<meta name=\"twitter:data1\" content=\"2 minutos\" \/>\n<script type=\"application\/ld+json\" class=\"yoast-schema-graph\">{\"@context\":\"https:\\\/\\\/schema.org\",\"@graph\":[{\"@type\":\"WebPage\",\"@id\":\"https:\\\/\\\/www.valenciaclimb.com\\\/es\\\/climbing-areas\\\/montesa\\\/\",\"url\":\"https:\\\/\\\/www.valenciaclimb.com\\\/es\\\/climbing-areas\\\/montesa\\\/\",\"name\":\"Rock climbing in Montesa (Spain) - Routes and topos | Valencia Climb\",\"isPartOf\":{\"@id\":\"https:\\\/\\\/www.valenciaclimb.com\\\/es\\\/#website\"},\"primaryImageOfPage\":{\"@id\":\"https:\\\/\\\/www.valenciaclimb.com\\\/es\\\/climbing-areas\\\/montesa\\\/#primaryimage\"},\"image\":{\"@id\":\"https:\\\/\\\/www.valenciaclimb.com\\\/climbing-areas\\\/montesa\\\/#primaryimage\"},\"thumbnailUrl\":\"https:\\\/\\\/i0.wp.com\\\/www.valenciaclimb.com\\\/wp-content\\\/uploads\\\/2018\\\/06\\\/area-montesa-1.jpg?fit=2100%2C1400&ssl=1\",\"datePublished\":\"2018-06-26T16:28:34+00:00\",\"dateModified\":\"2020-05-10T09:35:21+00:00\",\"breadcrumb\":{\"@id\":\"https:\\\/\\\/www.valenciaclimb.com\\\/es\\\/climbing-areas\\\/montesa\\\/#breadcrumb\"},\"inLanguage\":\"es\",\"potentialAction\":[{\"@type\":\"ReadAction\",\"target\":[[\"https:\\\/\\\/www.valenciaclimb.com\\\/es\\\/climbing-areas\\\/montesa\\\/\"]]}]},{\"@type\":\"ImageObject\",\"inLanguage\":\"es\",\"@id\":\"https:\\\/\\\/www.valenciaclimb.com\\\/es\\\/climbing-areas\\\/montesa\\\/#primaryimage\",\"url\":\"https:\\\/\\\/i0.wp.com\\\/www.valenciaclimb.com\\\/wp-content\\\/uploads\\\/2018\\\/06\\\/area-montesa-1.jpg?fit=2100%2C1400&ssl=1\",\"contentUrl\":\"https:\\\/\\\/i0.wp.com\\\/www.valenciaclimb.com\\\/wp-content\\\/uploads\\\/2018\\\/06\\\/area-montesa-1.jpg?fit=2100%2C1400&ssl=1\",\"width\":2100,\"height\":1400,\"caption\":\"[:en]Wing climbing with us in Montesa (2017).[:es]Wing escalando con nosotros en Montesa (2017).[:]\"},{\"@type\":\"BreadcrumbList\",\"@id\":\"https:\\\/\\\/www.valenciaclimb.com\\\/es\\\/climbing-areas\\\/montesa\\\/#breadcrumb\",\"itemListElement\":[{\"@type\":\"ListItem\",\"position\":1,\"name\":\"Home\",\"item\":\"https:\\\/\\\/www.valenciaclimb.com\\\/es\\\/\"},{\"@type\":\"ListItem\",\"position\":2,\"name\":\"Climbing areas\",\"item\":\"https:\\\/\\\/www.valenciaclimb.com\\\/es\\\/climbing-areas\\\/\"},{\"@type\":\"ListItem\",\"position\":3,\"name\":\"Montesa\"}]},{\"@type\":\"WebSite\",\"@id\":\"https:\\\/\\\/www.valenciaclimb.com\\\/es\\\/#website\",\"url\":\"https:\\\/\\\/www.valenciaclimb.com\\\/es\\\/\",\"name\":\"Valencia Climb\",\"description\":\"[:en]Rock climbing guides in Valencia, Spain[:es]Gu\u00edas de escalada en roca en Valencia, Espa\u00f1a[:]\",\"publisher\":{\"@id\":\"https:\\\/\\\/www.valenciaclimb.com\\\/es\\\/#organization\"},\"potentialAction\":[{\"@type\":\"SearchAction\",\"target\":{\"@type\":\"EntryPoint\",\"urlTemplate\":\"https:\\\/\\\/www.valenciaclimb.com\\\/es\\\/?s={search_term_string}\"},\"query-input\":{\"@type\":\"PropertyValueSpecification\",\"valueRequired\":true,\"valueName\":\"search_term_string\"}}],\"inLanguage\":\"es\"},{\"@type\":\"Organization\",\"@id\":\"https:\\\/\\\/www.valenciaclimb.com\\\/es\\\/#organization\",\"name\":\"Valencia Climb\",\"url\":\"https:\\\/\\\/www.valenciaclimb.com\\\/es\\\/\",\"logo\":{\"@type\":\"ImageObject\",\"inLanguage\":\"es\",\"@id\":\"https:\\\/\\\/www.valenciaclimb.com\\\/es\\\/#\\\/schema\\\/logo\\\/image\\\/\",\"url\":\"https:\\\/\\\/i0.wp.com\\\/www.valenciaclimb.com\\\/wp-content\\\/uploads\\\/2024\\\/09\\\/Captura-de-pantalla-2024-09-13-a-las-21.34.24.png?fit=674%2C696&ssl=1\",\"contentUrl\":\"https:\\\/\\\/i0.wp.com\\\/www.valenciaclimb.com\\\/wp-content\\\/uploads\\\/2024\\\/09\\\/Captura-de-pantalla-2024-09-13-a-las-21.34.24.png?fit=674%2C696&ssl=1\",\"width\":674,\"height\":696,\"caption\":\"Valencia Climb\"},\"image\":{\"@id\":\"https:\\\/\\\/www.valenciaclimb.com\\\/es\\\/#\\\/schema\\\/logo\\\/image\\\/\"},\"sameAs\":[\"https:\\\/\\\/www.facebook.com\\\/ValenciaClimb\",\"https:\\\/\\\/x.com\\\/ValenciaClimb\",\"https:\\\/\\\/www.instagram.com\\\/valenciaclimb\\\/\",\"https:\\\/\\\/www.youtube.com\\\/channel\\\/UCHSV6B-lmlpmv4RhMJ7Zv1w\"]}]}<\/script>\n<!-- \/ Yoast SEO plugin. -->","yoast_head_json":{"title":"Rock climbing in Montesa (Spain) - Routes and topos | Valencia Climb","robots":{"index":"index","follow":"follow","max-snippet":"max-snippet:-1","max-image-preview":"max-image-preview:large","max-video-preview":"max-video-preview:-1"},"canonical":"https:\/\/www.valenciaclimb.com\/es\/climbing-areas\/montesa\/","og_locale":"es_ES","og_type":"article","og_title":"Rock climbing in Montesa (Spain) - Routes and topos | Valencia Climb","og_description":"Montesa es un pueblo situado a los pies de una peque\u00f1a colina, coronada por las ruinas de un castillo medieval que goza de unas privilegiadas vistas de todo el valle. Se trata de una peque\u00f1a zona con bastantes v\u00edas de escalada sobre curiosas formaciones de roca caliza anaranjada con una fricci\u00f3n y adherencia muy especial. [&hellip;]","og_url":"https:\/\/www.valenciaclimb.com\/es\/climbing-areas\/montesa\/","og_site_name":"Valencia Climb","article_publisher":"https:\/\/www.facebook.com\/ValenciaClimb","article_modified_time":"2020-05-10T09:35:21+00:00","og_image":[{"width":2100,"height":1400,"url":"https:\/\/i2.wp.com\/www.valenciaclimb.com\/wp-content\/uploads\/2018\/06\/area-montesa-1.jpg?fit=2100%2C1400&ssl=1","type":"image\/jpeg"}],"twitter_card":"summary_large_image","twitter_site":"@ValenciaClimb","twitter_misc":{"Tiempo de lectura":"2 minutos"},"schema":{"@context":"https:\/\/schema.org","@graph":[{"@type":"WebPage","@id":"https:\/\/www.valenciaclimb.com\/es\/climbing-areas\/montesa\/","url":"https:\/\/www.valenciaclimb.com\/es\/climbing-areas\/montesa\/","name":"Rock climbing in Montesa (Spain) - Routes and topos | Valencia Climb","isPartOf":{"@id":"https:\/\/www.valenciaclimb.com\/es\/#website"},"primaryImageOfPage":{"@id":"https:\/\/www.valenciaclimb.com\/es\/climbing-areas\/montesa\/#primaryimage"},"image":{"@id":"https:\/\/www.valenciaclimb.com\/climbing-areas\/montesa\/#primaryimage"},"thumbnailUrl":"https:\/\/i0.wp.com\/www.valenciaclimb.com\/wp-content\/uploads\/2018\/06\/area-montesa-1.jpg?fit=2100%2C1400&ssl=1","datePublished":"2018-06-26T16:28:34+00:00","dateModified":"2020-05-10T09:35:21+00:00","breadcrumb":{"@id":"https:\/\/www.valenciaclimb.com\/es\/climbing-areas\/montesa\/#breadcrumb"},"inLanguage":"es","potentialAction":[{"@type":"ReadAction","target":[["https:\/\/www.valenciaclimb.com\/es\/climbing-areas\/montesa\/"]]}]},{"@type":"ImageObject","inLanguage":"es","@id":"https:\/\/www.valenciaclimb.com\/es\/climbing-areas\/montesa\/#primaryimage","url":"https:\/\/i0.wp.com\/www.valenciaclimb.com\/wp-content\/uploads\/2018\/06\/area-montesa-1.jpg?fit=2100%2C1400&ssl=1","contentUrl":"https:\/\/i0.wp.com\/www.valenciaclimb.com\/wp-content\/uploads\/2018\/06\/area-montesa-1.jpg?fit=2100%2C1400&ssl=1","width":2100,"height":1400,"caption":"[:en]Wing climbing with us in Montesa (2017).[:es]Wing escalando con nosotros en Montesa (2017).[:]"},{"@type":"BreadcrumbList","@id":"https:\/\/www.valenciaclimb.com\/es\/climbing-areas\/montesa\/#breadcrumb","itemListElement":[{"@type":"ListItem","position":1,"name":"Home","item":"https:\/\/www.valenciaclimb.com\/es\/"},{"@type":"ListItem","position":2,"name":"Climbing areas","item":"https:\/\/www.valenciaclimb.com\/es\/climbing-areas\/"},{"@type":"ListItem","position":3,"name":"Montesa"}]},{"@type":"WebSite","@id":"https:\/\/www.valenciaclimb.com\/es\/#website","url":"https:\/\/www.valenciaclimb.com\/es\/","name":"Valencia Climb","description":"[:en]Rock climbing guides in Valencia, Spain[:es]Gu\u00edas de escalada en roca en Valencia, Espa\u00f1a[:]","publisher":{"@id":"https:\/\/www.valenciaclimb.com\/es\/#organization"},"potentialAction":[{"@type":"SearchAction","target":{"@type":"EntryPoint","urlTemplate":"https:\/\/www.valenciaclimb.com\/es\/?s={search_term_string}"},"query-input":{"@type":"PropertyValueSpecification","valueRequired":true,"valueName":"search_term_string"}}],"inLanguage":"es"},{"@type":"Organization","@id":"https:\/\/www.valenciaclimb.com\/es\/#organization","name":"Valencia Climb","url":"https:\/\/www.valenciaclimb.com\/es\/","logo":{"@type":"ImageObject","inLanguage":"es","@id":"https:\/\/www.valenciaclimb.com\/es\/#\/schema\/logo\/image\/","url":"https:\/\/i0.wp.com\/www.valenciaclimb.com\/wp-content\/uploads\/2024\/09\/Captura-de-pantalla-2024-09-13-a-las-21.34.24.png?fit=674%2C696&ssl=1","contentUrl":"https:\/\/i0.wp.com\/www.valenciaclimb.com\/wp-content\/uploads\/2024\/09\/Captura-de-pantalla-2024-09-13-a-las-21.34.24.png?fit=674%2C696&ssl=1","width":674,"height":696,"caption":"Valencia Climb"},"image":{"@id":"https:\/\/www.valenciaclimb.com\/es\/#\/schema\/logo\/image\/"},"sameAs":["https:\/\/www.facebook.com\/ValenciaClimb","https:\/\/x.com\/ValenciaClimb","https:\/\/www.instagram.com\/valenciaclimb\/","https:\/\/www.youtube.com\/channel\/UCHSV6B-lmlpmv4RhMJ7Zv1w"]}]}},"jetpack_sharing_enabled":true,"jetpack_shortlink":"https:\/\/wp.me\/P4fMb6-20","_links":{"self":[{"href":"https:\/\/www.valenciaclimb.com\/es\/wp-json\/wp\/v2\/pages\/124","targetHints":{"allow":["GET"]}}],"collection":[{"href":"https:\/\/www.valenciaclimb.com\/es\/wp-json\/wp\/v2\/pages"}],"about":[{"href":"https:\/\/www.valenciaclimb.com\/es\/wp-json\/wp\/v2\/types\/page"}],"author":[{"embeddable":true,"href":"https:\/\/www.valenciaclimb.com\/es\/wp-json\/wp\/v2\/users\/1"}],"replies":[{"embeddable":true,"href":"https:\/\/www.valenciaclimb.com\/es\/wp-json\/wp\/v2\/comments?post=124"}],"version-history":[{"count":7,"href":"https:\/\/www.valenciaclimb.com\/es\/wp-json\/wp\/v2\/pages\/124\/revisions"}],"predecessor-version":[{"id":8197,"href":"https:\/\/www.valenciaclimb.com\/es\/wp-json\/wp\/v2\/pages\/124\/revisions\/8197"}],"up":[{"embeddable":true,"href":"https:\/\/www.valenciaclimb.com\/es\/wp-json\/wp\/v2\/pages\/20"}],"wp:featuredmedia":[{"embeddable":true,"href":"https:\/\/www.valenciaclimb.com\/es\/wp-json\/wp\/v2\/media\/125"}],"wp:attachment":[{"href":"https:\/\/www.valenciaclimb.com\/es\/wp-json\/wp\/v2\/media?parent=124"}],"curies":[{"name":"wp","href":"https:\/\/api.w.org\/{rel}","templated":true}]}}